{"id":37430,"date":"2022-06-19T18:12:42","date_gmt":"2022-06-19T16:12:42","guid":{"rendered":"https:\/\/biodanza.be\/?post_type=events&#038;p=37430"},"modified":"2022-07-11T01:08:01","modified_gmt":"2022-07-10T23:08:01","slug":"estivales-de-la-biodanza-bruxelles-2022","status":"publish","type":"events","link":"https:\/\/biodanza.be\/nl\/activite\/estivales-de-la-biodanza-bruxelles-2022\/","title":{"rendered":"\u2794 <center><b>Bruxelles<\/b><br \/>Estivales de la Biodanza 2022<br \/>Aime Vis Danse<\/center>"},"content":{"rendered":"<div><\/div>\r\n<table class=\"tableausansbord\">\r\n<tbody>\r\n<tr>\r\n<td>\r\n<h1><span style=\"color: #8b0000;\"><strong>Biodanza estivale \u00e0 Bruxelles (Ixelles)<\/strong><\/span><\/h1>\r\n<\/td>\r\n<\/tr>\r\n<tr>\r\n<td>\r\n<h3><span style=\"color: #8b0000;\">Cours donn\u00e9 par V\u00e9ronica, Facilitatrice certifi\u00e9e de Biodanza SRT<\/span><\/h3>\r\n<\/td>\r\n<\/tr>\r\n<\/tbody>\r\n<\/table>\r\n<div>\r\n\r\n<span style=\"color: #ff6600;\">L\u2019\u00e9t\u00e9 est en g\u00e9n\u00e9ral une saison propice \u00e0 la d\u00e9couverte, \u00e0 l\u2019insouciance, et \u00e0 toutes sortes de r\u00e9jouissances. Comme chaque \u00e9t\u00e9, Aime Vis Danse vous propose des soir\u00e9es de Biodanza ouvertes \u00e0 toutes et tous!<\/span>\r\n\r\n<span style=\"color: #ff6600;\">Que vous soyez Biodanseur ou Biodanseuse du pal\u00e9olithique , explorateurs fra\u00eechement d\u00e9barqu\u00e9s sur le continent Biodanza ou touristes en vacances curieux de d\u00e9couvrir cette <em>terra incognita<\/em> le temps d\u2019une soir\u00e9e, nous vous invitons \u00e0 surfer avec nous sur quatre vagues de r\u00e9jouissances estivales.<\/span>\r\n\r\n<\/div>\r\n<div>\r\n<table class=\"eventdataTable\">\r\n<tbody>\r\n<tr>\r\n<td align=\"center\"><small><strong>P\u00e9riode<\/strong><\/small><\/td>\r\n<td>du 5 juillet 2022 au 23 ao\u00fbt 2022<\/td>\r\n<\/tr>\r\n<tr>\r\n<td align=\"center\"><small><strong>Horaire<\/strong><\/small><\/td>\r\n<td>de 19h00 \u00e0 21h30<\/td>\r\n<\/tr>\r\n<tr>\r\n<td align=\"center\"><small><strong>Rel\u00e2che<\/strong><\/small><\/td>\r\n<td>pas d&#8217;application<\/td>\r\n<\/tr>\r\n<tr>\r\n<td align=\"center\"><small><strong>Lieu<\/strong><\/small><\/td>\r\n<td><span style=\"color: #000000;\">rue Augustin Delporte, 89 \u00e0 1050 Bruxelles (Ixelles)\r\n<a href=\"https:\/\/www.google.ca\/maps\/place\/Rue+Augustin+Delporte+89,+1050+Ixelles,+Belgique\/@50.8234889,4.3795409,17z\/data=!3m1!4b1!4m5!3m4!1s0x47c3c4c04b675fd9:0x454dc2fa5248761b!8m2!3d50.8234855!4d4.3817296?hl=fr\" target=\"_blank\" rel=\"noopener\">Trouver le trajet<\/a>\r\n<\/span><\/td>\r\n<\/tr>\r\n<tr>\r\n<td align=\"center\"><small><strong>Co\u00fbt<\/strong><\/small><\/td>\r\n<td>19 \u20ac la soir\u00e9e ou 60 \u20ac pour les 4 soir\u00e9es <span style=\"color: #ff00ff;\">+ 1 s\u00e9ance de rentr\u00e9e offerte, le mardi 13\u00a0 septembre<\/span><\/td>\r\n<\/tr>\r\n<tr>\r\n<td align=\"center\"><small><strong>Inscriptions<\/strong><\/small><\/td>\r\n<td>pas n\u00e9cessaire<\/td>\r\n<\/tr>\r\n<tr>\r\n<td align=\"center\"><small><strong>Informations<\/strong><\/small><\/td>\r\n<td>T\u00e9l : <a href=\"tel:0475 29 33 01\" target=\"_blank\" rel=\"noopener\">+32 475 29 33 01<\/a> \/ Email: <a href=\"&#x6d;a&#x69;&#108;&#x74;&#111;:&#x61;&#105;&#x6d;&#101;v&#x69;&#115;&#x64;&#97;n&#x73;e&#x40;&#103;&#x6d;&#x61;i&#x6c;&#46;&#x63;&#111;m\" target=\"_blank\" rel=\"noopener\">&#x61;&#x69;&#x6d;&#x65;&#x76;&#x69;&#x73;&#x64;&#x61;&#x6e;&#x73;&#x65;&#x40;&#x67;&#x6d;&#x61;&#x69;&#x6c;&#x2e;&#x63;&#x6f;&#x6d;<\/a>\r\nSite web: <a href=\"https:\/\/www.aime-vis-danse.be\/estivales-de-la-biodanza-bruxelles-2022\/\" target=\"_blank\" rel=\"noopener\">https:\/\/www.aime-vis-danse.be\/estivales-de-la-biodanza-bruxelles-2022\/<\/a><\/td>\r\n<\/tr>\r\n<tr>\r\n<td align=\"center\"><small><strong>Autres<\/strong><\/small><\/td>\r\n<td>Voir les th\u00e8mes et dates : <span style=\"color: #ff6600;\"><strong><a style=\"color: #ff6600;\" href=\"https:\/\/www.aime-vis-danse.be\/estivales-de-la-biodanza-bruxelles-2022\/\" target=\"_blank\" rel=\"noopener\">sur notre site<\/a><\/strong><\/span><\/td>\r\n<\/tr>\r\n<\/tbody>\r\n<\/table>\r\n<\/div>\r\n<div><style>.entry-content a{color:#1e90ff;text-decoration:none!important;}<\/style><\/div>\r\n<h3><strong><a href=\"https:\/\/biodanza.be\/profs-list\/\" target=\"_blank\" rel=\"noopener noreferrer\">Liste des professeurs<\/a><\/strong><\/h3>\r\n<h2 id=\"p\u00e9tillance\"><span style=\"color: #0000ff;\"><strong>L\u2019\u00e9t\u00e9 en P\u00e9tillance : <\/strong>Mardi 5 juillet \u00e0 19h<\/span><\/h2>\r\n<img loading=\"lazy\" decoding=\"async\" class=\"alignleft size-medium wp-image-37453\" src=\"https:\/\/biodanza.be\/wp-content\/uploads\/2022\/06\/Lete-en-petillance-300x200.jpg\" alt=\"Vivencia Biodanza P\u00e9tillance \" width=\"300\" height=\"200\" srcset=\"https:\/\/biodanza.be\/wp-content\/uploads\/2022\/06\/Lete-en-petillance-300x200.jpg 300w, https:\/\/biodanza.be\/wp-content\/uploads\/2022\/06\/Lete-en-petillance-1024x683.jpg 1024w, https:\/\/biodanza.be\/wp-content\/uploads\/2022\/06\/Lete-en-petillance-768x512.jpg 768w, https:\/\/biodanza.be\/wp-content\/uploads\/2022\/06\/Lete-en-petillance-1536x1024.jpg 1536w, https:\/\/biodanza.be\/wp-content\/uploads\/2022\/06\/Lete-en-petillance.jpg 1920w\" sizes=\"auto, (max-width: 300px) 100vw, 300px\" \/>\r\n<h2 id=\"r\u00e9sonance\"><span style=\"color: #3366ff;\"><strong>L\u2019\u00e9t\u00e9 en R\u00e9sonance :\u00a0<\/strong>Jeudi 14 juillet \u00e0 19h<\/span><\/h2>\r\n<img loading=\"lazy\" decoding=\"async\" class=\"alignleft size-medium wp-image-37454\" src=\"https:\/\/biodanza.be\/wp-content\/uploads\/2022\/06\/Lete-en-Resonance-300x200.jpg\" alt=\"Vivencia Biodanza R\u00e9sonance\" width=\"300\" height=\"200\" srcset=\"https:\/\/biodanza.be\/wp-content\/uploads\/2022\/06\/Lete-en-Resonance-300x200.jpg 300w, https:\/\/biodanza.be\/wp-content\/uploads\/2022\/06\/Lete-en-Resonance-1024x683.jpg 1024w, https:\/\/biodanza.be\/wp-content\/uploads\/2022\/06\/Lete-en-Resonance-768x512.jpg 768w, https:\/\/biodanza.be\/wp-content\/uploads\/2022\/06\/Lete-en-Resonance-1536x1024.jpg 1536w, https:\/\/biodanza.be\/wp-content\/uploads\/2022\/06\/Lete-en-Resonance.jpg 1920w\" sizes=\"auto, (max-width: 300px) 100vw, 300px\" \/>\r\n<h2 id=\"succulence\"><span style=\"color: #33cccc;\"><strong>L\u2019\u00e9t\u00e9 en Succulence :\u00a0<\/strong>Lundi 8 ao\u00fbt \u00e0 19h<\/span><\/h2>\r\n<img loading=\"lazy\" decoding=\"async\" class=\"alignleft size-medium wp-image-37455\" src=\"https:\/\/biodanza.be\/wp-content\/uploads\/2022\/06\/Lete-en-Succulence-_-gaufres-300x169.jpg\" alt=\"Vivencia Biodanza Succulence\" width=\"300\" height=\"169\" srcset=\"https:\/\/biodanza.be\/wp-content\/uploads\/2022\/06\/Lete-en-Succulence-_-gaufres-300x169.jpg 300w, https:\/\/biodanza.be\/wp-content\/uploads\/2022\/06\/Lete-en-Succulence-_-gaufres-1024x578.jpg 1024w, https:\/\/biodanza.be\/wp-content\/uploads\/2022\/06\/Lete-en-Succulence-_-gaufres-768x434.jpg 768w, https:\/\/biodanza.be\/wp-content\/uploads\/2022\/06\/Lete-en-Succulence-_-gaufres-1536x867.jpg 1536w, https:\/\/biodanza.be\/wp-content\/uploads\/2022\/06\/Lete-en-Succulence-_-gaufres.jpg 1920w\" sizes=\"auto, (max-width: 300px) 100vw, 300px\" \/>\r\n<h2 id=\"luxuriance\"><span style=\"color: #ffcc00;\"><strong>L\u2019\u00e9t\u00e9 en Luxuriance :<\/strong>\u00a0Mardi 23 ao\u00fbt \u00e0 19h<\/span><\/h2>\r\n<img loading=\"lazy\" decoding=\"async\" class=\"alignleft size-medium wp-image-37452\" src=\"https:\/\/biodanza.be\/wp-content\/uploads\/2022\/06\/Lete-en-Luxuriance-300x200.jpg\" alt=\"Vivencia Biodanza Luxuriance\" width=\"300\" height=\"200\" srcset=\"https:\/\/biodanza.be\/wp-content\/uploads\/2022\/06\/Lete-en-Luxuriance-300x200.jpg 300w, https:\/\/biodanza.be\/wp-content\/uploads\/2022\/06\/Lete-en-Luxuriance-1024x683.jpg 1024w, https:\/\/biodanza.be\/wp-content\/uploads\/2022\/06\/Lete-en-Luxuriance-768x512.jpg 768w, https:\/\/biodanza.be\/wp-content\/uploads\/2022\/06\/Lete-en-Luxuriance-1536x1024.jpg 1536w, https:\/\/biodanza.be\/wp-content\/uploads\/2022\/06\/Lete-en-Luxuriance.jpg 1920w\" sizes=\"auto, (max-width: 300px) 100vw, 300px\" \/>\r\n<h3 style=\"text-align: center;\"><span style=\"color: #00ccff;\"><strong>Rejoins-nous pour ces Estivales de la Biodanza Bruxelles\u00a0<\/strong><\/span>\r\n<span style=\"color: #ffcc00;\"><strong>Ensemble, faisons danser l\u2019\u00e9t\u00e9 de nos r\u00e9jouissances !<\/strong><\/span><\/h3>\r\n<span style=\"color: #ff00ff;\"><strong>SEANCES ACCESSIBLES \u00c0 TOU\u00b7TE\u00b7S SANS INSCRIPTION PR\u00c9ALABLE<\/strong><\/span>\r\n<span style=\"color: #ff00ff;\"><strong>Dates :\u00a0Mardi 5 juillet \u2013 Jeudi 14 juillet \u2013 Lundi 8 ao\u00fbt \u2013 Mardi 23 ao\u00fbt<\/strong><\/span>\r\n\r\nAutres renseignements :\u00a0<span style=\"color: #0000ff;\"><a style=\"color: #0000ff;\" href=\"&#x6d;&#97;&#105;l&#x74;&#x6f;&#58;a&#x69;&#x6d;&#101;vi&#x73;&#100;&#97;n&#x73;&#x65;&#64;g&#x6d;&#x61;&#105;&#108;&#46;&#x63;&#x6f;&#109;\">&#97;&#x69;&#x6d;e&#118;&#x69;&#x73;d&#97;&#x6e;s&#101;&#x40;&#x67;m&#97;&#x69;l&#46;&#x63;&#x6f;m<\/a><\/span>\u00a0ou\u00a0<a href=\"tel:0475 29 33 01\">0475 29 33 01<\/a>\r\n<h2><span style=\"color: #ff6600;\"><strong>Am\u00e8ne\u00a0tes\u00a0amis,\u00a0ta\u00a0famille,\u00a0tes\u00a0connaissances\u2026\u00a0sans\u00a0mod\u00e9ration\u00a0!<\/strong><\/span><\/h2>","protected":false},"excerpt":{"rendered":"Biodanza Zomersessies in juli en augustus 2022 in Elsene &#8211; Open voor iedereen &#8211; Thema: Bruisende Zomer. Welkom iedereen !","protected":false},"author":5,"featured_media":37433,"menu_order":0,"comment_status":"closed","ping_status":"closed","template":"","calendar":[133,135,134],"organizer":[332],"province":[142],"ville":[163,338],"venue":[164],"class_list":["post-37430","events","type-events","status-publish","has-post-thumbnail","hentry","calendar-ponctuel","calendar-speciaux","calendar-stages-ateliers","organizer-aime-vis-danse","province-bruxelles","ville-bruxelles","ville-ixelles","venue-salle-kallyo","entry","has-media"],"translation":{"provider":"WPGlobus","version":"3.0.2","language":"nl","enabled_languages":["fr","nl"],"languages":{"fr":{"title":true,"content":true,"excerpt":true},"nl":{"title":false,"content":false,"excerpt":true}}},"imc_loc":"","imc_img_tag":null,"_links":{"self":[{"href":"https:\/\/biodanza.be\/nl\/wp-json\/wp\/v2\/events\/37430","targetHints":{"allow":["GET"]}}],"collection":[{"href":"https:\/\/biodanza.be\/nl\/wp-json\/wp\/v2\/events"}],"about":[{"href":"https:\/\/biodanza.be\/nl\/wp-json\/wp\/v2\/types\/events"}],"author":[{"embeddable":true,"href":"https:\/\/biodanza.be\/nl\/wp-json\/wp\/v2\/users\/5"}],"replies":[{"embeddable":true,"href":"https:\/\/biodanza.be\/nl\/wp-json\/wp\/v2\/comments?post=37430"}],"version-history":[{"count":13,"href":"https:\/\/biodanza.be\/nl\/wp-json\/wp\/v2\/events\/37430\/revisions"}],"predecessor-version":[{"id":37458,"href":"https:\/\/biodanza.be\/nl\/wp-json\/wp\/v2\/events\/37430\/revisions\/37458"}],"wp:featuredmedia":[{"embeddable":true,"href":"https:\/\/biodanza.be\/nl\/wp-json\/wp\/v2\/media\/37433"}],"wp:attachment":[{"href":"https:\/\/biodanza.be\/nl\/wp-json\/wp\/v2\/media?parent=37430"}],"wp:term":[{"taxonomy":"calendar","embeddable":true,"href":"https:\/\/biodanza.be\/nl\/wp-json\/wp\/v2\/calendar?post=37430"},{"taxonomy":"organizer","embeddable":true,"href":"https:\/\/biodanza.be\/nl\/wp-json\/wp\/v2\/organizer?post=37430"},{"taxonomy":"province","embeddable":true,"href":"https:\/\/biodanza.be\/nl\/wp-json\/wp\/v2\/province?post=37430"},{"taxonomy":"ville","embeddable":true,"href":"https:\/\/biodanza.be\/nl\/wp-json\/wp\/v2\/ville?post=37430"},{"taxonomy":"venue","embeddable":true,"href":"https:\/\/biodanza.be\/nl\/wp-json\/wp\/v2\/venue?post=37430"}],"curies":[{"name":"wp","href":"https:\/\/api.w.org\/{rel}","templated":true}]}}