{"id":38528,"date":"2022-07-12T00:41:51","date_gmt":"2022-07-11T22:41:51","guid":{"rendered":"https:\/\/biodanza.be\/?post_type=events&#038;p=38528"},"modified":"2022-07-12T00:52:20","modified_gmt":"2022-07-11T22:52:20","slug":"biodanza-et-estime-de-soi","status":"publish","type":"events","link":"https:\/\/biodanza.be\/nl\/activite\/biodanza-et-estime-de-soi\/","title":{"rendered":"Biodanza et estime de soi &#8211; Pascal Cambier"},"content":{"rendered":"<div>\r\n<table class=\"tableausansbord\">\r\n<tbody>\r\n<tr>\r\n<td>\r\n<h1><span style=\"color: #8b0000;\"><strong>Biodanza et Estime de soi \u00e0 Naninne<\/strong><\/span><\/h1>\r\n<\/td>\r\n<\/tr>\r\n<tr>\r\n<td>\r\n<h3><span style=\"color: #8b0000;\">Stage donn\u00e9 par<strong> Pascal Cambier<\/strong><\/span><\/h3>\r\n<\/td>\r\n<\/tr>\r\n<\/tbody>\r\n<\/table>\r\n<div>\r\n<div class=\"cxmmr5t8 oygrvhab hcukyx3x c1et5uql o9v6fnle\">Quelle id\u00e9e vous faites-vous de vous-m\u00eame ? Comment vous comportez-vous quand vous passez \u00e0 l\u2019action ? Comment r\u00e9agissez-vous aux \u00e9checs \u2026 et aux succ\u00e8s ?<\/div>\r\n<div class=\"cxmmr5t8 oygrvhab hcukyx3x c1et5uql o9v6fnle\">Connaissez-vous les diff\u00e9rences entre l\u2019estime de soi, l\u2019amour de soi, l\u2019image de soi et la confiance en soi ? Voulez-vous approfondir ? Voulez-vous savoir comment concr\u00e8tement am\u00e9liorer votre estime de vous ?<\/div>\r\n<div class=\"cxmmr5t8 oygrvhab hcukyx3x c1et5uql o9v6fnle\">Nous d\u00e9velopperons notre estime de soi sur base d&#8217;apports th\u00e9oriques mais essentiellement et surtout de propositions pratiques \u00e0 r\u00e9aliser seul, \u00e0 deux ou en groupe avec notamment :\r\n* Des exercices pratiques de connaissance de soi.\r\n* Des propositions en mouvement, dynamiques, corporelles et cr\u00e9atives.<\/div>\r\n<div class=\"cxmmr5t8 oygrvhab hcukyx3x c1et5uql o9v6fnle\"><strong>Cette premi\u00e8re journ\u00e9e sera consacr\u00e9e \u00e0 l&#8217;amour de soi.<\/strong> La vraie s\u00e9curit\u00e9 est affective : seul l&#8217;accueil de soi rend possible l&#8217;accueil d&#8217;autrui.\r\nUne bonne estime de soi rend possible une estime de l&#8217;autre et une relation d&#8217;amour saine: donner, recevoir, demander, refuser \u2013 s&#8217;affirmer sans agressivit\u00e9 \u2013 poser et respecter ses limites &#8211; exprimer ses \u00e9motions &#8211; s&#8217;engager \u2013 accepter la diff\u00e9rence sans se sentir menac\u00e9 &#8211; explorer l&#8217;interd\u00e9pendance \u2013 \u00e9voluer ensemble\u2026 Tant de comportements \u00e0 r\u00e9apprendre pour offrir \u00e0 l&#8217;Amour un espace de s\u00e9curit\u00e9 et de coh\u00e9rence o\u00f9 il est rendu possible et peut ainsi enrichir chacun en profondeur.<\/div>\r\n<div class=\"cxmmr5t8 oygrvhab hcukyx3x c1et5uql o9v6fnle\"><strong>NB : Deux autres journ\u00e9es seront consacr\u00e9es \u00e0 l&#8217;image de soi et la confiance en soi.\u00a0<\/strong><\/div>\r\nPlus d\u2019infos\u00a0<a href=\"https:\/\/biodanzaavecpascal.mailchimpsites.com\/\">https:\/\/www.pascalcambier.com\/<\/a>ou 0484 72 75 35\r\n\r\n<\/div>\r\n<div>\r\n<table class=\"eventdataTable\">\r\n<tbody>\r\n<tr>\r\n<td align=\"center\"><small><strong>P\u00e9riode<\/strong><\/small><\/td>\r\n<td>21 ao\u00fbt<\/td>\r\n<\/tr>\r\n<tr>\r\n<td align=\"center\"><small><strong>Horaire<\/strong><\/small><\/td>\r\n<td>dimanche de 10h \u00e0 17h30<\/td>\r\n<\/tr>\r\n<tr>\r\n<td align=\"center\"><small><strong>Rel\u00e2che<\/strong><\/small><\/td>\r\n<td>Non<\/td>\r\n<\/tr>\r\n<tr>\r\n<td align=\"center\"><small><strong>Lieu<\/strong><\/small><\/td>\r\n<td>La Rose des Vents, Rue de la Gare de Naninne 13, 5100 Namur (Naninne)\r\n\r\n<a href=\"https:\/\/www.google.com\/maps\/place\/Rue+de+la+Gare+de+Naninne+13,+5100+Namur,+Belgique\/@50.4183736,4.9185131,17z\/data=!3m1!4b1!4m5!3m4!1s0x47c1981a5b98edef:0x20841eaa2eefb7b1!8m2!3d50.4183736!4d4.9207018\">Trouver le trajet<\/a><\/td>\r\n<\/tr>\r\n<tr>\r\n<td align=\"center\"><small><strong>Co\u00fbt<\/strong><\/small><\/td>\r\n<td>\u00a050\u20ac.<\/td>\r\n<\/tr>\r\n<tr>\r\n<td align=\"center\"><small><strong>Inscriptions<\/strong><\/small><\/td>\r\n<td><a href=\"https:\/\/www.weezevent.com\/biodanse-biodanza-a-namur\">https:\/\/www.weezevent.com\/biodanse-biodanza-a-namur<\/a><\/td>\r\n<\/tr>\r\n<tr>\r\n<td align=\"center\"><small><strong>Informations<\/strong><\/small><\/td>\r\n<td>T\u00e9l : 0484 72 75 35 \/ Email: <a href=\"&#x6d;&#x61;&#105;l&#x74;&#x6f;&#58;pc&#x61;&#x6d;&#98;i&#x65;&#x72;&#64;&#103;m&#x61;&#x69;&#108;&#46;&#x63;&#x6f;&#109;\">pcambier&#64;&#103;&#109;&#97;&#105;&#108;&#46;&#99;&#111;&#109;<\/a>\r\nSite web: <a href=\"http:\/\/www.pascalcambier.com\">www.pascalcambier.com<\/a><\/td>\r\n<\/tr>\r\n<tr>\r\n<td align=\"center\"><small><strong>Autres<\/strong><\/small><\/td>\r\n<td><\/td>\r\n<\/tr>\r\n<\/tbody>\r\n<\/table>\r\n<\/div>\r\n<div><\/div>\r\n<\/div>\r\n<div><\/div>\r\n<div class=\"cxmmr5t8 oygrvhab hcukyx3x c1et5uql o9v6fnle\"><\/div>","protected":false},"excerpt":{"rendered":"Biodanza et Estime de soi \u00e0 Naninne Stage donn\u00e9 par Pascal Cambier Quelle id\u00e9e vous faites-vous de vous-m\u00eame ? Comment vous comportez-vous quand vous passez \u00e0 l\u2019action ? Comment r\u00e9agissez-vous aux \u00e9checs \u2026 et aux succ\u00e8s ? Connaissez-vous les diff\u00e9rences entre l\u2019estime de soi, l\u2019amour de soi, l\u2019image de soi et la confiance en soi [&hellip;]","protected":false},"author":8,"featured_media":0,"menu_order":0,"comment_status":"closed","ping_status":"closed","template":"","calendar":[134],"organizer":[149],"province":[145],"ville":[154],"venue":[354],"class_list":["post-38528","events","type-events","status-publish","hentry","calendar-stages-ateliers","organizer-pascal-cambier","province-namur","ville-namur","venue-la-rose-des-vents-namur-naninne","entry"],"translation":{"provider":"WPGlobus","version":"3.0.2","language":"nl","enabled_languages":["fr","nl"],"languages":{"fr":{"title":true,"content":true,"excerpt":false},"nl":{"title":false,"content":false,"excerpt":false}}},"imc_loc":"","imc_img_tag":null,"_links":{"self":[{"href":"https:\/\/biodanza.be\/nl\/wp-json\/wp\/v2\/events\/38528","targetHints":{"allow":["GET"]}}],"collection":[{"href":"https:\/\/biodanza.be\/nl\/wp-json\/wp\/v2\/events"}],"about":[{"href":"https:\/\/biodanza.be\/nl\/wp-json\/wp\/v2\/types\/events"}],"author":[{"embeddable":true,"href":"https:\/\/biodanza.be\/nl\/wp-json\/wp\/v2\/users\/8"}],"replies":[{"embeddable":true,"href":"https:\/\/biodanza.be\/nl\/wp-json\/wp\/v2\/comments?post=38528"}],"version-history":[{"count":4,"href":"https:\/\/biodanza.be\/nl\/wp-json\/wp\/v2\/events\/38528\/revisions"}],"predecessor-version":[{"id":38533,"href":"https:\/\/biodanza.be\/nl\/wp-json\/wp\/v2\/events\/38528\/revisions\/38533"}],"wp:attachment":[{"href":"https:\/\/biodanza.be\/nl\/wp-json\/wp\/v2\/media?parent=38528"}],"wp:term":[{"taxonomy":"calendar","embeddable":true,"href":"https:\/\/biodanza.be\/nl\/wp-json\/wp\/v2\/calendar?post=38528"},{"taxonomy":"organizer","embeddable":true,"href":"https:\/\/biodanza.be\/nl\/wp-json\/wp\/v2\/organizer?post=38528"},{"taxonomy":"province","embeddable":true,"href":"https:\/\/biodanza.be\/nl\/wp-json\/wp\/v2\/province?post=38528"},{"taxonomy":"ville","embeddable":true,"href":"https:\/\/biodanza.be\/nl\/wp-json\/wp\/v2\/ville?post=38528"},{"taxonomy":"venue","embeddable":true,"href":"https:\/\/biodanza.be\/nl\/wp-json\/wp\/v2\/venue?post=38528"}],"curies":[{"name":"wp","href":"https:\/\/api.w.org\/{rel}","templated":true}]}}