{"id":42048,"date":"2022-12-04T10:04:12","date_gmt":"2022-12-04T09:04:12","guid":{"rendered":"https:\/\/biodanza.be\/activite\/danser-leau-et-la-fluidite-contact-improvisation-aquatique-et-biodanza-2\/"},"modified":"2022-12-04T10:22:18","modified_gmt":"2022-12-04T09:22:18","slug":"cadeaupresences","status":"publish","type":"events","link":"https:\/\/biodanza.be\/nl\/activite\/cadeaupresences\/","title":{"rendered":"Le cadeau de nos pr\u00e9sences &#8211; Raviver notre lumi\u00e8re &#8211; Journ\u00e9e de Biodanza"},"content":{"rendered":"<div class=\"x11i5rnm xat24cr x1mh8g0r x1vvkbs xdj266r\">Le cadeau de nos pr\u00e9sences &#8211; 18 d\u00e9cembre \u00e0 Namur (Naninne)<img loading=\"lazy\" decoding=\"async\" class=\"size-medium wp-image-42050 alignleft\" src=\"https:\/\/biodanza.be\/wp-content\/uploads\/2022\/12\/publication-facebook-journee-18-decembre-300x251.png\" alt=\"\" width=\"300\" height=\"251\" srcset=\"https:\/\/biodanza.be\/wp-content\/uploads\/2022\/12\/publication-facebook-journee-18-decembre-300x251.png 300w, https:\/\/biodanza.be\/wp-content\/uploads\/2022\/12\/publication-facebook-journee-18-decembre-768x644.png 768w, https:\/\/biodanza.be\/wp-content\/uploads\/2022\/12\/publication-facebook-journee-18-decembre.png 940w\" sizes=\"auto, (max-width: 300px) 100vw, 300px\" \/><\/div>\r\n<div><\/div>\r\n<div class=\"x11i5rnm xat24cr x1mh8g0r x1vvkbs xtlvy1s\">Joie, tendresse et convivialit\u00e9 hivernales \u2013 journ\u00e9e de Biodanza<\/div>\r\n<div class=\"x11i5rnm xat24cr x1mh8g0r x1vvkbs xtlvy1s\">Bient\u00f4t No\u00ebl, le moment id\u00e9al pour se r\u00e9chauffer par la convivialit\u00e9. En approche du solstice et de la nuit la plus longue, la nature se d\u00e9pouille peu \u00e0 peu, la lumi\u00e8re se fait discr\u00e8te, le froid s&#8217;invite. Quand tout ralentit et s&#8217;\u00e9tiole, il nous reste toujours le choix de tourner notre regard vers les \u00eatres qui nous entourent, et nous laisser toucher et nourrir par leur simple pr\u00e9sence.\r\nPar le mouvement, la musique, et les rencontres humaines authentiques, nous vous inviterons \u00e0 cultiver les joies simples. Nous pourrons entra\u00eener notre regard \u00e0 d\u00e9celer la beaut\u00e9, \u00e0 ressentir l&#8217;amour qui peut circuler entre les humains, et trouver r\u00e9confort et repos dans la bienveillance d&#8217;une tribu humaine \u00e9ph\u00e9m\u00e8re. Nos coeurs pourront s&#8217;ouvrir \u00e0 un peu plus de gratitude pour cette vie telle qu&#8217;elle est.\r\nNous \u00e9prouverons ensemble les richesses de cette p\u00e9riode o\u00f9 le d\u00e9clin de la lumi\u00e8re \u00e0 l&#8217;ext\u00e9rieur nous rend plus sensibles \u00e0 la lumi\u00e8re int\u00e9rieure et \u00e0 la chance que nous avons de pouvoir partager des moments pr\u00e9cieux.\r\nEnsemble, savourons d\u00e9cembre !<\/div>\r\n<div class=\"x11i5rnm xat24cr x1mh8g0r x1vvkbs xtlvy1s\">\ud835\udc0f\ud835\udc28\ud835\udc2e\ud835\udc2b \ud835\udc2a\ud835\udc2e\ud835\udc22 ?\r\n\ud835\udda0\ud835\uddbd\ud835\uddce\ud835\uddc5\ud835\uddcd\ud835\uddbe\ud835\uddcc : \ud835\uddc1\ud835\uddc8\ud835\uddc6\ud835\uddc6\ud835\uddbe\ud835\uddcc \ud835\uddbe\ud835\uddcd \ud835\uddbf\ud835\uddbe\ud835\uddc6\ud835\uddc6\ud835\uddbe\ud835\uddcc, \ud835\uddc3\ud835\uddbe\ud835\uddce\ud835\uddc7\ud835\uddbe\ud835\uddcc \ud835\uddbe\ud835\uddcd \ud835\uddcc\ud835\uddbe\ud835\uddc7\ud835\uddc2\ud835\uddc8\ud835\uddcb\ud835\uddcc \ud835\uddb3\ud835\uddc8\ud835\uddce\ud835\uddcd\ud835\uddbe\ud835\uddcc \ud835\uddbc\ud835\uddc8\ud835\uddc7\ud835\uddbd\ud835\uddc2\ud835\uddcd\ud835\uddc2\ud835\uddc8\ud835\uddc7\ud835\uddcc \ud835\uddc9\ud835\uddc1\ud835\uddd2\ud835\uddcc\ud835\uddc2\ud835\uddca\ud835\uddce\ud835\uddbe\ud835\uddcc \ud835\uddbb\ud835\uddc2\ud835\uddbe\ud835\uddc7\ud835\uddcf\ud835\uddbe\ud835\uddc7\ud835\uddce\ud835\uddbe\ud835\uddcc, \ud835\uddba\ud835\uddcf\ud835\uddbe\ud835\uddbc \ud835\uddc8\ud835\uddce \ud835\uddcc\ud835\uddba\ud835\uddc7\ud835\uddcc \ud835\uddbe\ud835\uddd1\ud835\uddc9\u00e9\ud835\uddcb\ud835\uddc2\ud835\uddbe\ud835\uddc7\ud835\uddbc\ud835\uddbe \ud835\uddbd\ud835\uddbe \ud835\uddc5\ud835\uddba \ud835\udda1\ud835\uddc2\ud835\uddc8\ud835\uddbd\ud835\uddba\ud835\uddc7\ud835\uddd3\ud835\uddba \ud835\uddb2\ud835\uddbe\ud835\uddce\ud835\uddc5 \ud835\uddc9\ud835\uddcb\u00e9-\ud835\uddcb\ud835\uddbe\ud835\uddca\ud835\uddce\ud835\uddc2\ud835\uddcc : \ud835\uddc5\u2019\ud835\uddbe\ud835\uddc7\ud835\uddcf\ud835\uddc2\ud835\uddbe \ud835\uddbd\u2019\ud835\uddce\ud835\uddc7\ud835\uddbe \ud835\uddcb\ud835\uddbe\ud835\uddc7\ud835\uddbc\ud835\uddc8\ud835\uddc7\ud835\uddcd\ud835\uddcb\ud835\uddbe \ud835\uddba\ud835\uddce\ud835\uddcd\ud835\uddc1\ud835\uddbe\ud835\uddc7\ud835\uddcd\ud835\uddc2\ud835\uddca\ud835\uddce\ud835\uddbe, \ud835\uddcb\ud835\uddbe\ud835\uddcc\ud835\uddc9\ud835\uddbe\ud835\uddbc\ud835\uddcd\ud835\uddce\ud835\uddbe\ud835\uddce\ud835\uddcc\ud835\uddbe \ud835\uddbe\ud835\uddcd \ud835\uddba\ud835\uddc2\ud835\uddc6\ud835\uddba\ud835\uddc7\ud835\uddcd\ud835\uddbe \ud835\uddba\ud835\uddcf\ud835\uddbe\ud835\uddbc \ud835\uddcc\ud835\uddc8\ud835\uddc2-\ud835\uddc6\u00ea\ud835\uddc6\ud835\uddbe, \ud835\uddc5\ud835\uddbe\ud835\uddcc \ud835\uddba\ud835\uddce\ud835\uddcd\ud835\uddcb\ud835\uddbe\ud835\uddcc \ud835\uddbe\ud835\uddcd \ud835\uddc5\ud835\uddba \ud835\uddcf\ud835\uddc2\ud835\uddbe.<\/div>\r\n<div class=\"x11i5rnm xat24cr x1mh8g0r x1vvkbs xtlvy1s\">\ud835\udc10\ud835\udc2e\ud835\udc22 \ud835\udc2c\ud835\udc28\ud835\udc26\ud835\udc26\ud835\udc1e\ud835\udc2c-\ud835\udc27\ud835\udc28\ud835\udc2e\ud835\udc2c ?<\/div>\r\n<div class=\"x11i5rnm xat24cr x1mh8g0r x1vvkbs xtlvy1s\">Animation : Nina Dupr\u00e9, facilitatrice certifi\u00e9e depuis 2015 et formatrice depuis 2019 &amp; Pascal Cambier, facilitateur de Biodanza depuis 2007<\/div>\r\n<div class=\"x11i5rnm xat24cr x1mh8g0r x1vvkbs xtlvy1s\">\ud835\uddad\ud835\uddc8\ud835\uddce\ud835\uddcc \ud835\uddbc\ud835\uddc8\ud835\uddc7\ud835\uddc3\ud835\uddce\ud835\uddc0\ud835\uddce\ud835\uddc8\ud835\uddc7\ud835\uddcc \ud835\uddc7\ud835\uddc8\ud835\uddcc \ud835\uddba\ud835\uddc9\ud835\uddc9\ud835\uddcb\ud835\uddc8\ud835\uddbc\ud835\uddc1\ud835\uddbe\ud835\uddcc \ud835\uddc9\ud835\uddc8\ud835\uddce\ud835\uddcb \ud835\uddbf\ud835\uddba\ud835\uddcf\ud835\uddc8\ud835\uddcb\ud835\uddc2\ud835\uddcc\ud835\uddbe\ud835\uddcb \ud835\uddc5&#8217;\u00e9\ud835\uddc6\ud835\uddbe\ud835\uddcb\ud835\uddc0\ud835\uddbe\ud835\uddc7\ud835\uddbc\ud835\uddbe \ud835\uddbd\ud835\uddce \ud835\uddc9\ud835\uddc5\ud835\uddba\ud835\uddc2\ud835\uddcc\ud835\uddc2\ud835\uddcb \ud835\uddbd&#8217;\u00ea\ud835\uddcd\ud835\uddcb\ud835\uddbe \ud835\uddbe\ud835\uddc7\ud835\uddcc\ud835\uddbe\ud835\uddc6\ud835\uddbb\ud835\uddc5\ud835\uddbe.<\/div>\r\n<div class=\"x11i5rnm xat24cr x1mh8g0r x1vvkbs xtlvy1s\">\ud835\udc07\ud835\udc28\ud835\udc2b\ud835\udc1a\ud835\udc22\ud835\udc2b\ud835\udc1e\r\nDimanche 18 d\u00e9cembre 2022\r\nde 10h30 \u00e0 17h30\r\nAccueil \u00e0 partir de 10h\r\n\ud835\udda3\u00e9\ud835\uddc3\ud835\uddbe\ud835\uddce\ud835\uddc7\ud835\uddbe\ud835\uddcb \ud835\uddcc\ud835\uddce\ud835\uddcb \ud835\uddc9\ud835\uddc5\ud835\uddba\ud835\uddbc\ud835\uddbe \ud835\uddc9\ud835\uddcb\ud835\uddc2\ud835\uddcc \ud835\uddbe\ud835\uddc7 \ud835\uddbc\ud835\uddc8\ud835\uddc6\ud835\uddc6\ud835\uddce\ud835\uddc7, \ud835\uddbe\ud835\uddc7 \ud835\uddc9\ud835\uddba\ud835\uddcb\ud835\uddcd\ud835\uddba\ud835\uddc0\ud835\uddbe\ud835\uddba\ud835\uddc7\ud835\uddcd \ud835\uddce\ud835\uddc7 \ud835\uddbd\u00e9\ud835\uddc3\ud835\uddbe\ud835\uddce\ud835\uddc7\ud835\uddbe\ud835\uddcb \ud835\uddcd\ud835\uddc2\ud835\uddcb\u00e9 \ud835\uddbd\ud835\uddce \ud835\uddcc\ud835\uddba\ud835\uddbc.<\/div>\r\n<div class=\"x11i5rnm xat24cr x1mh8g0r x1vvkbs xtlvy1s\">\ud835\udc00 \ud835\udc27\ud835\udc28\ud835\udc2d\ud835\udc1e\ud835\udc2b\r\nTarif Journ\u00e9e : 60 \u20ac &#8211; 47 \u20ac en pr\u00e9vente avant le 6 d\u00e9cembre.<\/div>\r\n<div class=\"x11i5rnm xat24cr x1mh8g0r x1vvkbs xtlvy1s\">\ud835\udde5\u00e9\ud835\ude00\ud835\uddf2\ud835\uddff\ud835\ude03\ud835\uddee\ud835\ude01\ud835\uddf6\ud835\uddfc\ud835\uddfb \ud835\uddf6\ud835\uddfb\ud835\uddf1\ud835\uddf6\ud835\ude00\ud835\uddfd\ud835\uddf2\ud835\uddfb\ud835\ude00\ud835\uddee\ud835\uddef\ud835\uddf9\ud835\uddf2 !\r\nR\u00e9servation indispensable aupr\u00e8s de Pascal\r\np&#99;&#97;&#x6d;&#x62;i&#101;&#114;&#x40;&#x67;&#x6d;a&#105;&#108;&#x2e;&#x63;om ou 0484 72 75 35 ou via la billetterie :\u00a0<a class=\"x1i10hfl xjbqb8w x6umtig x1b1mbwd xaqea5y xav7gou x9f619 x1ypdohk xt0psk2 xe8uvvx xdj266r x11i5rnm xat24cr x1mh8g0r xexx8yu x4uap5 x18d9i69 xkhd6sd x16tdsg8 x1hl2dhg xggy1nq x1a2a7pz xt0b8zv x1fey0fg\" tabindex=\"0\" role=\"link\" href=\"https:\/\/www.weezevent.com\/biodanse-biodanza-a-namur?fbclid=IwAR2Upze4tei9Ui-GVaE1NHtZ4U6A7AXc3st1zRUtUlDl9sSZNKFauDMIeko\" target=\"_blank\" rel=\"nofollow noopener\">https:\/\/www.weezevent.com\/biodanse-biodanza-a-namur<\/a><\/div>\r\n<div class=\"x11i5rnm xat24cr x1mh8g0r x1vvkbs xtlvy1s\">\u00c0 tr\u00e8s bient\u00f4t !<\/div>\r\n<div class=\"x11i5rnm xat24cr x1mh8g0r x1vvkbs xtlvy1s\">Dans la joie de la danse, Nina et Pascal<\/div>","protected":false},"excerpt":{"rendered":"Le cadeau de nos pr\u00e9sences &#8211; 18 d\u00e9cembre \u00e0 Namur (Naninne) Joie, tendresse et convivialit\u00e9 hivernales \u2013 journ\u00e9e de Biodanza Bient\u00f4t No\u00ebl, le moment id\u00e9al pour se r\u00e9chauffer par la convivialit\u00e9. En approche du solstice et de la nuit la plus longue, la nature se d\u00e9pouille peu \u00e0 peu, la lumi\u00e8re se fait discr\u00e8te, le [&hellip;]","protected":false},"author":8,"featured_media":0,"menu_order":0,"comment_status":"closed","ping_status":"closed","template":"","calendar":[133,134],"organizer":[149],"province":[142],"ville":[193],"venue":[354],"class_list":["post-42048","events","type-events","status-publish","hentry","calendar-ponctuel","calendar-stages-ateliers","organizer-pascal-cambier","province-bruxelles","ville-uccle","venue-la-rose-des-vents-namur-naninne","entry"],"translation":{"provider":"WPGlobus","version":"3.0.2","language":"nl","enabled_languages":["fr","nl"],"languages":{"fr":{"title":true,"content":true,"excerpt":false},"nl":{"title":false,"content":false,"excerpt":false}}},"imc_loc":"","imc_img_tag":null,"_links":{"self":[{"href":"https:\/\/biodanza.be\/nl\/wp-json\/wp\/v2\/events\/42048","targetHints":{"allow":["GET"]}}],"collection":[{"href":"https:\/\/biodanza.be\/nl\/wp-json\/wp\/v2\/events"}],"about":[{"href":"https:\/\/biodanza.be\/nl\/wp-json\/wp\/v2\/types\/events"}],"author":[{"embeddable":true,"href":"https:\/\/biodanza.be\/nl\/wp-json\/wp\/v2\/users\/8"}],"replies":[{"embeddable":true,"href":"https:\/\/biodanza.be\/nl\/wp-json\/wp\/v2\/comments?post=42048"}],"version-history":[{"count":3,"href":"https:\/\/biodanza.be\/nl\/wp-json\/wp\/v2\/events\/42048\/revisions"}],"predecessor-version":[{"id":42049,"href":"https:\/\/biodanza.be\/nl\/wp-json\/wp\/v2\/events\/42048\/revisions\/42049"}],"wp:attachment":[{"href":"https:\/\/biodanza.be\/nl\/wp-json\/wp\/v2\/media?parent=42048"}],"wp:term":[{"taxonomy":"calendar","embeddable":true,"href":"https:\/\/biodanza.be\/nl\/wp-json\/wp\/v2\/calendar?post=42048"},{"taxonomy":"organizer","embeddable":true,"href":"https:\/\/biodanza.be\/nl\/wp-json\/wp\/v2\/organizer?post=42048"},{"taxonomy":"province","embeddable":true,"href":"https:\/\/biodanza.be\/nl\/wp-json\/wp\/v2\/province?post=42048"},{"taxonomy":"ville","embeddable":true,"href":"https:\/\/biodanza.be\/nl\/wp-json\/wp\/v2\/ville?post=42048"},{"taxonomy":"venue","embeddable":true,"href":"https:\/\/biodanza.be\/nl\/wp-json\/wp\/v2\/venue?post=42048"}],"curies":[{"name":"wp","href":"https:\/\/api.w.org\/{rel}","templated":true}]}}