{"id":45448,"date":"2023-07-28T14:22:18","date_gmt":"2023-07-28T12:22:18","guid":{"rendered":"https:\/\/biodanza.be\/?post_type=events&#038;p=45448"},"modified":"2023-08-23T22:36:21","modified_gmt":"2023-08-23T20:36:21","slug":"biodanza-happyflow-namur","status":"publish","type":"events","link":"https:\/\/biodanza.be\/nl\/activite\/biodanza-happyflow-namur\/","title":{"rendered":"\u2794<center><b>Namur<\/b><br \/>Biodanza hebdomadaire<br\/ >Florence<\/center>"},"content":{"rendered":"<div><\/div>\r\n<table class=\"tableausansbord\">\r\n<tbody>\r\n<tr>\r\n<td>\r\n<h1><span style=\"color: #8b0000;\"><strong>Biodanza Hebdomadaire \u00e0 Namur<\/strong><\/span><\/h1>\r\n<\/td>\r\n<\/tr>\r\n<tr>\r\n<td>\r\n<h3><span style=\"color: #8b0000;\">Cours donn\u00e9 par Florence Havenne, Biodanza HappyFlow.<\/span><\/h3>\r\n<\/td>\r\n<\/tr>\r\n<\/tbody>\r\n<\/table>\r\n<div>\r\n<p><span style=\"color: #8b0000;\"><em><strong>Lib\u00e8re ton Flow!\u00a0 ALIGNEMENT\u00a0 COEUR * CORPS * ESPRIT<\/strong><br \/>\r\nReconnecte-toi \u00e0 ton essence par le mouvement et la musique. Une invitation \u00e0 \u00e9lever ton \u00e9lan vital pour nourrir ta vie de tous les jours.\u00a0<\/em><\/span><\/p>\r\n<\/div>\r\n<div>\r\n<table class=\"eventdataTable\">\r\n<tbody>\r\n<tr>\r\n<td align=\"center\"><small><strong>P\u00e9riode<\/strong><\/small><\/td>\r\n<td>D\u00e8s le 22 ao\u00fbt 2023 jusque juin 2024.<\/td>\r\n<\/tr>\r\n<tr>\r\n<td align=\"center\"><small><strong>Horaire<\/strong><\/small><\/td>\r\n<td>de 19h \u00e0 21h<\/td>\r\n<\/tr>\r\n<tr>\r\n<td align=\"center\"><small><strong>Rel\u00e2che<\/strong><\/small><\/td>\r\n<td>\/<\/td>\r\n<\/tr>\r\n<tr>\r\n<td align=\"center\"><small><strong>Lieu<\/strong><\/small><\/td>\r\n<td>Biodanza HappyFlow chez CPlus. <a href=\"https:\/\/www.google.com\/maps\/place\/Cplus\/@50.7202286,4.333224,9z\/data=!4m10!1m2!2m1!1scplus!3m6!1s0x47c1bce39390d427:0x579a15eb1876d845!8m2!3d50.4074456!4d4.958444!15sCgVjcGx1c5IBCmNvbnN1bHRhbnTgAQA!16s%2Fg%2F1pxwdfz1s?entry=ttu\">Trouver le trajet.<\/a><\/td>\r\n<\/tr>\r\n<tr>\r\n<td align=\"center\"><small><strong>Co\u00fbt<\/strong><\/small><\/td>\r\n<td>Abonnement trimestriel<\/td>\r\n<\/tr>\r\n<tr>\r\n<td align=\"center\"><small><strong>Inscriptions<\/strong><\/small><\/td>\r\n<td>Par t\u00e9l \/ Whatsapp \/ SMS au 0473\/84.48.38.<\/td>\r\n<\/tr>\r\n<tr>\r\n<td align=\"center\"><small><strong>Informations<\/strong><\/small><\/td>\r\n<td>T\u00e9l : 0473 \/84.48.38\u00a0 &#8211;\u00a0 Email: &#105;&#x6e;&#102;&#x6f;&#64;&#x68;a&#x70;p&#x79;-&#102;&#x6c;&#111;&#x77;&#46;&#x66;&#114;<br \/>\r\nSite web: <a href=\"https:\/\/happy-flow.fr\/biodanza\/\">https:\/\/happy-flow.fr\/biodanza\/<\/a><\/td>\r\n<\/tr>\r\n<tr>\r\n<td align=\"center\"><small><strong>Autres<\/strong><\/small><\/td>\r\n<td>Cours d\u00e9couvertes les 22 ao\u00fbt, 5 et 12 septembre 2023.<\/p>\r\n<div><\/div>\r\n<div class=\"x11i5rnm xat24cr x1mh8g0r x1vvkbs xtlvy1s\"><\/div>\r\n<style>.entry-content a{color:#1e90ff;text-decoration:none!important;}<\/style>\r\n<\/td>\r\n<\/tr>\r\n<\/tbody>\r\n<\/table>\r\n<\/div>\r\n<h3><\/h3>","protected":false},"excerpt":{"rendered":"Biodanza Hebdomadaire \u00e0 Namur Cours donn\u00e9 par Florence Havenne, Biodanza HappyFlow. Lib\u00e8re ton Flow!\u00a0 ALIGNEMENT\u00a0 COEUR * CORPS * ESPRIT Reconnecte-toi \u00e0 ton essence par le mouvement et la musique. Une invitation \u00e0 \u00e9lever ton \u00e9lan vital pour nourrir ta vie de tous les jours.\u00a0 P\u00e9riode D\u00e8s le 22 ao\u00fbt 2023 jusque juin 2024. Horaire [&hellip;]","protected":false},"author":1038,"featured_media":0,"menu_order":0,"comment_status":"closed","ping_status":"closed","template":"","calendar":[132],"organizer":[475],"province":[145],"ville":[154],"venue":[],"class_list":["post-45448","events","type-events","status-publish","hentry","calendar-hebdo","organizer-florence-havenne","province-namur","ville-namur","entry"],"translation":{"provider":"WPGlobus","version":"3.0.2","language":"nl","enabled_languages":["fr","nl"],"languages":{"fr":{"title":true,"content":true,"excerpt":false},"nl":{"title":false,"content":false,"excerpt":false}}},"imc_loc":"","imc_img_tag":null,"_links":{"self":[{"href":"https:\/\/biodanza.be\/nl\/wp-json\/wp\/v2\/events\/45448","targetHints":{"allow":["GET"]}}],"collection":[{"href":"https:\/\/biodanza.be\/nl\/wp-json\/wp\/v2\/events"}],"about":[{"href":"https:\/\/biodanza.be\/nl\/wp-json\/wp\/v2\/types\/events"}],"author":[{"embeddable":true,"href":"https:\/\/biodanza.be\/nl\/wp-json\/wp\/v2\/users\/1038"}],"replies":[{"embeddable":true,"href":"https:\/\/biodanza.be\/nl\/wp-json\/wp\/v2\/comments?post=45448"}],"version-history":[{"count":9,"href":"https:\/\/biodanza.be\/nl\/wp-json\/wp\/v2\/events\/45448\/revisions"}],"predecessor-version":[{"id":45822,"href":"https:\/\/biodanza.be\/nl\/wp-json\/wp\/v2\/events\/45448\/revisions\/45822"}],"wp:attachment":[{"href":"https:\/\/biodanza.be\/nl\/wp-json\/wp\/v2\/media?parent=45448"}],"wp:term":[{"taxonomy":"calendar","embeddable":true,"href":"https:\/\/biodanza.be\/nl\/wp-json\/wp\/v2\/calendar?post=45448"},{"taxonomy":"organizer","embeddable":true,"href":"https:\/\/biodanza.be\/nl\/wp-json\/wp\/v2\/organizer?post=45448"},{"taxonomy":"province","embeddable":true,"href":"https:\/\/biodanza.be\/nl\/wp-json\/wp\/v2\/province?post=45448"},{"taxonomy":"ville","embeddable":true,"href":"https:\/\/biodanza.be\/nl\/wp-json\/wp\/v2\/ville?post=45448"},{"taxonomy":"venue","embeddable":true,"href":"https:\/\/biodanza.be\/nl\/wp-json\/wp\/v2\/venue?post=45448"}],"curies":[{"name":"wp","href":"https:\/\/api.w.org\/{rel}","templated":true}]}}