{"id":46142,"date":"2023-09-06T23:40:34","date_gmt":"2023-09-06T21:40:34","guid":{"rendered":"https:\/\/biodanza.be\/?post_type=events&#038;p=46142"},"modified":"2024-01-24T22:30:11","modified_gmt":"2024-01-24T21:30:11","slug":"%e2%9e%94-anderlechtbiodanza-hebdomadairepaulette","status":"publish","type":"events","link":"https:\/\/biodanza.be\/nl\/activite\/%e2%9e%94-anderlechtbiodanza-hebdomadairepaulette\/","title":{"rendered":"\u2794 <center><b>Anderlecht<\/b><br \/>Biodanza hebdomadaire<br \/>Paulette<\/center>"},"content":{"rendered":"<div><\/div>\r\n<table class=\"tableausansbord\">\r\n<tbody>\r\n<tr>\r\n<td>\r\n<h1><span style=\"color: #8b0000;\"><strong>Biodanza hebdomadaire \u00e0 Anderlecht<\/strong><\/span><\/h1>\r\n<\/td>\r\n<\/tr>\r\n<tr>\r\n<td>\r\n<h3><span style=\"color: #8b0000;\">Cours donn\u00e9 par <strong>Paulette<\/strong>, professeur de Biodanza.<\/span><\/h3>\r\n<\/td>\r\n<\/tr>\r\n<\/tbody>\r\n<\/table>\r\n<div>\r\n<p><span style=\"color: #8b0000;\"><em>Si tes r\u00e9solutions pour cette rentr\u00e9e sont de prendre soin de toi, de ton corps, de tes \u00e9motions et si tu veux r\u00e9veiller tes potentiels et la force qui sommeille en toi&#8230; Viens d\u00e9couvrir la biodanza avec nous ! Notre cours est accessible \u00e0 tous.<br \/>\r\n<\/em><\/span><\/p>\r\n<\/div>\r\n<div>\r\n<table class=\"eventdataTable\">\r\n<tbody>\r\n<tr>\r\n<td align=\"center\"><small><strong>P\u00e9riode<\/strong><\/small><\/td>\r\n<td>De d\u00e9but Septembre 2023 \u00e0 fin juin 2024<\/td>\r\n<\/tr>\r\n<tr>\r\n<td align=\"center\"><small><strong>Horaire<\/strong><\/small><\/td>\r\n<td>Tous les lundis, de 20h30 \u00e0 22h<\/td>\r\n<\/tr>\r\n<tr>\r\n<td align=\"center\"><small><strong>Rel\u00e2che<\/strong><\/small><\/td>\r\n<td>Vacances de No\u00ebl<\/td>\r\n<\/tr>\r\n<tr>\r\n<td align=\"center\"><small><strong>Lieu<\/strong><\/small><\/td>\r\n<td>Centre de bien-\u00eatre, Route de Lennik 297 \u00e0 Anderlecht<\/td>\r\n<\/tr>\r\n<tr>\r\n<td align=\"center\"><small><strong>Co\u00fbt<\/strong><\/small><\/td>\r\n<td><\/td>\r\n<\/tr>\r\n<tr>\r\n<td align=\"center\"><small><strong>Inscriptions<\/strong><\/small><\/td>\r\n<td>Me contacter<\/td>\r\n<\/tr>\r\n<tr>\r\n<td align=\"center\"><small><strong>Informations<\/strong><\/small><\/td>\r\n<td>T\u00e9l :\u00a0<span style=\"font-family: inherit; font-size: inherit;\">0496\/20 70 40 <\/span><span style=\"font-family: inherit; font-size: inherit;\">\/ Email: &#112;&#x61;&#x75;l&#101;&#x2e;h&#101;&#x69;&#x6e;e&#109;&#x61;n&#110;&#x40;&#x6d;a&#99;&#x2e;c&#111;&#x6d; <\/span><\/td>\r\n<\/tr>\r\n<tr>\r\n<td align=\"center\"><small><strong>Autres<\/strong><\/small><\/td>\r\n<td><\/td>\r\n<\/tr>\r\n<\/tbody>\r\n<\/table>\r\n<\/div>\r\n<div>\r\n<style>.entry-content a{color:#1e90ff;text-decoration:none!important;}<\/style>\r\n<\/div>\r\n<h3><strong><a href=\"https:\/\/biodanza.be\/profs-list\/\" target=\"_blank\" rel=\"noopener noreferrer\">Liste des professeurs<\/a><\/strong><\/h3>","protected":false},"excerpt":{"rendered":"Biodanza hebdomadaire \u00e0 Anderlecht Cours donn\u00e9 par Paulette, professeur de Biodanza. Si tes r\u00e9solutions pour cette rentr\u00e9e sont de prendre soin de toi, de ton corps, de tes \u00e9motions et si tu veux r\u00e9veiller tes potentiels et la force qui sommeille en toi&#8230; Viens d\u00e9couvrir la biodanza avec nous ! Notre cours est accessible \u00e0 [&hellip;]","protected":false},"author":66,"featured_media":0,"menu_order":0,"comment_status":"closed","ping_status":"closed","template":"","calendar":[132],"organizer":[178],"province":[142],"ville":[494],"venue":[517],"class_list":["post-46142","events","type-events","status-publish","hentry","calendar-hebdo","organizer-paulette-heinemann","province-bruxelles","ville-anderlecht","venue-centre-de-bien-etre-anderlecht","entry"],"translation":{"provider":"WPGlobus","version":"3.0.2","language":"nl","enabled_languages":["fr","nl"],"languages":{"fr":{"title":true,"content":true,"excerpt":false},"nl":{"title":false,"content":false,"excerpt":false}}},"imc_loc":"","imc_img_tag":null,"_links":{"self":[{"href":"https:\/\/biodanza.be\/nl\/wp-json\/wp\/v2\/events\/46142","targetHints":{"allow":["GET"]}}],"collection":[{"href":"https:\/\/biodanza.be\/nl\/wp-json\/wp\/v2\/events"}],"about":[{"href":"https:\/\/biodanza.be\/nl\/wp-json\/wp\/v2\/types\/events"}],"author":[{"embeddable":true,"href":"https:\/\/biodanza.be\/nl\/wp-json\/wp\/v2\/users\/66"}],"replies":[{"embeddable":true,"href":"https:\/\/biodanza.be\/nl\/wp-json\/wp\/v2\/comments?post=46142"}],"version-history":[{"count":4,"href":"https:\/\/biodanza.be\/nl\/wp-json\/wp\/v2\/events\/46142\/revisions"}],"predecessor-version":[{"id":46147,"href":"https:\/\/biodanza.be\/nl\/wp-json\/wp\/v2\/events\/46142\/revisions\/46147"}],"wp:attachment":[{"href":"https:\/\/biodanza.be\/nl\/wp-json\/wp\/v2\/media?parent=46142"}],"wp:term":[{"taxonomy":"calendar","embeddable":true,"href":"https:\/\/biodanza.be\/nl\/wp-json\/wp\/v2\/calendar?post=46142"},{"taxonomy":"organizer","embeddable":true,"href":"https:\/\/biodanza.be\/nl\/wp-json\/wp\/v2\/organizer?post=46142"},{"taxonomy":"province","embeddable":true,"href":"https:\/\/biodanza.be\/nl\/wp-json\/wp\/v2\/province?post=46142"},{"taxonomy":"ville","embeddable":true,"href":"https:\/\/biodanza.be\/nl\/wp-json\/wp\/v2\/ville?post=46142"},{"taxonomy":"venue","embeddable":true,"href":"https:\/\/biodanza.be\/nl\/wp-json\/wp\/v2\/venue?post=46142"}],"curies":[{"name":"wp","href":"https:\/\/api.w.org\/{rel}","templated":true}]}}