{"id":51463,"date":"2024-05-21T19:37:09","date_gmt":"2024-05-21T17:37:09","guid":{"rendered":"https:\/\/biodanza.be\/?post_type=events&#038;p=51463"},"modified":"2024-05-27T13:59:51","modified_gmt":"2024-05-27T11:59:51","slug":"biodanza-liora-uccle","status":"publish","type":"events","link":"https:\/\/biodanza.be\/nl\/activite\/biodanza-liora-uccle\/","title":{"rendered":"\u2794 <center><b>Uccle<\/b><br \/>Biodanza le mercredi<br \/>Liora<\/center>"},"content":{"rendered":"<div>\u00a0<\/div>\r\n<table class=\"tableausansbord\">\r\n<tbody>\r\n<tr>\r\n<td>\r\n<h1><span style=\"color: #8b0000;\"><strong>Biodanza le mercredi soir \u00e0 Uccle<\/strong><\/span><\/h1>\r\n<\/td>\r\n<\/tr>\r\n<tr>\r\n<td>\r\n<h3><span style=\"color: #8b0000;\">Cours donn\u00e9 par Liora Gancarski<\/span><\/h3>\r\n<\/td>\r\n<\/tr>\r\n<\/tbody>\r\n<\/table>\r\n<div>\r\n<p><strong>Bonjour,<\/strong><\/p>\r\n<p><strong style=\"font-style: inherit;\"><span style=\"font-style: inherit; font-weight: inherit;\">P\u00e9dagogue de formation, mon chemin m\u2019a conduite \u00e0 devenir Sophrologue et Ma\u00eetre praticien en P.N.L.\u00a0<\/span><\/strong><\/p>\r\n<p><strong style=\"font-style: inherit;\"><span style=\"font-style: inherit; font-weight: inherit;\">Cela fait maintenant plus de 20 ans que j\u2019ai d\u00e9couvert la Biodanza et que cela illumine ma vie, me soutient dans les moments difficiles, me permet d\u2019\u00eatre la meilleure version de moi, me connecte \u00e0 la joie intense d\u2019\u00eatre vivante.<\/span><\/strong><\/p>\r\n<p><strong style=\"font-style: inherit;\"><span style=\"font-style: inherit; font-weight: inherit;\">Je suis anim\u00e9e depuis 17 ans par l\u2019enthousiasme de partager cet outil qui m\u2019apporte tant.<\/span><\/strong><\/p>\r\n<p><span style=\"font-style: inherit; font-weight: inherit;\">C\u2019est avec un bonheur \u00e0 chaque fois renouvel\u00e9 que j\u2019anime un atelier de Biodanza tous les mercredis (sauf cong\u00e9s scolaire)<\/span><\/p>\r\n<p><span style=\"font-style: inherit; font-weight: inherit;\">Chaque ann\u00e9e, le groupe accueille des nouveaux biodanseurs les 2 derniers mercredis de septembre.<\/span><\/p>\r\n<p><span style=\"font-style: inherit; font-weight: inherit;\">Si tu as d\u00e9j\u00e0 pratiqu\u00e9 la Biodanza, bienvenue quand tu veux.<\/span><\/p>\r\n<\/div>\r\n<div>\r\n<table class=\"eventdataTable\">\r\n<tbody>\r\n<tr>\r\n<td align=\"center\"><small><strong>P\u00e9riode<\/strong><\/small><\/td>\r\n<td>Tous les mercredis sauf cong\u00e9s scolaires<\/td>\r\n<\/tr>\r\n<tr>\r\n<td align=\"center\"><small><strong>Horaire<\/strong><\/small><\/td>\r\n<td>20h30 &#8211; 22h30<\/td>\r\n<\/tr>\r\n<tr>\r\n<td align=\"center\"><small><strong>Rel\u00e2che<\/strong><\/small><\/td>\r\n<td>Cong\u00e9s scolaires<\/td>\r\n<\/tr>\r\n<tr>\r\n<td align=\"center\"><small><strong>Lieu<\/strong><\/small><\/td>\r\n<td>Place Saint-Job &#8211; Uccle<\/td>\r\n<\/tr>\r\n<tr>\r\n<td align=\"center\"><small><strong>Co\u00fbt<\/strong><\/small><\/td>\r\n<td>15\u20ac &#8211; Abonnements (10\u20ac)<\/td>\r\n<\/tr>\r\n<tr>\r\n<td align=\"center\"><small><strong>Inscriptions<\/strong><\/small><\/td>\r\n<td>Me contacter<\/td>\r\n<\/tr>\r\n<tr>\r\n<td align=\"center\"><small><strong>Informations<\/strong><\/small><\/td>\r\n<td>T\u00e9l : 0496 106 156 \/ Email: &#x6c;i&#x6f;&#114;&#x61;&#x2e;g&#x61;&#110;&#x63;&#x61;r&#x73;&#107;&#x69;&#x40;g&#x6d;&#97;&#x69;&#x6c;&#46;&#x63;&#111;&#x6d;<br \/>\r\nSite web: https:\/\/www.biodanza-uccle-liora.be\/<\/td>\r\n<\/tr>\r\n<tr>\r\n<td align=\"center\"><small><strong>Autres<\/strong><\/small><\/td>\r\n<td>&nbsp;<\/td>\r\n<\/tr>\r\n<\/tbody>\r\n<\/table>\r\n<\/div>\r\n<div>\r\n<style>.entry-content a{color:#1e90ff;text-decoration:none!important;}<\/style>\r\n<\/div>\r\n<h3><strong><a href=\"https:\/\/biodanza.be\/profs-list\/\" target=\"_blank\" rel=\"noopener noreferrer\">Liste des professeurs<\/a><\/strong><\/h3>","protected":false},"excerpt":{"rendered":"\u00a0 Biodanza le mercredi soir \u00e0 Uccle Cours donn\u00e9 par Liora Gancarski Bonjour, P\u00e9dagogue de formation, mon chemin m\u2019a conduite \u00e0 devenir Sophrologue et Ma\u00eetre praticien en P.N.L.\u00a0 Cela fait maintenant plus de 20 ans que j\u2019ai d\u00e9couvert la Biodanza et que cela illumine ma vie, me soutient dans les moments difficiles, me permet d\u2019\u00eatre [&hellip;]","protected":false},"author":42,"featured_media":51686,"menu_order":0,"comment_status":"closed","ping_status":"closed","template":"","calendar":[132],"organizer":[343],"province":[142],"ville":[193],"venue":[591],"class_list":["post-51463","events","type-events","status-publish","has-post-thumbnail","hentry","calendar-hebdo","organizer-liora-gancarski","province-bruxelles","ville-uccle","venue-liora-biodanza","entry","has-media"],"translation":{"provider":"WPGlobus","version":"3.0.2","language":"nl","enabled_languages":["fr","nl"],"languages":{"fr":{"title":true,"content":true,"excerpt":false},"nl":{"title":false,"content":false,"excerpt":false}}},"imc_loc":"","imc_img_tag":null,"_links":{"self":[{"href":"https:\/\/biodanza.be\/nl\/wp-json\/wp\/v2\/events\/51463","targetHints":{"allow":["GET"]}}],"collection":[{"href":"https:\/\/biodanza.be\/nl\/wp-json\/wp\/v2\/events"}],"about":[{"href":"https:\/\/biodanza.be\/nl\/wp-json\/wp\/v2\/types\/events"}],"author":[{"embeddable":true,"href":"https:\/\/biodanza.be\/nl\/wp-json\/wp\/v2\/users\/42"}],"replies":[{"embeddable":true,"href":"https:\/\/biodanza.be\/nl\/wp-json\/wp\/v2\/comments?post=51463"}],"version-history":[{"count":7,"href":"https:\/\/biodanza.be\/nl\/wp-json\/wp\/v2\/events\/51463\/revisions"}],"predecessor-version":[{"id":51681,"href":"https:\/\/biodanza.be\/nl\/wp-json\/wp\/v2\/events\/51463\/revisions\/51681"}],"wp:featuredmedia":[{"embeddable":true,"href":"https:\/\/biodanza.be\/nl\/wp-json\/wp\/v2\/media\/51686"}],"wp:attachment":[{"href":"https:\/\/biodanza.be\/nl\/wp-json\/wp\/v2\/media?parent=51463"}],"wp:term":[{"taxonomy":"calendar","embeddable":true,"href":"https:\/\/biodanza.be\/nl\/wp-json\/wp\/v2\/calendar?post=51463"},{"taxonomy":"organizer","embeddable":true,"href":"https:\/\/biodanza.be\/nl\/wp-json\/wp\/v2\/organizer?post=51463"},{"taxonomy":"province","embeddable":true,"href":"https:\/\/biodanza.be\/nl\/wp-json\/wp\/v2\/province?post=51463"},{"taxonomy":"ville","embeddable":true,"href":"https:\/\/biodanza.be\/nl\/wp-json\/wp\/v2\/ville?post=51463"},{"taxonomy":"venue","embeddable":true,"href":"https:\/\/biodanza.be\/nl\/wp-json\/wp\/v2\/venue?post=51463"}],"curies":[{"name":"wp","href":"https:\/\/api.w.org\/{rel}","templated":true}]}}