{"id":52457,"date":"2024-07-02T13:22:35","date_gmt":"2024-07-02T11:22:35","guid":{"rendered":"https:\/\/biodanza.be\/?post_type=events&#038;p=52457"},"modified":"2024-07-02T13:41:17","modified_gmt":"2024-07-02T11:41:17","slug":"cours-decouverte","status":"publish","type":"events","link":"https:\/\/biodanza.be\/nl\/activite\/cours-decouverte\/","title":{"rendered":"S\u00e9ances d\u00e9couvertes de Biodanza"},"content":{"rendered":"<div>\u2794<center>\r\n<div>\u2794<center><b>Namur<\/b><br \/>\r\nCours d\u00e9couverte<br \/>\r\nLo\u00e9lia<\/center><\/div>\r\n<table class=\"tableausansbord\">\r\n<tbody>\r\n<tr>\r\n<td>\r\n<h1><span style=\"color: #8b0000;\"><strong>Biodanza S\u00e9ance d\u00e9couverte \u00e0 Namur<\/strong><\/span><\/h1>\r\n<\/td>\r\n<\/tr>\r\n<tr>\r\n<td>\r\n<h3><span style=\"color: #8b0000;\">Cours donn\u00e9 par Lo\u00e9lia<\/span><\/h3>\r\n<\/td>\r\n<\/tr>\r\n<\/tbody>\r\n<\/table>\r\n<div>\r\n<p>&nbsp;<\/p>\r\n<div class=\"xdj266r x11i5rnm xat24cr x1mh8g0r x1vvkbs x126k92a\">\r\n<div dir=\"auto\"><strong>RETROUVER TA NATURE AVEC LA DANSE<\/strong><\/div>\r\n<\/div>\r\n<div class=\"x11i5rnm xat24cr x1mh8g0r x1vvkbs xtlvy1s x126k92a\">\r\n<div dir=\"auto\">Cet \u00e9t\u00e9 je te propose une exploration. Pas une conqu\u00eate. Pas du d\u00e9veloppement personnel. Mais des retrouvailles en toute simplicit\u00e9 avec ta propre nature&#8230;<\/div>\r\n<div dir=\"auto\">Cet \u00e9t\u00e9 je te propose que \u00e7a soit la joie, l&#8217;harmonie, la simplicit\u00e9, la douceur et le rire qui guident le chemin que tu fais vers toi m\u00eame.<\/div>\r\n<div dir=\"auto\">Je te propose que le mouvement soit ta boussole, et qu&#8217;on vienne all\u00e9ger un peu toute cette id\u00e9e de &#8220;d\u00e9veloppement personnel&#8221;.<\/div>\r\n<div dir=\"auto\">Le chemin vers soi peut \u00eatre l\u00e9ger et doux. Il peut \u00eatre rigolo. Il peut \u00eatre fluide. Il peut \u00eatre simple. Il peut \u00eatre rempli de rires, et de connexions humaines fortes.<\/div>\r\n<\/div>\r\n<div class=\"x11i5rnm xat24cr x1mh8g0r x1vvkbs xtlvy1s x126k92a\">\r\n<div dir=\"auto\">Retrouver sa propre nature c&#8217;est se reconnecter \u00e0 un mouvement organique, qui part de ma sensation d&#8217;\u00eatre pleinement vivant. C&#8217;est lib\u00e9rer notre \u00e9nergie vitale, et aussi oser ralentir. C&#8217;est s&#8217;autoriser \u00e0 se laisser le temps de l&#8217;harmonie et la respiration. C&#8217;est regarder d&#8217;autres humains dans les yeux et se laisser toucher par nos fr\u00e8res et s\u0153urs. C&#8217;est nouer des relations authentiques, et \u00e0 travers elles, reprendre contact avec moi.<\/div>\r\n<\/div>\r\n<div class=\"x11i5rnm xat24cr x1mh8g0r x1vvkbs xtlvy1s x126k92a\">\r\n<div dir=\"auto\">La Biodanza c&#8217;est tout \u00e7a, et c&#8217;est le voyage que je te propose cet \u00e9t\u00e9.<\/div>\r\n<div dir=\"auto\">\u00a0<\/div>\r\n<\/div>\r\n<\/div>\r\n<div>\r\n<table class=\"eventdataTable\">\r\n<tbody>\r\n<tr>\r\n<td align=\"center\"><small><strong>P\u00e9riode<\/strong><\/small><\/td>\r\n<td>3 rendez-vous avec toi m\u00eame cet \u00e9t\u00e9 :\u00a0<br \/>\r\nLes mardis 23 juillet, 20 ao\u00fbt et 17 septembre<\/td>\r\n<\/tr>\r\n<tr>\r\n<td align=\"center\"><small><strong>Horaire<\/strong><\/small><\/td>\r\n<td>Le mardi de 20h15 \u00e0 22h15<br \/>\r\nAccueil \u00e0 partir de 20H<\/td>\r\n<\/tr>\r\n<tr>\r\n<td align=\"center\"><small><strong>Rel\u00e2che<\/strong><\/small><\/td>\r\n<td>\/<\/td>\r\n<\/tr>\r\n<tr>\r\n<td align=\"center\"><small><strong>Lieu<\/strong><\/small><\/td>\r\n<td>Les Glycines, Salle Lotus, 15 Avenue de la Plante \u00e0 Namur<\/td>\r\n<\/tr>\r\n<tr>\r\n<td align=\"center\">\u00a0<\/td>\r\n<td>&nbsp;<\/td>\r\n<\/tr>\r\n<tr>\r\n<td align=\"center\"><small><strong>Inscriptions<\/strong><\/small><\/td>\r\n<td>Me contacter pour valider votre inscription<\/td>\r\n<\/tr>\r\n<tr>\r\n<td align=\"center\"><small><strong>Informations<\/strong><\/small><\/td>\r\n<td>T\u00e9l : 0498 51 35 22 \/ Email: &#x62;&#x65;&#x61;&#x75;&#x66;&#x69;&#x6c;&#x73;&#x2e;&#x6c;&#x6f;&#101;&#108;&#105;&#97;&#64;&#103;&#109;ail&#46;co&#x6d;<\/td>\r\n<\/tr>\r\n<tr>\r\n<td align=\"center\"><small><strong>Autres<\/strong><\/small><\/td>\r\n<td>S\u00e9ances ouvertes \u00e0 tous.tes, exp\u00e9riment\u00e9.es et d\u00e9couvrant.es\u00a0<\/td>\r\n<\/tr>\r\n<\/tbody>\r\n<\/table>\r\n<\/div>\r\n<div>\r\n<style>.entry-content a{color:#1e90ff;text-decoration:none!important;}<\/style>\r\n<\/div>\r\n<h3><strong><a href=\"https:\/\/biodanza.be\/profs-list\/\" target=\"_blank\" rel=\"noopener noreferrer\">Liste des professeurs<\/a><\/strong><\/h3>\r\n<p>&nbsp;<\/p>\r\n<p>&nbsp;<\/p>\r\n<p>&nbsp;<\/p>\r\n<p>&nbsp;<\/p>\r\n<\/center><\/div>\r\n<h3>\u00a0<\/h3>","protected":false},"excerpt":{"rendered":"\u2794 \u2794Namur Cours d\u00e9couverte Lo\u00e9lia Biodanza S\u00e9ance d\u00e9couverte \u00e0 Namur Cours donn\u00e9 par Lo\u00e9lia &nbsp; RETROUVER TA NATURE AVEC LA DANSE Cet \u00e9t\u00e9 je te propose une exploration. Pas une conqu\u00eate. Pas du d\u00e9veloppement personnel. Mais des retrouvailles en toute simplicit\u00e9 avec ta propre nature&#8230; Cet \u00e9t\u00e9 je te propose que \u00e7a soit la joie, [&hellip;]","protected":false},"author":1052,"featured_media":52458,"menu_order":0,"comment_status":"closed","ping_status":"closed","template":"","calendar":[135],"organizer":[526],"province":[145],"ville":[154],"venue":[544],"class_list":["post-52457","events","type-events","status-publish","has-post-thumbnail","hentry","calendar-speciaux","organizer-loelia-beaufils","province-namur","ville-namur","venue-centre-les-glycines-salle-lotus-namur","entry","has-media"],"translation":{"provider":"WPGlobus","version":"3.0.2","language":"nl","enabled_languages":["fr","nl"],"languages":{"fr":{"title":true,"content":true,"excerpt":false},"nl":{"title":false,"content":false,"excerpt":false}}},"imc_loc":"","imc_img_tag":null,"_links":{"self":[{"href":"https:\/\/biodanza.be\/nl\/wp-json\/wp\/v2\/events\/52457","targetHints":{"allow":["GET"]}}],"collection":[{"href":"https:\/\/biodanza.be\/nl\/wp-json\/wp\/v2\/events"}],"about":[{"href":"https:\/\/biodanza.be\/nl\/wp-json\/wp\/v2\/types\/events"}],"author":[{"embeddable":true,"href":"https:\/\/biodanza.be\/nl\/wp-json\/wp\/v2\/users\/1052"}],"replies":[{"embeddable":true,"href":"https:\/\/biodanza.be\/nl\/wp-json\/wp\/v2\/comments?post=52457"}],"version-history":[{"count":10,"href":"https:\/\/biodanza.be\/nl\/wp-json\/wp\/v2\/events\/52457\/revisions"}],"predecessor-version":[{"id":52468,"href":"https:\/\/biodanza.be\/nl\/wp-json\/wp\/v2\/events\/52457\/revisions\/52468"}],"wp:featuredmedia":[{"embeddable":true,"href":"https:\/\/biodanza.be\/nl\/wp-json\/wp\/v2\/media\/52458"}],"wp:attachment":[{"href":"https:\/\/biodanza.be\/nl\/wp-json\/wp\/v2\/media?parent=52457"}],"wp:term":[{"taxonomy":"calendar","embeddable":true,"href":"https:\/\/biodanza.be\/nl\/wp-json\/wp\/v2\/calendar?post=52457"},{"taxonomy":"organizer","embeddable":true,"href":"https:\/\/biodanza.be\/nl\/wp-json\/wp\/v2\/organizer?post=52457"},{"taxonomy":"province","embeddable":true,"href":"https:\/\/biodanza.be\/nl\/wp-json\/wp\/v2\/province?post=52457"},{"taxonomy":"ville","embeddable":true,"href":"https:\/\/biodanza.be\/nl\/wp-json\/wp\/v2\/ville?post=52457"},{"taxonomy":"venue","embeddable":true,"href":"https:\/\/biodanza.be\/nl\/wp-json\/wp\/v2\/venue?post=52457"}],"curies":[{"name":"wp","href":"https:\/\/api.w.org\/{rel}","templated":true}]}}