{"id":57434,"date":"2025-06-29T09:59:45","date_gmt":"2025-06-29T07:59:45","guid":{"rendered":"https:\/\/biodanza.be\/?post_type=events&#038;p=57434"},"modified":"2025-06-29T10:05:17","modified_gmt":"2025-06-29T08:05:17","slug":"stage-un-corps-une-vie-une-oeuvre-21-rue-du-centre-4560-clavier-%f0%9f%8e%8aanime-par-roberto-cifuentes-et-guenaelle-culot%f0%9f%a5%b3","status":"publish","type":"events","link":"https:\/\/biodanza.be\/nl\/activite\/stage-un-corps-une-vie-une-oeuvre-21-rue-du-centre-4560-clavier-%f0%9f%8e%8aanime-par-roberto-cifuentes-et-guenaelle-culot%f0%9f%a5%b3\/","title":{"rendered":"stage &#8220;Un corps, une vie, une \u0153uvre&#8221;  21 rue du Centre, 4560 Clavier \ud83c\udf8aAnim\u00e9 par Roberto Cifuentes et Gu\u00e9na\u00eblle Culot\ud83e\udd73"},"content":{"rendered":"\ud83c\udf52Chers ami.e.s de la danse de la vie\r\n\r\n\ud83c\udf3fNous t\u2019invitons \u00e0 un stage Biodanza sur le th\u00e8me :\r\n\r\n\u2728&#8221;Un corps, une vie, une \u0153uvre \u2013 L&#8217;Alchimie de l\u2019\u00eatre cr\u00e9ateur&#8221;\ud83e\ude84\ud83e\ude84\r\n\r\n\ud83c\udf3fLe dimanche 31 ao\u00fbt 2025 de 9h30 \u00e0 17h00\r\n21 rue du Centre, 4560 Clavier\r\n\r\n\ud83c\udf3fCe stage est une c\u00e9l\u00e9bration de l\u2019\u00eatre cr\u00e9ateur que chacun porte en soi.\r\n\r\n\ud83c\udf52Et si notre existence \u00e9tait une \u0153uvre vivante ?\r\nEt si nous \u00e9tions \u00e0 la fois le pinceau, la toile et la couleur ?\r\n\r\n\ud83c\udf90Une invitation \u00e0 plonger dans la magie de l\u2019acte cr\u00e9ateur : celui d\u2019habiter pleinement notre corps, d\u2019exprimer notre unicit\u00e9 et de transformer notre vie en art vivant.\r\n\r\n\ud83d\udc1eUn temps pour se reconnecter \u00e0 l\u2019essentiel, r\u00e9veiller notre potentiel cr\u00e9atif et danser ce que nous sommes profond\u00e9ment.\r\n\r\n\ud83e\udd29Pause conviviale en mode auberge espagnole \u2014 un moment chaleureux pour partager mets et sourires.\r\n\r\n\ud83c\udf8aAnim\u00e9 par Roberto Cifuentes et Gu\u00e9na\u00eblle Culot\ud83e\udd73\r\n\r\n\ud83d\udcde Infos et r\u00e9servations\r\n+32 465 33 91 65 \u2013 +32 495 22 00 99","protected":false},"excerpt":{"rendered":"\ud83c\udf52Chers ami.e.s de la danse de la vie \ud83c\udf3fNous t\u2019invitons \u00e0 un stage Biodanza sur le th\u00e8me : \u2728&#8221;Un corps, une vie, une \u0153uvre \u2013 L&#8217;Alchimie de l\u2019\u00eatre cr\u00e9ateur&#8221;\ud83e\ude84\ud83e\ude84 \ud83c\udf3fLe dimanche 31 ao\u00fbt 2025 de 9h30 \u00e0 17h00 21 rue du Centre, 4560 Clavier \ud83c\udf3fCe stage est une c\u00e9l\u00e9bration de l\u2019\u00eatre cr\u00e9ateur que chacun porte [&hellip;]","protected":false},"author":1069,"featured_media":0,"menu_order":0,"comment_status":"closed","ping_status":"closed","template":"","calendar":[],"organizer":[660],"province":[147,145],"ville":[662],"venue":[664],"class_list":["post-57434","events","type-events","status-publish","hentry","organizer-cifuentes-roberto","province-liege","province-namur","ville-clavier","venue-4560-clavier","entry"],"translation":{"provider":"WPGlobus","version":"3.0.2","language":"nl","enabled_languages":["fr","nl"],"languages":{"fr":{"title":true,"content":true,"excerpt":false},"nl":{"title":false,"content":false,"excerpt":false}}},"imc_loc":"","imc_img_tag":null,"_links":{"self":[{"href":"https:\/\/biodanza.be\/nl\/wp-json\/wp\/v2\/events\/57434","targetHints":{"allow":["GET"]}}],"collection":[{"href":"https:\/\/biodanza.be\/nl\/wp-json\/wp\/v2\/events"}],"about":[{"href":"https:\/\/biodanza.be\/nl\/wp-json\/wp\/v2\/types\/events"}],"author":[{"embeddable":true,"href":"https:\/\/biodanza.be\/nl\/wp-json\/wp\/v2\/users\/1069"}],"replies":[{"embeddable":true,"href":"https:\/\/biodanza.be\/nl\/wp-json\/wp\/v2\/comments?post=57434"}],"version-history":[{"count":3,"href":"https:\/\/biodanza.be\/nl\/wp-json\/wp\/v2\/events\/57434\/revisions"}],"predecessor-version":[{"id":57498,"href":"https:\/\/biodanza.be\/nl\/wp-json\/wp\/v2\/events\/57434\/revisions\/57498"}],"wp:attachment":[{"href":"https:\/\/biodanza.be\/nl\/wp-json\/wp\/v2\/media?parent=57434"}],"wp:term":[{"taxonomy":"calendar","embeddable":true,"href":"https:\/\/biodanza.be\/nl\/wp-json\/wp\/v2\/calendar?post=57434"},{"taxonomy":"organizer","embeddable":true,"href":"https:\/\/biodanza.be\/nl\/wp-json\/wp\/v2\/organizer?post=57434"},{"taxonomy":"province","embeddable":true,"href":"https:\/\/biodanza.be\/nl\/wp-json\/wp\/v2\/province?post=57434"},{"taxonomy":"ville","embeddable":true,"href":"https:\/\/biodanza.be\/nl\/wp-json\/wp\/v2\/ville?post=57434"},{"taxonomy":"venue","embeddable":true,"href":"https:\/\/biodanza.be\/nl\/wp-json\/wp\/v2\/venue?post=57434"}],"curies":[{"name":"wp","href":"https:\/\/api.w.org\/{rel}","templated":true}]}}