{"id":63017,"date":"2026-08-26T19:41:34","date_gmt":"2026-08-26T17:41:34","guid":{"rendered":"https:\/\/biodanza.be\/?post_type=events&#038;p=63017"},"modified":"2026-08-29T18:53:27","modified_gmt":"2026-08-29T16:53:27","slug":"%e2%9e%94-bruxelles-watermael-boitsfortbiodanza-au-feminin-ateliers-mensuelsblandine-pillet","status":"publish","type":"events","link":"https:\/\/biodanza.be\/nl\/activite\/%e2%9e%94-bruxelles-watermael-boitsfortbiodanza-au-feminin-ateliers-mensuelsblandine-pillet\/","title":{"rendered":"\u2794 <center><b>Bruxelles Watermael-Boitsfort<\/b><br \/>Biodanza au f\u00e9minin, ateliers mensuels<br \/>Blandine Pillet<\/center>"},"content":{"rendered":"<div><\/div>\n<table class=\"tableausansbord\">\n<tbody>\n<tr>\n<td>\n<h1><span style=\"color: #8b0000;\"><strong>Biodanza, ateliers mensuels \u00e0 Watermael-Boitsfort,<\/strong><\/span><\/h1>\n<h1><span style=\"color: #8b0000;\"><strong>Bruxelles <\/strong><\/span><\/h1>\n<\/td>\n<\/tr>\n<tr>\n<td>\n<h3><span style=\"color: #8b0000;\">Cours donn\u00e9s par Blandine Pillet, facilitatrice didacte, directrice d&#8217;Ecole de Biodanza<\/span><\/h3>\n<\/td>\n<\/tr>\n<\/tbody>\n<\/table>\n<div>\n<p class=\"sl-lead-p\"><em><strong>La danse est l\u2019expression de notre joie le\u0301gitime de vivre (Rolando Toro).<\/strong><\/em><\/p>\n<p>Entrez et bienvenue dans les mouvements du vivant et de notre humanit\u00e9 (celle qui va bien) !<br \/>\nBienvenue dans une mani\u00e8re po\u00e9tique d&#8217;aborder la vie : la biodanza est un art de vivre,<br \/>\nBienvenue dans une forme, \u00e0 la fois instinctive et haute en conscience, de se mettre en mouvement: la biodanza est vivencielle,<\/p>\n<p>Sur des musiques tout \u00e9tudi\u00e9es pour nous faire du bien, latino, jazz, afro, classiques, musique du monde, disco.. et si belles,<br \/>\nEn danses individuelles, a\u0300 deux ou en groupe ; en connexion avec soi, avec toi-l&#8217;autre et avec lui-le grand tout, disons.. le cosmos,<br \/>\nEt oui, la Biodanza nous r\u00e9axe dans notre identit\u00e9 et votre \u00e9volution ontocosmologique, disons notre &#8221;\u00eatre au monde&#8221; en liens..<\/p>\n<p>Les effets positifs de la pratique de la Biodanza sont aujourd\u2019hui scientifiquement reconnus:<br \/>\n&#8211; sur la sant\u00e9, la gestion du stress (Univ. de Leibnitz, Allemagne),<br \/>\n&#8211; sur la confiance en soi, l&#8217;assertivit\u00e9, la gestion de nos \u00e9motions (effets positifs sur l&#8217;alexithymie, Univ. de Toulouse),<br \/>\n&#8211; sur notre joie de vivre, notre e\u0301lan vital et notre cre\u0301ativite\u0301 existentielle,<br \/>\n&#8211; sur notre aptitude \u00e0 nourrir la beaut\u00e9 de nos rencontres humaines, la qualite\u0301 de nos relations a\u0300 soi, l\u2019autre et le monde,<\/p>\n<p>Et possiblement, il pourrait y avoir les effets b\u00e9n\u00e9fiques qui te seront propres, car chacun.e est unique, singulier.\u00e8res et danse \u00e0 son rythme, \u00e0 sa mani\u00e8re, d\u00e9ployant sa propre identit\u00e9 dans le respect de toutes et tous.<\/p>\n<p>Ces ateliers de Biodanza s\u2019adressent a\u0300 tous.tes. Il n\u2019est pas ne\u0301cessaire de savoir danser, ni d&#8217;avoir des aptitudes physiques particuli\u00e8res.<\/p>\n<p>Ici, au centre culturel de Watermael Boitsfort, ces ateliers ont des temps entre femmes (bienvenue aux hommes dans d&#8217;autres groupes de Biodanza)<\/p>\n<\/div>\n<div>\n<table class=\"eventdataTable\">\n<tbody>\n<tr>\n<td align=\"center\"><small><strong>P\u00e9riode<\/strong><\/small><\/td>\n<td>Le 24 septembre 2026, Le 15 octobre 2026, Le 12 novembre 2026, Le 17 d\u00e9cembre 2026, Le 21 janvier 2027, Le 11 f\u00e9vrier 2027, Le 25 mars 2027, Le 8 avril 2027, le 27 mai 2027, Le 17 juin 2027<\/td>\n<\/tr>\n<tr>\n<td align=\"center\"><small><strong>Horaire<\/strong><\/small><\/td>\n<td>les jeudis de 13h \u00e0 16h<\/td>\n<\/tr>\n<tr>\n<td align=\"center\"><small><strong>Rel\u00e2che<\/strong><\/small><\/td>\n<td>non<\/td>\n<\/tr>\n<tr>\n<td align=\"center\"><small><strong>Lieu<\/strong><\/small><\/td>\n<td>Centre culturel de Watermael-Boitsfort- La V\u00e9nerie &#8211; salle les \u00e9curies: Place Antoine Gilson 3, 1170 Bruxelles<\/td>\n<\/tr>\n<tr>\n<td align=\"center\"><small><strong>Co\u00fbt<\/strong><\/small><\/td>\n<td>\u00e0 la s\u00e9ance ou sur abonnements<\/td>\n<\/tr>\n<tr>\n<td align=\"center\"><small><strong>Inscriptions<\/strong><\/small><\/td>\n<td>Inscriptions sur : <a href=\"https:\/\/www.lavenerie.be\/evenement\/biodanza-au-feminin-26-27\/\">https:\/\/www.lavenerie.be\/evenement\/biodanza-au-feminin\/<\/a> + m&#8217;informer sur le 0032 495 26 65 92 (&#x62;&#108;a&#x6e;&#100;i&#x6e;&#x65;&#112;&#x69;&#x6c;&#108;e&#x74;&#46;b&#x70;&#x40;&#103;&#x6d;&#x61;&#105;l&#x2e;&#99;o&#x6d;)<\/td>\n<\/tr>\n<tr>\n<td align=\"center\"><small><strong>Informations<\/strong><\/small><\/td>\n<td>T\u00e9l : 0032 495 26 65 92. E-mail : &#x62;&#x6c;&#x61;&#x6e;&#x64;&#x69;&#x6e;&#101;&#112;&#105;&#108;&#108;et&#46;b&#x70;&#x40;&#x67;&#x6d;&#x61;&#x69;&#x6c;&#x2e;&#99;&#111;&#109;. Web: www.ecolebiodanza-bourgogne.com\/l-\u00e9quipe<\/td>\n<\/tr>\n<tr>\n<td align=\"center\"><small><strong>Autre<\/strong><\/small><\/td>\n<td>Ici, Biodanza au f\u00e9minin (entre femmes)<\/td>\n<\/tr>\n<\/tbody>\n<\/table>\n<\/div>\n<div>\n<style>.entry-content a{color:#1e90ff;text-decoration:none!important;}<\/style>\n<\/div>\n<h3><strong><a href=\"https:\/\/biodanza.be\/profs-list\/\" target=\"_blank\" rel=\"noopener noreferrer\">Liste des professeurs<\/a><\/strong><\/h3>\n","protected":false},"excerpt":{"rendered":"<p>Biodanza, ateliers mensuels \u00e0 Watermael-Boitsfort, Bruxelles Cours donn\u00e9s par Blandine Pillet, facilitatrice didacte, directrice d&#8217;Ecole de Biodanza La danse est l\u2019expression de notre joie le\u0301gitime de vivre (Rolando Toro). Entrez et bienvenue dans les mouvements du vivant et de notre humanit\u00e9 (celle qui va bien) ! Bienvenue dans une mani\u00e8re po\u00e9tique d&#8217;aborder la vie : [&hellip;]<\/p>\n","protected":false},"author":18,"featured_media":63066,"menu_order":0,"comment_status":"closed","ping_status":"closed","template":"","calendar":[134],"organizer":[325],"province":[142],"ville":[498],"venue":[769],"class_list":["post-63017","events","type-events","status-publish","has-post-thumbnail","hentry","calendar-stages-ateliers","organizer-blandine-pillet","province-bruxelles","ville-watermael-boitsfort","venue-la-venerie-centre-culturel-de-watermael-boitsfort","entry","has-media"],"translation":{"provider":"WPGlobus","version":"3.0.5","language":"nl","enabled_languages":["fr","nl"],"languages":{"fr":{"title":true,"content":true,"excerpt":false},"nl":{"title":false,"content":false,"excerpt":false}}},"imc_loc":"","imc_img_tag":null,"_links":{"self":[{"href":"https:\/\/biodanza.be\/nl\/wp-json\/wp\/v2\/events\/63017","targetHints":{"allow":["GET"]}}],"collection":[{"href":"https:\/\/biodanza.be\/nl\/wp-json\/wp\/v2\/events"}],"about":[{"href":"https:\/\/biodanza.be\/nl\/wp-json\/wp\/v2\/types\/events"}],"author":[{"embeddable":true,"href":"https:\/\/biodanza.be\/nl\/wp-json\/wp\/v2\/users\/18"}],"replies":[{"embeddable":true,"href":"https:\/\/biodanza.be\/nl\/wp-json\/wp\/v2\/comments?post=63017"}],"version-history":[{"count":8,"href":"https:\/\/biodanza.be\/nl\/wp-json\/wp\/v2\/events\/63017\/revisions"}],"predecessor-version":[{"id":63019,"href":"https:\/\/biodanza.be\/nl\/wp-json\/wp\/v2\/events\/63017\/revisions\/63019"}],"wp:featuredmedia":[{"embeddable":true,"href":"https:\/\/biodanza.be\/nl\/wp-json\/wp\/v2\/media\/63066"}],"wp:attachment":[{"href":"https:\/\/biodanza.be\/nl\/wp-json\/wp\/v2\/media?parent=63017"}],"wp:term":[{"taxonomy":"calendar","embeddable":true,"href":"https:\/\/biodanza.be\/nl\/wp-json\/wp\/v2\/calendar?post=63017"},{"taxonomy":"organizer","embeddable":true,"href":"https:\/\/biodanza.be\/nl\/wp-json\/wp\/v2\/organizer?post=63017"},{"taxonomy":"province","embeddable":true,"href":"https:\/\/biodanza.be\/nl\/wp-json\/wp\/v2\/province?post=63017"},{"taxonomy":"ville","embeddable":true,"href":"https:\/\/biodanza.be\/nl\/wp-json\/wp\/v2\/ville?post=63017"},{"taxonomy":"venue","embeddable":true,"href":"https:\/\/biodanza.be\/nl\/wp-json\/wp\/v2\/venue?post=63017"}],"curies":[{"name":"wp","href":"https:\/\/api.w.org\/{rel}","templated":true}]}}