{"id":35991,"date":"2022-04-23T05:00:51","date_gmt":"2022-04-23T03:00:51","guid":{"rendered":"https:\/\/biodanza.be\/?page_id=35991"},"modified":"2024-02-21T02:57:47","modified_gmt":"2024-02-21T01:57:47","slug":"mapview-jp01","status":"publish","type":"page","link":"https:\/\/biodanza.be\/nl\/mapview-jp01\/","title":{"rendered":"Kaart van Biodanza-activiteiten"},"content":{"rendered":"<div id=\"calendarize_0\" class=\"rhcalendar  not-widget rhc_holder\" data-rhc_ui_theme=\"\" data-rhc_options=\"{&quot;editable&quot;:false,&quot;mode&quot;:&quot;view&quot;,&quot;modes&quot;:{&quot;view&quot;:{&quot;label&quot;:&quot;View&quot;,&quot;options&quot;:{&quot;weekNumberTitle&quot;:&quot;W&quot;,&quot;weekNumbers&quot;:false,&quot;loadingOverlay&quot;:&quot;0&quot;,&quot;weekMode&quot;:&quot;fixed&quot;,&quot;header&quot;:{&quot;left&quot;:&quot; &quot;,&quot;center&quot;:&quot;title&quot;,&quot;right&quot;:&quot; &quot;},&quot;events_source&quot;:&quot;https:\\\/\\\/biodanza.be\\\/?rhc_action=get_calendar_events&quot;,&quot;events_source_query&quot;:&quot;&amp;post_type[]=events&quot;,&quot;defaultView&quot;:&quot;rhc_gmap&quot;,&quot;aspectRatio&quot;:&quot;2.95&quot;,&quot;weekends&quot;:true,&quot;allDayDefault&quot;:true,&quot;titleFormat&quot;:{&quot;month&quot;:&quot;MMMM yyyy&quot;,&quot;week&quot;:&quot;dd {&#039;-&#039; [dd MMM]  yyyy}&quot;,&quot;day&quot;:&quot;ddd dd MMM yyyy&quot;},&quot;mobile_month_cell_num_format&quot;:&quot;dd MMMM&quot;,&quot;columnFormat&quot;:{&quot;month&quot;:&quot;ddd&quot;,&quot;week&quot;:&quot;ddd dd MMM&quot;,&quot;day&quot;:&quot;dddd dd MMMM yyyy&quot;},&quot;timeFormat&quot;:{&quot;month&quot;:&quot;HH:mm&quot;,&quot;week&quot;:&quot;HH:mm - {HH:mm}&quot;,&quot;day&quot;:&quot;HH:mm - {HH:mm}&quot;,&quot;&quot;:&quot;h(:mm)t&quot;},&quot;tooltip&quot;:{&quot;startDate&quot;:&quot;ddd d MMM \\u00e0 HH:mm&quot;,&quot;startDateAllDay&quot;:&quot;ddd d MMM \\u00e0 HH:mm&quot;,&quot;endDate&quot;:&quot;ddd d MMM \\u00e0 HH:mm&quot;,&quot;endDateAllDay&quot;:&quot;ddd d MMM \\u00e0 HH:mm&quot;,&quot;target&quot;:&quot;_blank&quot;,&quot;disableTitleLink&quot;:&quot;0&quot;,&quot;enableCustom&quot;:true,&quot;taxonomy_links&quot;:true,&quot;image&quot;:1,&quot;excerpt&quot;:0},&quot;tooltip_on_hover&quot;:&quot;1&quot;,&quot;tooltip_close_on_title_leave&quot;:&quot;1&quot;,&quot;tooltip_close_on_outside_click&quot;:&quot;0&quot;,&quot;axisFormat&quot;:&quot;HH:mm&quot;,&quot;isRTL&quot;:false,&quot;firstDay&quot;:1,&quot;monthNames&quot;:[&quot;Januari&quot;,&quot;Februari&quot;,&quot;Maart&quot;,&quot;April&quot;,&quot;Mei&quot;,&quot;Juni&quot;,&quot;Juli&quot;,&quot;Augustus&quot;,&quot;September&quot;,&quot;Oktober&quot;,&quot;November&quot;,&quot;December&quot;],&quot;monthNamesShort&quot;:[&quot;Jan&quot;,&quot;Feb&quot;,&quot;Mar&quot;,&quot;Apr&quot;,&quot;May&quot;,&quot;Jun&quot;,&quot;Jul&quot;,&quot;Aug&quot;,&quot;Sep&quot;,&quot;Oct&quot;,&quot;Nov&quot;,&quot;Dec&quot;],&quot;dayNames&quot;:[&quot;Zondag&quot;,&quot;Maandag&quot;,&quot;Dinsdag&quot;,&quot;Woensdag&quot;,&quot;Donderdag&quot;,&quot;Vrijdag&quot;,&quot;Zaterdag&quot;],&quot;dayNamesShort&quot;:[&quot;Sun&quot;,&quot;Mon&quot;,&quot;Tue&quot;,&quot;Wed&quot;,&quot;Thu&quot;,&quot;Fri&quot;,&quot;Sat&quot;],&quot;buttonText&quot;:{&quot;today&quot;:&quot;vandaag&quot;,&quot;month&quot;:&quot;month&quot;,&quot;week&quot;:&quot;week&quot;,&quot;day&quot;:&quot;dag&quot;,&quot;prev&quot;:&quot;&quot;,&quot;next&quot;:&quot;&quot;,&quot;prevYear&quot;:&quot;&quot;,&quot;nextYear&quot;:&quot;&quot;,&quot;rhc_search&quot;:&quot;Search by filters&quot;,&quot;rhc_event&quot;:&quot;event&quot;,&quot;rhc_detail&quot;:&quot;detail&quot;,&quot;rhc_gmap&quot;:&quot;Mapwiew&quot;,&quot;rhc_filter&quot;:&quot;&amp;nbsp;&quot;},&quot;buttonIcons&quot;:{&quot;prev&quot;:&quot;circle-triangle-w&quot;,&quot;next&quot;:&quot;circle-triangle-e&quot;},&quot;transition&quot;:{&quot;notransition&quot;:&quot;0&quot;,&quot;easing&quot;:&quot;easeInOutExpo&quot;,&quot;duration&quot;:&quot;600&quot;,&quot;direction&quot;:&quot;horizontal&quot;},&quot;eventList&quot;:{&quot;TitleFormat&quot;:&quot;MMMM yyyy&quot;,&quot;DateFormat&quot;:&quot;dd MMMM yyyy&quot;,&quot;StartDateFormat&quot;:&quot;dd MMM yyyy&quot;,&quot;StartDateFormatAllDay&quot;:&quot;dddd dd MMM yyyy&quot;,&quot;ShowHeader&quot;:&quot;1&quot;,&quot;eventListNoEventsText&quot;:&quot;Pas d&#039;\\u00e9v\\u00e9nement \\u00e0 venir pour la p\\u00e9riode choisie&quot;,&quot;monthsahead&quot;:&quot;&quot;,&quot;daysahead&quot;:&quot;&quot;,&quot;upcoming&quot;:&quot;0&quot;,&quot;reverse&quot;:&quot;0&quot;,&quot;display&quot;:&quot;&quot;,&quot;outofrange&quot;:&quot;0&quot;,&quot;eventlist_template&quot;:&quot;&quot;,&quot;extDateFormat&quot;:&quot;ddd dd MMM yyyy&quot;,&quot;extTimeFormat&quot;:&quot;HH:mm&quot;,&quot;extDateTimeFormat&quot;:&quot;dddd dd MMM yyyy, HH:mm&quot;,&quot;extendedDetails&quot;:&quot;1&quot;,&quot;delta&quot;:&quot;&quot;,&quot;stack&quot;:&quot;0&quot;,&quot;auto&quot;:&quot;0&quot;,&quot;scrolloffset&quot;:&quot;&quot;,&quot;removeended&quot;:&quot;0&quot;},&quot;widgetlist&quot;:{&quot;sel&quot;:&quot;&quot;,&quot;number&quot;:&quot;&quot;,&quot;showimage&quot;:&quot;&quot;,&quot;fcdate_format&quot;:&quot;&quot;,&quot;fctime_format&quot;:&quot;&quot;,&quot;start&quot;:&quot;&quot;,&quot;end&quot;:&quot;&quot;,&quot;horizon&quot;:&quot;&quot;,&quot;using_calendar_url&quot;:&quot;&quot;,&quot;loading_method&quot;:&quot;&quot;,&quot;historic&quot;:&quot;&quot;,&quot;specific_date&quot;:&quot;&quot;,&quot;words&quot;:&quot;10&quot;,&quot;dayspast&quot;:0,&quot;premiere&quot;:&quot;&quot;},&quot;eventClick&quot;:fc_click,&quot;eventMouseover&quot;:fc_mouseover,&quot;singleSource&quot;:&quot;https:\\\/\\\/biodanza.be\\\/?rhc_action=get_rendered_item&quot;,&quot;for_widget&quot;:0,&quot;widget_dayclick&quot;:&quot;&quot;,&quot;widget_link&quot;:&quot;&quot;,&quot;widget_link_view&quot;:&quot;&quot;,&quot;widget_google_map&quot;:&quot;interactive&quot;,&quot;widget_onechardaylabel&quot;:&quot;&quot;,&quot;widget_autohover&quot;:&quot;&quot;,&quot;widget_autoclick&quot;:&quot;&quot;,&quot;widget_hformat&quot;:&quot;&quot;,&quot;gotodate&quot;:&quot;&quot;,&quot;ev_calendar&quot;:&quot;&quot;,&quot;ev_venue&quot;:&quot;&quot;,&quot;ev_organizer&quot;:&quot;&quot;,&quot;allDaySlot&quot;:false,&quot;allDayText&quot;:&quot;all-day&quot;,&quot;firstHour&quot;:&quot;10&quot;,&quot;slotMinutes&quot;:60,&quot;minTime&quot;:&quot;0&quot;,&quot;maxTime&quot;:&quot;24&quot;,&quot;json_feed&quot;:&quot;&quot;,&quot;json_only&quot;:0,&quot;tax_filter&quot;:&quot;1&quot;,&quot;tax_filter_label&quot;:{&quot;year&quot;:&quot;Year&quot;,&quot;month&quot;:&quot;Month&quot;},&quot;tax_filter_skip&quot;:[&quot;venue&quot;,&quot;core_year&quot;,&quot;core_month&quot;,&quot;ville&quot;],&quot;tax_filter_include&quot;:[],&quot;tax_filter_multiple&quot;:1,&quot;sidelist&quot;:{&quot;open&quot;:&quot;0&quot;,&quot;link_target&quot;:&quot;_blank&quot;,&quot;template&quot;:&quot;#sidelist_template_calendarize_0&quot;,&quot;labels&quot;:{&quot;tab&quot;:&quot;ALL THE EVENTS&quot;}},&quot;hiddenDays&quot;:[],&quot;skipMonths&quot;:[],&quot;matchBackground&quot;:&quot;0&quot;,&quot;shrink&quot;:&quot;0&quot;,&quot;month_event_image&quot;:&quot;0&quot;,&quot;upcoming&quot;:&quot;0&quot;,&quot;upcoming_trim_past&quot;:&quot;0&quot;,&quot;left_trim_date&quot;:&quot;0&quot;,&quot;right_trim_date&quot;:&quot;0&quot;,&quot;nextDayThreshold&quot;:&quot;&quot;,&quot;showothermonth&quot;:&quot;1&quot;,&quot;feed&quot;:&quot;0&quot;,&quot;norepeat&quot;:&quot;0&quot;,&quot;event_skip&quot;:0,&quot;local_tz&quot;:0,&quot;debugjs&quot;:0,&quot;preload&quot;:0,&quot;allday_group&quot;:0,&quot;max_events&quot;:0,&quot;render_events&quot;:1,&quot;fixed_title&quot;:&quot;&quot;,&quot;btn_tax_parent_only&quot;:&quot;1&quot;,&quot;term_post_count&quot;:&quot;0&quot;,&quot;selectable&quot;:&quot;&quot;,&quot;selectHelper&quot;:&quot;&quot;,&quot;select&quot;:&quot;&quot;,&quot;gmap_view&quot;:{&quot;zoom&quot;:&quot;8&quot;,&quot;only_latlng&quot;:&quot;0&quot;,&quot;cluster&quot;:&quot;0&quot;,&quot;fullscreen&quot;:&quot;0&quot;,&quot;fullscreen_label&quot;:&quot;[ FULLSCREEN ]&quot;,&quot;exit_fullscreen_label&quot;:&quot;[ EXIT FULLSCREEN ]&quot;,&quot;watermark_url&quot;:&quot;https:\\\/\\\/biodanza.be\\\/wp-content\\\/uploads\\\/2022\\\/04\\\/cropped-logo-80x80.png&quot;,&quot;watermark_link&quot;:&quot;&quot;,&quot;months&quot;:&quot;12&quot;,&quot;sidelist_label&quot;:&quot;ALL THE EVENTS&quot;,&quot;geolocated&quot;:&quot;0&quot;,&quot;default_lat&quot;:&quot;50.642140&quot;,&quot;default_lng&quot;:&quot;4.679820&quot;,&quot;upcoming&quot;:&quot;0&quot;,&quot;titleformat&quot;:&quot;MMMM yyyy&quot;,&quot;styleid&quot;:&quot;&quot;,&quot;styles&quot;:&quot;[]&quot;,&quot;venue_link_label&quot;:&quot;Get more information&quot;,&quot;venue_link_target&quot;:&quot;_blank&quot;}}}},&quot;common&quot;:{&quot;theme&quot;:false,&quot;icalendar_align&quot;:&quot;right&quot;}}\"><div class=\"fullCalendar\"><\/div><div style=\"clear:both\"><\/div><noscript><ul><li><a href=\"https:\/\/biodanza.be\/nl\/activite\/biodanza-hebdomadaire-a-charleroi\/\">Charleroi       Biodanza Hebdomadaire avec Boris<\/a><\/li><li><a href=\"https:\/\/biodanza.be\/nl\/activite\/%e2%9e%94-bruxelles-etterbeekbiodanza-hebdomadairealexandre\/\">\u2794 <center><b>Bruxelles-Etterbeek<\/b><br \/>Biodanza hebdomadaire<br \/>Alexandre<\/center><\/a><\/li><li><a href=\"https:\/\/biodanza.be\/nl\/activite\/groupe-hebdomadaire-avec-oceane-a-woluwe-cours-intermediaire-3-2-2\/\"><center><b>Woluwe<\/b><br \/>Groupe hebdomadaire niveau interm\u00e9diaire<br \/>Oc\u00e9ane<\/center><\/a><\/li><li><a href=\"https:\/\/biodanza.be\/nl\/activite\/%e2%9e%94-baisy-thybiodanza-hebdomadaireemilie-buscema\/\">\u2794 <center><b>Baisy-Thy<\/b><br \/>Biodanza hebdomadaire<br \/>Emilie Buscema<\/center><\/a><\/li><li><a href=\"https:\/\/biodanza.be\/nl\/activite\/de-redding-van-eros-in-staden-met-carlos-garcia-en-inge-struyf\/\">De Redding van Eros in Staden met Carlos Garcia (en Inge Struyf)<\/a><\/li><li><a href=\"https:\/\/biodanza.be\/nl\/activite\/62743\/\">Wekelijkse Biodanzasessies in Eppegem-Zemst met Greet Selderslaghs<\/a><\/li><li><a href=\"https:\/\/biodanza.be\/nl\/activite\/51934-2-2\/\">\u2794 <center><b>Bruxelles<\/b><br \/>Estivales de la Biodanza 2026<br \/>Aime Vis Danse<\/center><\/a><\/li><li><a href=\"https:\/\/biodanza.be\/nl\/activite\/%e2%9e%94-leuvenwekelijkse-biodanzamichele-de-moor-2\/\">\u2794 <center><b>Leuven (Heverlee)<\/b><br \/>Wekelijkse Biodanza<br \/>Mich\u00e8le De Moor<\/center><\/a><\/li><li><a href=\"https:\/\/biodanza.be\/nl\/activite\/19h30-21h30-biodanza-seances-hebdo-avec-sylvie-leila-a-longueville-chaumont-gistoux\/\">\u2794 <center><b>Longueville (Chaumont-Gistoux)<\/b><br \/>Biodanza<br \/>Sylvie-Le\u00efla<\/center><\/a><\/li><li><a href=\"https:\/\/biodanza.be\/nl\/activite\/biodanza-valeriane-waterloo\/\">Biodanza Val\u00e9riane - Waterloo<\/a><\/li><li><a href=\"https:\/\/biodanza.be\/nl\/activite\/biodanza-hebdomadaire\/\">Biodanza Hebdomadaire<\/a><\/li><li><a href=\"https:\/\/biodanza.be\/nl\/activite\/%e2%9e%94-zemstwekelijkse-biodanzaleswilli-lichtert\/\">\u2794 <center><b>Zemst<\/b><br \/>Wekelijkse Biodanzales<br \/>Willi Lichtert<\/center><\/a><\/li><li><a href=\"https:\/\/biodanza.be\/nl\/activite\/%e2%9e%94-marche-en-famennecours-hebdomadairejean-rene\/\">\u2794 <center><b>Marche-en-Famenne<\/b><br \/>Cours hebdomadaire<br \/>Jean Ren\u00e9<\/center><\/a><\/li><li><a href=\"https:\/\/biodanza.be\/nl\/activite\/turnhoutwekelijkse-biodanzakarel-hermans-2-2-2\/\">\u2794 <center><b>Turnhout<\/b><br \/>Wekelijkse Biodanza<br \/>Karel Hermans<\/center><\/a><\/li><li><a href=\"https:\/\/biodanza.be\/nl\/activite\/%e2%9e%94-bruxelles-biodanza-debutant-aime-vis-danse-2025-26\/\">\u2794 <center><b>Bruxelles (Auderghem)<\/b><br \/>Biodanza hebdo<br \/>Aime Vis Danse Biodanza<\/center><\/a><\/li><li><a href=\"https:\/\/biodanza.be\/nl\/activite\/%e2%9e%94-schaerbeekbiodanza-hebdomadaireelodie-vandenbogaerde-2-2-2\/\"><center><b>Schaerbeek<\/b><br \/>Biodanza en soir\u00e9e<br \/>Elodie Vandenbogaerde<\/center><\/a><\/li><li><a href=\"https:\/\/biodanza.be\/nl\/activite\/%e2%9e%94-namurbiodanza-hebdomadaireloelia-2\/\">\u2794 <center><b>Namur<\/b><br \/>Biodanza hebdomadaire<br \/>Lo\u00e9lia<\/center><\/a><\/li><li><a href=\"https:\/\/biodanza.be\/nl\/activite\/biodanza-jeanmarie\/\">LIEGE                                     Biodanza Jean & Marie                               Cours hebdomadaire<\/a><\/li><li><a href=\"https:\/\/biodanza.be\/nl\/activite\/%e2%9e%94-gemblouxcours-hebdomadairemichele-de-moor-2\/\">\u2794 <center><b>Gembloux<\/b><br \/>Cours hebdomadaire<br \/>Mich\u00e8le De Moor<\/center><\/a><\/li><li><a href=\"https:\/\/biodanza.be\/nl\/activite\/mariella-start-op-7-okt-2026\/\">Mariella start op 7 okt 2026<\/a><\/li><li><a href=\"https:\/\/biodanza.be\/nl\/activite\/%e2%9e%94-naninnebiodanza-mercredispascal-cambier-2\/\">\u2794 <center><b>Namur - Naninne<\/b><br \/>Biodanza mercredis<br \/>Pascal Cambier<\/center><\/a><\/li><li><a href=\"https:\/\/biodanza.be\/nl\/activite\/biodanza-liora-uccle\/\">\u2794 <center><b>Uccle<\/b><br \/>Biodanza le mercredi<br \/>Liora<\/center><\/a><\/li><li><a href=\"https:\/\/biodanza.be\/nl\/activite\/%e2%9e%94-chastrebiodanza-hebdomadairebiodanza-des-possibles\/\">\u2794 <center><b>Chastre<\/b><br \/>Biodanza hebdomadaire<br \/>Biodanza des Possibles<\/center><\/a><\/li><li><a href=\"https:\/\/biodanza.be\/nl\/activite\/biodanza-famille-a-chaumont-gistoux-des-3-ans\/\">10h30-12h Biodanza Famille \u00e0 Chaumont-Gistoux avec Sylvie-Le\u00efla (enfants d\u00e8s 3 ans)<\/a><\/li><li><a href=\"https:\/\/biodanza.be\/nl\/activite\/%e2%9e%94-schaerbeekbiodanza-hebdomadaireelodie-vandenbogaerde-2-3\/\"><center><b>Schaerbeek<\/b><br \/>Biodanza matinale<br \/>Elodie Vandenbogaerde<\/center><\/a><\/li><li><a href=\"https:\/\/biodanza.be\/nl\/activite\/biodanza-met-petra-frederic\/\">Biodanza met Petra & Frederic<\/a><\/li><li><a href=\"https:\/\/biodanza.be\/nl\/activite\/%e2%9e%94-bruxelles-biodanza-aime-vis-danse-2025-2027\/\"><center><b>Bruxelles (Boitsfort)<\/b><br \/>Biodanza hebdo<br \/>Aime Vis Danse Biodanza<\/center><\/a><\/li><li><a href=\"https:\/\/biodanza.be\/nl\/activite\/de-vier-elementen-dansen-en-je-identiteit-omtplooien-in-bonheiden-en-ramillies-met-inge-struyf-en-suzy-abramski\/\">De vier elementen dansen en je identiteit omtplooien in Bonheiden en Ramillies met Inge Struyf en Suzy Abramski<\/a><\/li><li><a href=\"https:\/\/biodanza.be\/nl\/activite\/%e2%9e%94-bruxelles-watermael-boitsfortbiodanza-au-feminin-ateliers-mensuelsblandine-pillet\/\">\u2794 <center><b>Bruxelles Watermael-Boitsfort<\/b><br \/>Biodanza au f\u00e9minin, ateliers mensuels<br \/>Blandine Pillet<\/center><\/a><\/li><li><a href=\"https:\/\/biodanza.be\/nl\/activite\/le-plaisir-des-sens\/\">Stage r\u00e9sidentiel - Le plaisir des sens - Carine Jacmart<\/a><\/li><li><a href=\"https:\/\/biodanza.be\/nl\/activite\/%e2%9e%94-genk-intitatie-biodanza-laura-breugelmans\/\">\u2794 Genk - Intitatie Biodanza - Laura Breugelmans<\/a><\/li><li><a href=\"https:\/\/biodanza.be\/nl\/activite\/%e2%9e%94antwerpenwekelijkse-biodanzamariella-hobin\/\">\u2794<center><b>Antwerpen<\/b><br\/>Wekelijkse Biodanza<br\/>Mariella Hobin<\/center><\/a><\/li><li><a href=\"https:\/\/biodanza.be\/nl\/activite\/%e2%9e%94-genk-beginnerscursus-biodanza-laura-breugelmans\/\">\u2794 Genk - Beginnerscursus Biodanza - Laura Breugelmans<\/a><\/li><li><a href=\"https:\/\/biodanza.be\/nl\/activite\/origine-stage-vivenciel-oorsprong-vivenciele-workshop-met-inge-struyf\/\">Origine, stage vivenciel - Oorsprong, vivenci\u00eble workshop met Inge Struyf<\/a><\/li><li><a href=\"https:\/\/biodanza.be\/nl\/activite\/lichtaart-weekend-kunst-van-genieten-nanja\/\">Lichtaart Weekend Kunst van Genieten Nanja<\/a><\/li><li><a href=\"https:\/\/biodanza.be\/nl\/activite\/%e2%9e%94-je_hasselt_koppelbiodanza-laura-en-branco\/\">\u2794Koppelbiodanza met Laura en Branco - Hasselt<\/a><\/li><li><a href=\"https:\/\/biodanza.be\/nl\/activite\/stage-residentiel-je-suis-unique-tu-es-unique-nous-sommes-un-carine-jacmart\/\">Stage r\u00e9sidentiel - Je suis unique, Tu es unique, Nous sommes Un - Carine Jacmart<\/a><\/li><li><a href=\"https:\/\/biodanza.be\/nl\/activite\/zomerzonnewende-dansdag-door-greet-willi\/\">Winterzonnewende dansdag door Greet & Willi<\/a><\/li><li><a href=\"https:\/\/biodanza.be\/nl\/activite\/en-juillet-vivencias-ouvertes-a-tous-a-waterloo\/\">En juillet, vivencias ouvertes \u00e0 tous \u00e0 Waterloo<\/a><\/li><\/ul><a href=\"https:\/\/biodanza.be\/nl\/wp-json\/wp\/v2\/pages\/35991\/rhc-past-events\/0\/\">Older events<\/a><a href=\"https:\/\/biodanza.be\/nl\/wp-json\/wp\/v2\/pages\/35991\/rhc-upcoming-events\/1\/\">Next events<\/a><\/noscript><div itemscope=\"itemscope\" itemtype=\"http:\/\/schema.org\/Event\"><meta itemprop=\"name\" content=\"Charleroi       Biodanza Hebdomadaire avec Boris\"><meta itemprop=\"url\" content=\"https:\/\/biodanza.be\/nl\/activite\/biodanza-hebdomadaire-a-charleroi\/\"><meta itemprop=\"startDate\" content=\"2026-09-03T19:30:00\"><meta itemprop=\"endDate\" content=\"2026-09-03T21:30:00\"><meta itemprop=\"description\" content=\"hebdomadaire Biodanza \u00e0 Charleroi (Jumet) Cours donn\u00e9 par Boris Marique Concr\u00e8tement : C&#8217;est les jeudis soirs, place de la Perche, 2 \u00e0 6040 Jumet. Accueil \u00e0 partir de 19h15 et on commence \u00e0 19h30 pr\u00e9cise. La fin est aux environs de 21h30. Payement \u00e0 la s\u00e9ance, \u00e0 20\u20ac ou abonnement de 10 s\u00e9ances pour 160\u20ac [&hellip;]\"><div itemprop=\"location\" itemscope=\"itemscope\" itemtype=\"http:\/\/schema.org\/Place\"><meta itemprop=\"name\" content=\"Biodanza \u00e0 Charleroi (Centre Artistique Jumetois)\" \/><meta itemprop=\"hasMap\" content=\"http:\/\/maps.google.com\/?q=Pl.+de+la+Perche+3%2C+6040+Charleroi%2C+Belgique\" \/><div itemprop=\"address\" itemscope=\"itemscope\" itemtype=\"http:\/\/schema.org\/PostalAddress\"><meta itemprop=\"streetAddress\" content=\"place de la perche 3\" \/><meta itemprop=\"addressLocality\" content=\"Jumet\" \/><meta itemprop=\"addressRegion\" content=\"hainault\" \/><meta itemprop=\"postalCode\" content=\"6040\" \/><\/div><div itemprop=\"geo\" itemscope=\"itemscope\" itemtype=\"http:\/\/schema.org\/GeoCoordinates\"><meta itemprop=\"latitude\" content=\"50.441471595580786\" \/><meta itemprop=\"longitude\" content=\"4.432705567604196\" \/><\/div><\/div><div itemprop=\"organizer\" itemscope=\"itemscope\" itemtype=\"http:\/\/schema.org\/Organization\"><meta itemprop=\"name\" content=\"Boris Marique\"><\/div><\/div><div itemscope=\"itemscope\" itemtype=\"http:\/\/schema.org\/Event\"><meta itemprop=\"name\" content=\"\u2794 &lt;center&gt;&lt;b&gt;Bruxelles-Etterbeek&lt;\/b&gt;&lt;br \/&gt;Biodanza hebdomadaire&lt;br \/&gt;Alexandre&lt;\/center&gt;\"><meta itemprop=\"url\" content=\"https:\/\/biodanza.be\/nl\/activite\/%e2%9e%94-bruxelles-etterbeekbiodanza-hebdomadairealexandre\/\"><meta itemprop=\"startDate\" content=\"2026-09-03T19:50:00\"><meta itemprop=\"endDate\" content=\"2026-09-03T22:00:00\"><meta itemprop=\"description\" content=\"Biodanza hebdomadaire\u00a0 \u00e0 Etterbeek, Bruxelles Cours donn\u00e9 par Alexandre, facilitateur en supervision Nouveau cours ouvert aux d\u00e9butant.e.s\u00a0 acceuillant les biodanseurs confirm\u00e9s de passage et pour le long terme \ud83d\ude42\u00a0 P\u00e9riode 2026 jusque 9 Juillet Horaire Jeudis de 20h 22h &#8211; acceuil des 19h50 Rel\u00e2che me contacter Lieu Rue des cultivateurs 54, 1040 Bruxelles Trouver le [&hellip;]\"><div itemprop=\"location\" itemscope=\"itemscope\" itemtype=\"http:\/\/schema.org\/Place\"><meta itemprop=\"name\" content=\"Les Jardins d&#039;\u00c9mergences\" \/><div itemprop=\"address\" itemscope=\"itemscope\" itemtype=\"http:\/\/schema.org\/PostalAddress\"><meta itemprop=\"streetAddress\" content=\"\" \/><\/div><\/div><div itemprop=\"organizer\" itemscope=\"itemscope\" itemtype=\"http:\/\/schema.org\/Organization\"><meta itemprop=\"name\" content=\"Alexandre Van Leemput\"><meta itemprop=\"email\" content=\"&#x61;&#x6c;&#101;e&#x6d;&#x70;&#x75;&#116;&#64;&#x67;&#x6d;&#x61;&#105;l&#x2e;&#x63;&#x6f;&#109;\"><\/div><\/div><div itemscope=\"itemscope\" itemtype=\"http:\/\/schema.org\/Event\"><meta itemprop=\"name\" content=\"&lt;center&gt;&lt;b&gt;Woluwe&lt;\/b&gt;&lt;br \/&gt;Groupe hebdomadaire niveau interm\u00e9diaire&lt;br \/&gt;Oc\u00e9ane&lt;\/center&gt;\"><meta itemprop=\"url\" content=\"https:\/\/biodanza.be\/nl\/activite\/groupe-hebdomadaire-avec-oceane-a-woluwe-cours-intermediaire-3-2-2\/\"><meta itemprop=\"startDate\" content=\"2026-09-03T20:00:00\"><meta itemprop=\"endDate\" content=\"2026-09-03T22:00:00\"><meta itemprop=\"description\" content=\"Biodanza hebdomadaire \u00e0 Woluwe Cours donn\u00e9 par Oc\u00e9ane Noircl\u00e8re Bienvenue aux Fraternit\u00e9s du Bon Pasteur, dans une toute belle salle, bien chauff\u00e9e, bien a\u00e9r\u00e9e, pour renouer avec la danse de la vie ! Retrouver son corps, sa bonne humeur, gr\u00e2ce au mouvement inspir\u00e9 par des musiques vari\u00e9es\u2026 Se laisser guider dans l\u2019activation, l\u2019harmonisation, puis la [&hellip;]\"><div itemprop=\"location\" itemscope=\"itemscope\" itemtype=\"http:\/\/schema.org\/Place\"><meta itemprop=\"name\" content=\"Fraternit\u00e9s du Bon Pasteur (Bruxelles-Woluwe-Saint-Pierre)\" \/><meta itemprop=\"hasMap\" content=\"http:\/\/maps.google.com\/?q=Rue+au+Bois+365%2C+1150+Woluwe-Saint-Pierre%2C+Belgique\" \/><div itemprop=\"address\" itemscope=\"itemscope\" itemtype=\"http:\/\/schema.org\/PostalAddress\"><meta itemprop=\"streetAddress\" content=\"365 rue au Bois\" \/><meta itemprop=\"addressLocality\" content=\"Woluwe-Saint-Pierre\" \/><meta itemprop=\"addressRegion\" content=\"Bruxelles\" \/><meta itemprop=\"postalCode\" content=\"1150\" \/><\/div><div itemprop=\"geo\" itemscope=\"itemscope\" itemtype=\"http:\/\/schema.org\/GeoCoordinates\"><meta itemprop=\"latitude\" content=\"50.829981\" \/><meta itemprop=\"longitude\" content=\"4.433504\" \/><\/div><\/div><div itemprop=\"organizer\" itemscope=\"itemscope\" itemtype=\"http:\/\/schema.org\/Organization\"><meta itemprop=\"name\" content=\"Oc\u00e9ane Odyss\u00e9e\"><meta itemprop=\"email\" content=\"&#x6f;c&#x65;&#97;&#x6e;&#x65;o&#x64;&#121;&#x73;&#x73;e&#x65;&#64;&#x67;&#x6d;a&#x69;&#108;&#x2e;&#x63;o&#x6d;\"><\/div><\/div><div itemscope=\"itemscope\" itemtype=\"http:\/\/schema.org\/Event\"><meta itemprop=\"name\" content=\"\u2794 &lt;center&gt;&lt;b&gt;Baisy-Thy&lt;\/b&gt;&lt;br \/&gt;Biodanza hebdomadaire&lt;br \/&gt;Emilie Buscema&lt;\/center&gt;\"><meta itemprop=\"url\" content=\"https:\/\/biodanza.be\/nl\/activite\/%e2%9e%94-baisy-thybiodanza-hebdomadaireemilie-buscema\/\"><meta itemprop=\"startDate\" content=\"2026-09-04T10:00:00\"><meta itemprop=\"endDate\" content=\"2026-09-04T12:00:00\"><meta itemprop=\"description\" content=\"Biodanza hebdomadaire \u00e0 Baisy-Thy Cours donn\u00e9 par Emilie Buscema, facilitatrice en supervision &nbsp; P\u00e9riode 28 ao\u00fbt 2026 au 26 juin 2027 Horaire le vendredi de 10 \u00e0 12h Rel\u00e2che Lieu salle Eywa, 12 rue Tabaral \u00e0 Baisy-Thy Co\u00fbt 20 euros\/s\u00e9ance, prix d\u00e9gressif via un abonnement Inscriptions me contacter Informations 0491\/14 44 69 &#x65;&#x6d;&#x69;&#x6c;&#x69;&#x65;&#x62;&#x75;&#x73;&#x63;&#x65;&#x6d;&#x61;&#x39;&#x40;&#x67;&#x6d;&#x61;&#x69;&#x6c;&#x2e;&#x63;&#x6f;&#x6d; www.emiliebuscema.be Autres [&hellip;]\"><div itemprop=\"location\" itemscope=\"itemscope\" itemtype=\"http:\/\/schema.org\/Place\"><meta itemprop=\"name\" content=\"Eywa\" \/><div itemprop=\"address\" itemscope=\"itemscope\" itemtype=\"http:\/\/schema.org\/PostalAddress\"><meta itemprop=\"streetAddress\" content=\"\" \/><\/div><\/div><div itemprop=\"organizer\" itemscope=\"itemscope\" itemtype=\"http:\/\/schema.org\/Organization\"><meta itemprop=\"name\" content=\"Emilie Buscema\"><meta itemprop=\"email\" content=\"emiliebuscem&#97;&#57;&#64;&#103;&#109;&#97;&#105;&#108;&#46;&#99;&#111;&#109;\"><\/div><\/div><div itemscope=\"itemscope\" itemtype=\"http:\/\/schema.org\/Event\"><meta itemprop=\"name\" content=\"De Redding van Eros in Staden met Carlos Garcia (en Inge Struyf)\"><meta itemprop=\"url\" content=\"https:\/\/biodanza.be\/nl\/activite\/de-redding-van-eros-in-staden-met-carlos-garcia-en-inge-struyf\/\"><meta itemprop=\"startDate\" content=\"2026-09-05T10:00:00\"><meta itemprop=\"endDate\" content=\"2026-09-06T16:30:00\"><meta itemprop=\"description\" content=\"\u2794 De Redding van Eros in Staden met Carlos Garcia (en Inge Struyf) Cursus gegeven door\u00a0Carlos Garcia en Inge Struyf n onze verbindingen willen we de eros van genot, van sensualiteit, van empathie en gedeeld genot redden. Een erotiek die het dagelijks leven verrijkt, die de vreugde en het plezier in het leven terugvindt. Ons [&hellip;]\"><div itemprop=\"location\" itemscope=\"itemscope\" itemtype=\"http:\/\/schema.org\/Place\"><meta itemprop=\"name\" content=\"Hoeve Wabi Sabi\" \/><meta itemprop=\"hasMap\" content=\"http:\/\/maps.google.com\/?q=Provinciebaan+59%2C+8840+Staden%2C+Belgique\" \/><div itemprop=\"address\" itemscope=\"itemscope\" itemtype=\"http:\/\/schema.org\/PostalAddress\"><meta itemprop=\"streetAddress\" content=\"Provinciebaan 59\" \/><meta itemprop=\"addressLocality\" content=\"Staden (Nabij Roeselare)\" \/><meta itemprop=\"addressRegion\" content=\"west vlaanderen\" \/><meta itemprop=\"postalCode\" content=\"8840\" \/><\/div><div itemprop=\"geo\" itemscope=\"itemscope\" itemtype=\"http:\/\/schema.org\/GeoCoordinates\"><meta itemprop=\"latitude\" content=\"50.949845\" \/><meta itemprop=\"longitude\" content=\" 3.040303\" \/><\/div><\/div><div itemprop=\"organizer\" itemscope=\"itemscope\" itemtype=\"http:\/\/schema.org\/Organization\"><meta itemprop=\"name\" content=\"Inge Struyf\"><meta itemprop=\"email\" content=\"&#99;&#x6f;n&#116;&#x61;c&#116;&#x40;i&#x6d;&#x69;&#45;&#x62;i&#111;&#x64;a&#110;&#x7a;a&#x2e;&#x63;&#111;&#x6d;\"><\/div><\/div><div itemscope=\"itemscope\" itemtype=\"http:\/\/schema.org\/Event\"><meta itemprop=\"name\" content=\"Wekelijkse Biodanzasessies in Eppegem-Zemst met Greet Selderslaghs\"><meta itemprop=\"url\" content=\"https:\/\/biodanza.be\/nl\/activite\/62743\/\"><meta itemprop=\"startDate\" content=\"2026-09-05T15:00:00\"><meta itemprop=\"endDate\" content=\"2026-09-05T16:45:00\"><meta itemprop=\"description\" content=\"\u2794Zemst Wekelijkse Biodanzasessies Greet Selderslaghs Biodanza wekelijks in Zemst Sessies gegeven door Greet Selderslaghs, Biodanza facilitator Een fijne manier om je te verbinden met anderen, stress los te laten, met meer vrijheid en energie in het leven te staan &#8230;\u00a0 Periode van 5 september 2026 tot 12 juni 2027 Tijdstip zaterdag, van 15.00 u tot [&hellip;]\"><div itemprop=\"location\" itemscope=\"itemscope\" itemtype=\"http:\/\/schema.org\/Place\"><meta itemprop=\"name\" content=\"Sportcube\" \/><div itemprop=\"address\" itemscope=\"itemscope\" itemtype=\"http:\/\/schema.org\/PostalAddress\"><meta itemprop=\"streetAddress\" content=\"\" \/><\/div><\/div><div itemprop=\"organizer\" itemscope=\"itemscope\" itemtype=\"http:\/\/schema.org\/Organization\"><meta itemprop=\"name\" content=\"Greet Selderslaghs\"><meta itemprop=\"email\" content=\"&#103;r&#x65;e&#x74;&#46;&#x73;&#101;&#x6c;&#100;&#x65;&#114;s&#x6c;a&#x67;h&#x73;&#64;&#x73;&#107;&#x79;&#110;&#x65;&#116;&#46;&#x62;e\"><\/div><\/div><div itemscope=\"itemscope\" itemtype=\"http:\/\/schema.org\/Event\"><meta itemprop=\"name\" content=\"\u2794 &lt;center&gt;&lt;b&gt;Bruxelles&lt;\/b&gt;&lt;br \/&gt;Estivales de la Biodanza 2026&lt;br \/&gt;Aime Vis Danse&lt;\/center&gt;\"><meta itemprop=\"url\" content=\"https:\/\/biodanza.be\/nl\/activite\/51934-2-2\/\"><meta itemprop=\"startDate\" content=\"2026-09-07T19:30:00\"><meta itemprop=\"endDate\" content=\"2026-09-07T21:45:00\"><meta itemprop=\"description\" content=\"Bruxelles Et si cet \u00e9t\u00e9 \u00e9tait un moment pour oser autrement? Aime Vis Danse Estivales de la Biodanza \u00e0 Bruxelles (Boitsfort) Ateliers anim\u00e9s par V\u00e9ronica Lenne, Facilitatrice Certifi\u00e9e &amp; Didacte de Biodanza SRT L\u2019\u00e9t\u00e9 est une saison propice \u00e0 la d\u00e9couverte, \u00e0 l\u2019insouciance, \u00e0 toutes sortes de r\u00e9jouissances. Comme chaque \u00e9t\u00e9, Aime Vis Danse propose [&hellip;]\"><div itemprop=\"location\" itemscope=\"itemscope\" itemtype=\"http:\/\/schema.org\/Place\"><meta itemprop=\"name\" content=\"Les B\u00e9guinettes (Boitsfort)\" \/><meta itemprop=\"image\" content=\"https:\/\/www.google.be\/imgres?imgurl=https%3A%2F%2Flookaside.fbsbx.com%2Flookaside%2Fcrawler%2Fmedia%2F%3Fmedia_id%3D464075939080176&amp;tbnid=1bxtLgzG7FZZAM&amp;vet=12ahUKEwiayq7f9ZuBAxWkof0HHZY0DyEQMygAegQIARBM..i&amp;imgrefurl=https%3A%2F%2Fwww.facebook.com%2Fbeguinettes%2F&amp;docid=6S34_09zPKZjBM&amp;w=1520&amp;h=741&amp;q=LES%20B%C3%89GUINETTES%20BOITSFORT&amp;hl=fr-be&amp;client=safari&amp;ved=2ahUKEwiayq7f9ZuBAxWkof0HHZY0DyEQMygAegQIARBM\" \/><meta itemprop=\"hasMap\" content=\"http:\/\/maps.google.com\/?q=Les+B%C3%A9guinettes%2C+Watermael-Boitsfort+BE%2C+Rue+des+B%C3%A9guinettes+26%2C+1170+Bruxelles%2C+Belgique\" \/><div itemprop=\"address\" itemscope=\"itemscope\" itemtype=\"http:\/\/schema.org\/PostalAddress\"><meta itemprop=\"streetAddress\" content=\"Rue des B\u00e9guinettes 26\" \/><meta itemprop=\"addressLocality\" content=\"Bruxelles\" \/><meta itemprop=\"postalCode\" content=\"1170\" \/><\/div><div itemprop=\"geo\" itemscope=\"itemscope\" itemtype=\"http:\/\/schema.org\/GeoCoordinates\"><meta itemprop=\"latitude\" content=\"50.8003124\" \/><meta itemprop=\"longitude\" content=\"4.4178995\" \/><\/div><\/div><div itemprop=\"organizer\" itemscope=\"itemscope\" itemtype=\"http:\/\/schema.org\/Organization\"><meta itemprop=\"name\" content=\"Aime Vis Danse\"><meta itemprop=\"url\" content=\"https:\/\/aime-vis-danse.be\"><meta itemprop=\"telephone\" content=\"+32475293301\"><meta itemprop=\"image\" content=\"https:\/\/www.aime-vis-danse.be\/wp-content\/uploads\/2020\/05\/Logo-Site-AVD-Header.png\"><meta itemprop=\"email\" content=\"&#x61;&#105;m&#x65;&#118;i&#x73;&#100;a&#x6e;&#115;e&#x40;&#103;m&#x61;&#x69;l&#x2e;&#x63;&#111;&#x6d;\"><\/div><\/div><div itemscope=\"itemscope\" itemtype=\"http:\/\/schema.org\/Event\"><meta itemprop=\"name\" content=\"\u2794 &lt;center&gt;&lt;b&gt;Leuven (Heverlee)&lt;\/b&gt;&lt;br \/&gt;Wekelijkse Biodanza&lt;br \/&gt;Mich\u00e8le De Moor&lt;\/center&gt;\"><meta itemprop=\"url\" content=\"https:\/\/biodanza.be\/nl\/activite\/%e2%9e%94-leuvenwekelijkse-biodanzamichele-de-moor-2\/\"><meta itemprop=\"startDate\" content=\"2026-09-07T19:30:00\"><meta itemprop=\"endDate\" content=\"2026-09-07T21:30:00\"><meta itemprop=\"description\" content=\"Biodanza wekelijkse in Heverlee (Leuven) Cursus gegeven door Mich\u00e8le De Moor In alle eenvoud, met po\u00ebzie en zachtheid nodig ik je uit om de vreugde van jezelf te zijn in beweging en ontmoeting te ontdekken, herontdekken en delen. Periode elke maandag Tijdstip Om 19h30 Uitgezonderd feestdagen en schoolvakanties maar de lessen gaan door in de [&hellip;]\"><div itemprop=\"location\" itemscope=\"itemscope\" itemtype=\"http:\/\/schema.org\/Place\"><meta itemprop=\"name\" content=\"De Klare Bron (Leuven)\" \/><meta itemprop=\"hasMap\" content=\"http:\/\/maps.google.com\/?q=Jules+Vandenbemptlaan+14%2C+3001+Leuven%2C+Belgique\" \/><div itemprop=\"address\" itemscope=\"itemscope\" itemtype=\"http:\/\/schema.org\/PostalAddress\"><meta itemprop=\"streetAddress\" content=\"Jules Vandenbemptlaan 14\" \/><meta itemprop=\"addressLocality\" content=\"Leuven\" \/><meta itemprop=\"addressRegion\" content=\"Brabant flamand\/Vlaams Brabant\" \/><meta itemprop=\"postalCode\" content=\"3001\" \/><\/div><div itemprop=\"geo\" itemscope=\"itemscope\" itemtype=\"http:\/\/schema.org\/GeoCoordinates\"><meta itemprop=\"latitude\" content=\"50.883333\" \/><meta itemprop=\"longitude\" content=\"4.700000\" \/><\/div><\/div><div itemprop=\"organizer\" itemscope=\"itemscope\" itemtype=\"http:\/\/schema.org\/Organization\"><meta itemprop=\"name\" content=\"Mich\u00e8le De Moor\"><meta itemprop=\"email\" content=\"&#100;&#x65;m&#111;&#x6f;&#114;&#x6d;i&#99;&#x68;e&#x6c;&#x65;&#64;&#x79;a&#104;&#x6f;o&#x2e;&#x66;&#114;\"><\/div><\/div><div itemscope=\"itemscope\" itemtype=\"http:\/\/schema.org\/Event\"><meta itemprop=\"name\" content=\"\u2794 &lt;center&gt;&lt;b&gt;Longueville (Chaumont-Gistoux)&lt;\/b&gt;&lt;br \/&gt;Biodanza&lt;br \/&gt;Sylvie-Le\u00efla&lt;\/center&gt;\"><meta itemprop=\"url\" content=\"https:\/\/biodanza.be\/nl\/activite\/19h30-21h30-biodanza-seances-hebdo-avec-sylvie-leila-a-longueville-chaumont-gistoux\/\"><meta itemprop=\"startDate\" content=\"2026-09-07T19:30:00\"><meta itemprop=\"endDate\" content=\"2026-09-07T21:30:00\"><meta itemprop=\"description\" content=\"Biodanza hebdomadaire\u00a0 \u00e0 Longueville (Chaumont-Gistoux) Cours donn\u00e9 par Sylvie-Le\u00efla P\u00e9riode [p\u00e9riode ou date fixe] Horaire [jour de la semaine et heures de d\u00e9but et de fin] Rel\u00e2che [jours de rel\u00e2che si oui. Non, sinon] Lieu [Nom de l&#8217;endroit et son adresse] Co\u00fbt [votre texte d\u00e9taillant le co\u00fbt de l&#8217;activit\u00e9] Inscriptions [d\u00e9tails d&#8217;inscription ou \u00e9crire &#8220;me [&hellip;]\"><div itemprop=\"location\" itemscope=\"itemscope\" itemtype=\"http:\/\/schema.org\/Place\"><meta itemprop=\"name\" content=\"La Th\u00e9ba\u00efde (\" \/><meta itemprop=\"hasMap\" content=\"http:\/\/maps.google.com\/?q=Rue+de+Chaumont+3%2C+1325+Chaumont-Gistoux\" \/><div itemprop=\"address\" itemscope=\"itemscope\" itemtype=\"http:\/\/schema.org\/PostalAddress\"><meta itemprop=\"streetAddress\" content=\"Rue de Chaumont 3\" \/><meta itemprop=\"addressLocality\" content=\"Chaumont-Gistoux\" \/><meta itemprop=\"addressRegion\" content=\"Brabant wallon\" \/><meta itemprop=\"postalCode\" content=\"1325\" \/><\/div><div itemprop=\"geo\" itemscope=\"itemscope\" itemtype=\"http:\/\/schema.org\/GeoCoordinates\"><meta itemprop=\"latitude\" content=\"50.70115527257037\" \/><meta itemprop=\"longitude\" content=\"4.739444109763731\" \/><\/div><\/div><div itemprop=\"organizer\" itemscope=\"itemscope\" itemtype=\"http:\/\/schema.org\/Organization\"><meta itemprop=\"name\" content=\"Sylvie-Le\u00efla\"><meta itemprop=\"telephone\" content=\"0490\/ 42 63 08\"><meta itemprop=\"email\" content=\"sylvieleila7&#64;&#103;&#109;&#97;&#105;&#108;&#46;&#99;&#111;&#109;\"><\/div><\/div><div itemscope=\"itemscope\" itemtype=\"http:\/\/schema.org\/Event\"><meta itemprop=\"name\" content=\"Biodanza Val\u00e9riane &#8211; Waterloo\"><meta itemprop=\"url\" content=\"https:\/\/biodanza.be\/nl\/activite\/biodanza-valeriane-waterloo\/\"><meta itemprop=\"startDate\" content=\"2026-09-07T19:45:00\"><meta itemprop=\"endDate\" content=\"2026-09-07T22:00:00\"><meta itemprop=\"description\" content=\"Tous les lundis soir Accueil d\u00e8s 19h45 Adresse : Centre Vytalis &#8211; Dr\u00e8ve de l&#8217;Infante, 7 \u00e0 1410 Waterloo Inscription via le formulaire. Abonnement D\u00e9couverte (3 s\u00e9ances &#8211; Pour les personnes qui souhaitent d\u00e9couvrir la Biodanza) : 40 \u20ac (3 semaines cons\u00e9cutives ou tr\u00e8s proches) Abonnement Abondanse (10 s\u00e9ances d&#8217;affil\u00e9es avec 2 reports possibles) : [&hellip;]\"><div itemprop=\"location\" itemscope=\"itemscope\" itemtype=\"http:\/\/schema.org\/Place\"><meta itemprop=\"name\" content=\"Centre Vytalis\" \/><meta itemprop=\"telephone\" content=\"+ 32 496 80 66 11\" \/><meta itemprop=\"hasMap\" content=\"http:\/\/maps.google.com\/?q=Rue+de+la+Bassette\" \/><div itemprop=\"address\" itemscope=\"itemscope\" itemtype=\"http:\/\/schema.org\/PostalAddress\"><meta itemprop=\"streetAddress\" content=\" Dr\u00e8ve de l&#039;Infante, 7\" \/><meta itemprop=\"addressLocality\" content=\"Waterloo\" \/><meta itemprop=\"addressRegion\" content=\"Brabant Wallon\" \/><meta itemprop=\"postalCode\" content=\"1410\" \/><\/div><\/div><div itemprop=\"organizer\" itemscope=\"itemscope\" itemtype=\"http:\/\/schema.org\/Organization\"><meta itemprop=\"name\" content=\"Val\u00e9riane Bournonville\"><meta itemprop=\"url\" content=\"www.abondanse.be\"><meta itemprop=\"telephone\" content=\"+ 32 496 80 66 11\"><meta itemprop=\"email\" content=\"&#x76;a&#x6c;&#101;r&#x69;&#97;&#x6e;&#x65;b&#x6f;&#117;r&#x6e;&#111;&#x6e;&#118;i&#x6c;&#108;e&#x40;&#103;&#x6d;&#97;i&#x6c;&#46;&#x63;&#x6f;m\"><\/div><\/div><div itemscope=\"itemscope\" itemtype=\"http:\/\/schema.org\/Event\"><meta itemprop=\"name\" content=\"Biodanza Hebdomadaire\"><meta itemprop=\"url\" content=\"https:\/\/biodanza.be\/nl\/activite\/biodanza-hebdomadaire\/\"><meta itemprop=\"startDate\" content=\"2026-09-08T00:00:00\"><meta itemprop=\"endDate\" content=\"2026-09-08T00:00:00\"><div itemprop=\"location\" itemscope=\"itemscope\" itemtype=\"http:\/\/schema.org\/Place\"><meta itemprop=\"name\" content=\"45 Rue Delestienne - Marcinelle (Charleroi)\" \/><meta itemprop=\"hasMap\" content=\"http:\/\/maps.google.com\/?q=Rue+Delestienne+45%2C+6001+Charleroi%2C+Belgique\" \/><div itemprop=\"address\" itemscope=\"itemscope\" itemtype=\"http:\/\/schema.org\/PostalAddress\"><meta itemprop=\"streetAddress\" content=\"45 Rue Delestienne\" \/><meta itemprop=\"addressLocality\" content=\"Marcinelle-Charleroi\" \/><meta itemprop=\"addressRegion\" content=\"Hainaut\" \/><meta itemprop=\"postalCode\" content=\"6001\" \/><\/div><div itemprop=\"geo\" itemscope=\"itemscope\" itemtype=\"http:\/\/schema.org\/GeoCoordinates\"><meta itemprop=\"latitude\" content=\"50.4008\" \/><meta itemprop=\"longitude\" content=\"4.4460\" \/><\/div><\/div><div itemprop=\"organizer\" itemscope=\"itemscope\" itemtype=\"http:\/\/schema.org\/Organization\"><meta itemprop=\"name\" content=\"Alain Lauwaert\"><meta itemprop=\"email\" content=\"&#97;&#x6c;a&#105;&#x6e;l&#97;&#x75;w&#97;&#x65;r&#116;&#x31;&#54;&#x40;&#x67;&#109;&#x61;&#x69;&#108;&#x2e;c&#111;&#x6d;\"><\/div><\/div><div itemscope=\"itemscope\" itemtype=\"http:\/\/schema.org\/Event\"><meta itemprop=\"name\" content=\"\u2794 &lt;center&gt;&lt;b&gt;Zemst&lt;\/b&gt;&lt;br \/&gt;Wekelijkse Biodanzales&lt;br \/&gt;Willi Lichtert&lt;\/center&gt;\"><meta itemprop=\"url\" content=\"https:\/\/biodanza.be\/nl\/activite\/%e2%9e%94-zemstwekelijkse-biodanzaleswilli-lichtert\/\"><meta itemprop=\"startDate\" content=\"2026-09-08T10:15:00\"><meta itemprop=\"endDate\" content=\"2026-09-08T12:00:00\"><meta itemprop=\"description\" content=\"Wekelijkse Biodanzales in Zemst Cursus gegeven door Willi Lichtert facilitator [Biodanza is gemakkelijk bewegen en dansen, plezierig en ontspannend. Je krijgt zowel energie als rust bij Biodanza. Zelfvertrouwen groeit, stress vermindert. De lessen zijn vooral voor 50+, blijf actief! ] Periode continu, wekelijks Tijdstip dinsdag van 10u15 tot 12u Uitgezonderd contacteer me hiervoor Locatie Zemst, [&hellip;]\"><div itemprop=\"location\" itemscope=\"itemscope\" itemtype=\"http:\/\/schema.org\/Place\"><meta itemprop=\"name\" content=\"Biblioheek Zemst\" \/><meta itemprop=\"hasMap\" content=\"http:\/\/maps.google.com\/?q=Schoolstraat+23%2C+1980+Zemst%2C+Belgique\" \/><div itemprop=\"address\" itemscope=\"itemscope\" itemtype=\"http:\/\/schema.org\/PostalAddress\"><meta itemprop=\"streetAddress\" content=\"Schoolstraat 23\" \/><meta itemprop=\"addressLocality\" content=\"Zemst\" \/><meta itemprop=\"addressRegion\" content=\"Vlaams-Brabant\" \/><meta itemprop=\"postalCode\" content=\"1980\" \/><\/div><div itemprop=\"geo\" itemscope=\"itemscope\" itemtype=\"http:\/\/schema.org\/GeoCoordinates\"><meta itemprop=\"latitude\" content=\"50.982971767575016\" \/><meta itemprop=\"longitude\" content=\"4.464635677704643\" \/><\/div><\/div><div itemprop=\"organizer\" itemscope=\"itemscope\" itemtype=\"http:\/\/schema.org\/Organization\"><meta itemprop=\"name\" content=\"Willi Lichtert\"><meta itemprop=\"email\" content=\"&#x77;&#105;l&#x6c;&#105;&#46;&#x6c;&#105;c&#x68;&#x74;&#101;&#x72;&#x74;&#64;s&#x6b;&#121;n&#x65;&#116;&#46;&#x62;&#x65;\"><\/div><\/div><div itemscope=\"itemscope\" itemtype=\"http:\/\/schema.org\/Event\"><meta itemprop=\"name\" content=\"\u2794 &lt;center&gt;&lt;b&gt;Marche-en-Famenne&lt;\/b&gt;&lt;br \/&gt;Cours hebdomadaire&lt;br \/&gt;Jean Ren\u00e9&lt;\/center&gt;\"><meta itemprop=\"url\" content=\"https:\/\/biodanza.be\/nl\/activite\/%e2%9e%94-marche-en-famennecours-hebdomadairejean-rene\/\"><meta itemprop=\"startDate\" content=\"2026-09-08T19:00:00\"><meta itemprop=\"endDate\" content=\"2026-09-08T21:00:00\"><meta itemprop=\"description\" content=\"Biodanza &#8211; cours hebdomadaire Cours donn\u00e9 par Jean Ren\u00e9 Accueil attentionn\u00e9 et bienveillant. Joie de vivre, Plaisir d&#8217;\u00eatre ensemble.\u00a0 P\u00e9riode de d\u00e9but septembre \u00e0 fin juin Horaire les mardis de 19h00 \u00e0 21h00 Rel\u00e2che 1 s\u00e9ance par mois. Juillet-Ao\u00fbt. Noel-Nouvel An. Lieu Salle &#8220;La Source&#8221; &#8211; Place Toucr\u00e9e, 6 \u00e0 Marche-en-Famenne Co\u00fbt 15\u20ac\/ s\u00e9ance Inscriptions [&hellip;]\"><div itemprop=\"location\" itemscope=\"itemscope\" itemtype=\"http:\/\/schema.org\/Place\"><meta itemprop=\"name\" content=\"Salle &quot;La Source&quot; (Marche-en-Famenne)\" \/><meta itemprop=\"telephone\" content=\"0476505027\" \/><meta itemprop=\"hasMap\" content=\"http:\/\/maps.google.com\/?q=Pl.+Toucr%C3%A9e+6%2C+6900+Marche-en-Famenne\" \/><div itemprop=\"address\" itemscope=\"itemscope\" itemtype=\"http:\/\/schema.org\/PostalAddress\"><meta itemprop=\"streetAddress\" content=\"Place Toucr\u00e9e, 6\" \/><meta itemprop=\"addressLocality\" content=\"Marche-en-Famenne\" \/><meta itemprop=\"addressRegion\" content=\"Luxembourg\" \/><meta itemprop=\"postalCode\" content=\"6900\" \/><\/div><div itemprop=\"geo\" itemscope=\"itemscope\" itemtype=\"http:\/\/schema.org\/GeoCoordinates\"><meta itemprop=\"latitude\" content=\"50.22701929999999\" \/><meta itemprop=\"longitude\" content=\"5.3421295\" \/><\/div><\/div><div itemprop=\"organizer\" itemscope=\"itemscope\" itemtype=\"http:\/\/schema.org\/Organization\"><meta itemprop=\"name\" content=\"Jean Ren\u00e9 Olivier\"><meta itemprop=\"email\" content=\"&#x62;&#x69;&#x6f;&#x64;&#x61;&#x6e;&#x7a;&#x61;&#x2e;&#x6a;&#x72;&#111;&#64;&#103;&#109;&#97;&#105;&#108;&#46;com\"><\/div><\/div><div itemscope=\"itemscope\" itemtype=\"http:\/\/schema.org\/Event\"><meta itemprop=\"name\" content=\"\u2794 &lt;center&gt;&lt;b&gt;Turnhout&lt;\/b&gt;&lt;br \/&gt;Wekelijkse Biodanza&lt;br \/&gt;Karel Hermans&lt;\/center&gt;\"><meta itemprop=\"url\" content=\"https:\/\/biodanza.be\/nl\/activite\/turnhoutwekelijkse-biodanzakarel-hermans-2-2-2\/\"><meta itemprop=\"startDate\" content=\"2026-09-08T19:30:00\"><meta itemprop=\"endDate\" content=\"2026-09-08T21:30:00\"><meta itemprop=\"description\" content=\"Wekelijkse Biodanza in Turnhout Cursus gegeven door Karel We komen wekelijks samen om in groep te dansen. Niet de pasjes zijn belangrijk, niet het instuderen van een moeilijke choreografie. Het dansen van wat jou beweegt, van wat er in jou leeft, dat is wat vreugde geeft en inspireert. We dansen in principe elke maandag, met [&hellip;]\"><div itemprop=\"location\" itemscope=\"itemscope\" itemtype=\"http:\/\/schema.org\/Place\"><meta itemprop=\"name\" content=\"Ontmoetingscentrum De Djoelen\" \/><meta itemprop=\"hasMap\" content=\"http:\/\/maps.google.com\/?q=Steenweg+op+Mol+3%2FBus+2%2C+2360+Oud-Turnhout\" \/><div itemprop=\"address\" itemscope=\"itemscope\" itemtype=\"http:\/\/schema.org\/PostalAddress\"><meta itemprop=\"streetAddress\" content=\"Steenweg op Mol 3\/Bus 2, 2360 Oud-Turnhout\" \/><\/div><div itemprop=\"geo\" itemscope=\"itemscope\" itemtype=\"http:\/\/schema.org\/GeoCoordinates\"><meta itemprop=\"latitude\" content=\"51.3175940\" \/><meta itemprop=\"longitude\" content=\"4.9829784\" \/><\/div><\/div><div itemprop=\"organizer\" itemscope=\"itemscope\" itemtype=\"http:\/\/schema.org\/Organization\"><meta itemprop=\"name\" content=\"Karel Hermans\"><meta itemprop=\"email\" content=\"&#x6b;&#46;&#x6c;&#46;h&#x65;&#114;&#x6d;&#97;n&#x73;&#64;&#x67;&#109;a&#x69;&#108;&#x2e;&#x63;o&#x6d;\"><\/div><\/div><div itemscope=\"itemscope\" itemtype=\"http:\/\/schema.org\/Event\"><meta itemprop=\"name\" content=\"\u2794 &lt;center&gt;&lt;b&gt;Bruxelles (Auderghem)&lt;\/b&gt;&lt;br \/&gt;Biodanza hebdo&lt;br \/&gt;Aime Vis Danse Biodanza&lt;\/center&gt;\"><meta itemprop=\"url\" content=\"https:\/\/biodanza.be\/nl\/activite\/%e2%9e%94-bruxelles-biodanza-debutant-aime-vis-danse-2025-26\/\"><meta itemprop=\"startDate\" content=\"2026-09-08T19:45:00\"><meta itemprop=\"endDate\" content=\"2026-09-08T22:15:00\"><meta itemprop=\"description\" content=\"Biodanza hebdomadaire \u00e0 Bruxelles (Delta-Auderghem) Cours donn\u00e9 par V\u00e9ronica de Aime Vis Danse Biodanza, facilitatrice titulaire de Biodanza Syst\u00e8me Rolando Toro Il s\u2019agit d\u2019un cours pour adultes, donn\u00e9 en fran\u00e7ais. Ik spreek ook Nederlands.\u00a0Nederlandstaligen zijn hartelijk welkom. I also speak English.\u00a0 English speakers are warmly welcome. Une invitation \u00e0 laisser nos armures rouill\u00e9es pour retrouver [&hellip;]\"><div itemprop=\"location\" itemscope=\"itemscope\" itemtype=\"http:\/\/schema.org\/Place\"><meta itemprop=\"name\" content=\"Gymnasium (Delta)\" \/><meta itemprop=\"url\" content=\"https:\/\/www.auderghem.be\/service-des-sports\" \/><meta itemprop=\"telephone\" content=\"+32 2 676 49 61\" \/><meta itemprop=\"hasMap\" content=\"http:\/\/maps.google.com\/?q=Invalides+laan+214%2F216%2C+1160+Oudergem\" \/><div itemprop=\"address\" itemscope=\"itemscope\" itemtype=\"http:\/\/schema.org\/PostalAddress\"><meta itemprop=\"streetAddress\" content=\"Boulevard des Invalides 214 - 216\" \/><meta itemprop=\"addressLocality\" content=\"Bruxelles\" \/><meta itemprop=\"postalCode\" content=\"1160\" \/><\/div><div itemprop=\"geo\" itemscope=\"itemscope\" itemtype=\"http:\/\/schema.org\/GeoCoordinates\"><meta itemprop=\"latitude\" content=\"50.81944990810129\" \/><meta itemprop=\"longitude\" content=\"4.406462684154813\" \/><\/div><\/div><div itemprop=\"organizer\" itemscope=\"itemscope\" itemtype=\"http:\/\/schema.org\/Organization\"><meta itemprop=\"name\" content=\"Aime Vis Danse\"><meta itemprop=\"url\" content=\"https:\/\/aime-vis-danse.be\"><meta itemprop=\"telephone\" content=\"+32475293301\"><meta itemprop=\"image\" content=\"https:\/\/www.aime-vis-danse.be\/wp-content\/uploads\/2020\/05\/Logo-Site-AVD-Header.png\"><meta itemprop=\"email\" content=\"&#x61;&#105;m&#x65;&#118;&#105;&#x73;&#x64;&#97;n&#x73;&#101;&#64;&#x67;&#x6d;&#97;i&#x6c;&#46;c&#x6f;&#x6d;\"><\/div><\/div><div itemscope=\"itemscope\" itemtype=\"http:\/\/schema.org\/Event\"><meta itemprop=\"name\" content=\"&lt;center&gt;&lt;b&gt;Schaerbeek&lt;\/b&gt;&lt;br \/&gt;Biodanza en soir\u00e9e&lt;br \/&gt;Elodie Vandenbogaerde&lt;\/center&gt;\"><meta itemprop=\"url\" content=\"https:\/\/biodanza.be\/nl\/activite\/%e2%9e%94-schaerbeekbiodanza-hebdomadaireelodie-vandenbogaerde-2-2-2\/\"><meta itemprop=\"startDate\" content=\"2026-09-08T20:00:00\"><meta itemprop=\"endDate\" content=\"2026-09-08T22:15:00\"><meta itemprop=\"description\" content=\"Biodanza en soir\u00e9e \u00e0 Schaerbeek (Bruxelles) Cours donn\u00e9 par Elodie Vandenbogaerde. Biodanza en soir\u00e9e : Une mani\u00e8re unique de terminer vos journ\u00e9es. Vous avez des disponibilit\u00e9s en soir\u00e9e et cherchez une activit\u00e9 ressour\u00e7ante ? Et si vous essayiez la Biodanza ? Aussi appel\u00e9e \u201cdanse de la vie\u201d, elle ne demande aucune chor\u00e9graphie : juste l\u2019envie [&hellip;]\"><div itemprop=\"location\" itemscope=\"itemscope\" itemtype=\"http:\/\/schema.org\/Place\"><meta itemprop=\"name\" content=\"Novano\u00efs (Schaerbeek)\" \/><meta itemprop=\"hasMap\" content=\"http:\/\/maps.google.com\/?q=Vleugelsstraat+3%2C+1030+Schaarbeek\" \/><div itemprop=\"address\" itemscope=\"itemscope\" itemtype=\"http:\/\/schema.org\/PostalAddress\"><meta itemprop=\"streetAddress\" content=\"3 rue des a\u00eeles\" \/><meta itemprop=\"addressLocality\" content=\"Schaerbeek\" \/><meta itemprop=\"postalCode\" content=\"1030 \" \/><\/div><div itemprop=\"geo\" itemscope=\"itemscope\" itemtype=\"http:\/\/schema.org\/GeoCoordinates\"><meta itemprop=\"latitude\" content=\"50.8676568767482\" \/><meta itemprop=\"longitude\" content=\"4.376535682502339\" \/><\/div><\/div><div itemprop=\"organizer\" itemscope=\"itemscope\" itemtype=\"http:\/\/schema.org\/Organization\"><meta itemprop=\"name\" content=\"Elodie Vandenbogaerde\"><meta itemprop=\"url\" content=\"www.biodanzapolo.com\"><meta itemprop=\"telephone\" content=\"+32 479 511 746\"><meta itemprop=\"email\" content=\"&#99;&#x6f;n&#116;&#x61;c&#116;&#x40;b&#105;&#x6f;d&#97;&#x6e;&#122;&#x61;&#x70;&#111;&#x6c;&#x6f;&#46;&#x63;o&#109;\"><\/div><\/div><div itemscope=\"itemscope\" itemtype=\"http:\/\/schema.org\/Event\"><meta itemprop=\"name\" content=\"\u2794 &lt;center&gt;&lt;b&gt;Namur&lt;\/b&gt;&lt;br \/&gt;Biodanza hebdomadaire&lt;br \/&gt;Lo\u00e9lia&lt;\/center&gt;\"><meta itemprop=\"url\" content=\"https:\/\/biodanza.be\/nl\/activite\/%e2%9e%94-namurbiodanza-hebdomadaireloelia-2\/\"><meta itemprop=\"startDate\" content=\"2026-09-08T20:15:00\"><meta itemprop=\"endDate\" content=\"2026-09-08T22:15:00\"><meta itemprop=\"description\" content=\"Biodanza hebdomadaire \u00e0 Namur Cours donn\u00e9 par Lo\u00e9lia RETROUVER TA NATURE AVEC LA DANSE Cette ann\u00e9e je te propose une exploration. Pas une conqu\u00eate. Pas du d\u00e9veloppement personnel. Mais des retrouvailles en toute simplicit\u00e9 avec ta propre nature\u2026 Cette ann\u00e9e, je te propose que \u00e7a soit la joie, l\u2019harmonie, la simplicit\u00e9, la douceur et le [&hellip;]\"><div itemprop=\"location\" itemscope=\"itemscope\" itemtype=\"http:\/\/schema.org\/Place\"><meta itemprop=\"name\" content=\"Centre les Glycines, salle Lotus (Namur)\" \/><meta itemprop=\"url\" content=\"https:\/\/www.espaceslesglycines.be\/\" \/><meta itemprop=\"hasMap\" content=\"http:\/\/maps.google.com\/?q=Av.+de+la+Plante+15%2C+5000+Namur%2C+Belgique\" \/><div itemprop=\"address\" itemscope=\"itemscope\" itemtype=\"http:\/\/schema.org\/PostalAddress\"><meta itemprop=\"streetAddress\" content=\"15 avenue de la Plante\" \/><meta itemprop=\"addressLocality\" content=\"Namur\" \/><meta itemprop=\"postalCode\" content=\"5000\" \/><\/div><div itemprop=\"geo\" itemscope=\"itemscope\" itemtype=\"http:\/\/schema.org\/GeoCoordinates\"><meta itemprop=\"latitude\" content=\"50.45615187427462\" \/><meta itemprop=\"longitude\" content=\" 4.861861621573908\" \/><\/div><\/div><div itemprop=\"organizer\" itemscope=\"itemscope\" itemtype=\"http:\/\/schema.org\/Organization\"><meta itemprop=\"name\" content=\"Lo\u00e9lia Beaufils\"><meta itemprop=\"email\" content=\"&#x70;&#x61;&#x73;&#x73;&#101;&#114;&#101;&#108;le&#46;&#x61;&#x6e;&#x69;&#x6d;&#x61;&#108;&#101;&#64;gma&#x69;&#x6c;&#x2e;&#x63;&#x6f;&#109;\"><\/div><\/div><div itemscope=\"itemscope\" itemtype=\"http:\/\/schema.org\/Event\"><meta itemprop=\"name\" content=\"LIEGE                                     Biodanza Jean &#038; Marie                               Cours hebdomadaire\"><meta itemprop=\"url\" content=\"https:\/\/biodanza.be\/nl\/activite\/biodanza-jeanmarie\/\"><meta itemprop=\"startDate\" content=\"2026-09-09T19:30:00\"><meta itemprop=\"endDate\" content=\"2026-09-09T22:00:00\"><meta itemprop=\"description\" content=\"affiche v250829\u2794 Biodanza Li\u00e8ge Biodanza Jean &amp; Marie \u00e0 Li\u00e8ge Cours donn\u00e9 par Jean &amp; Marie Chaque mercredi soir, Jean et Marie proposent deux heures de danse, de musique et de joie accessibles \u00e0 tous. Un moment pour se reconnecter \u00e0 soi et aux autres. P\u00e9riode \u00a0de septembre \u00e0 juin Horaire tous les mercredis de [&hellip;]\"><div itemprop=\"organizer\" itemscope=\"itemscope\" itemtype=\"http:\/\/schema.org\/Organization\"><meta itemprop=\"name\" content=\"jean Rouschop\"><meta itemprop=\"email\" content=\"&#x6a;&#101;a&#x6e;&#x72;&#111;u&#x73;&#99;h&#x6f;&#x70;&#64;h&#x6f;&#116;m&#x61;&#x69;&#108;&#46;&#x63;&#x6f;&#109;\"><\/div><div itemprop=\"organizer\" itemscope=\"itemscope\" itemtype=\"http:\/\/schema.org\/Organization\"><meta itemprop=\"name\" content=\"Marie Rainchon\"><meta itemprop=\"email\" content=\"&#109;a&#x72;i&#x65;&#46;&#x72;&#97;&#x69;&#110;&#x63;&#104;o&#x6e;&#64;&#x68;o&#x74;&#109;&#x61;&#105;&#x6c;&#46;&#x63;&#111;m\"><\/div><\/div><div itemscope=\"itemscope\" itemtype=\"http:\/\/schema.org\/Event\"><meta itemprop=\"name\" content=\"\u2794 &lt;center&gt;&lt;b&gt;Gembloux&lt;\/b&gt;&lt;br \/&gt;Cours hebdomadaire&lt;br \/&gt;Mich\u00e8le De Moor&lt;\/center&gt;\"><meta itemprop=\"url\" content=\"https:\/\/biodanza.be\/nl\/activite\/%e2%9e%94-gemblouxcours-hebdomadairemichele-de-moor-2\/\"><meta itemprop=\"startDate\" content=\"2026-09-09T20:00:00\"><meta itemprop=\"endDate\" content=\"2026-09-09T22:00:00\"><meta itemprop=\"description\" content=\"Biodanza Cours hebdomadaire \u00e0 Gembloux Cours donn\u00e9 par Mich\u00e8le De Moor, Professeur de Biodanza En toute simplicit\u00e9, avec po\u00e9sie et douceur, je vous invite \u00e0 d\u00e9couvrir, retrouver, partager la joie d&#8217;\u00eatre vous-m\u00eame dans le mouvement et la rencontre. P\u00e9riode Tous les mercredis Horaire De 20 \u00e0 22 heures Rel\u00e2che Jours f\u00e9ri\u00e9s et cong\u00e9s scolaires sauf [&hellip;]\"><div itemprop=\"location\" itemscope=\"itemscope\" itemtype=\"http:\/\/schema.org\/Place\"><meta itemprop=\"name\" content=\"Centre Dopamine (Gembloux)\" \/><meta itemprop=\"hasMap\" content=\"http:\/\/maps.google.com\/?q=Chau.+de+Charleroi+193%2C+5030+Gembloux%2C+Belgique\" \/><div itemprop=\"address\" itemscope=\"itemscope\" itemtype=\"http:\/\/schema.org\/PostalAddress\"><meta itemprop=\"streetAddress\" content=\"Chau. de Charleroi 193\" \/><meta itemprop=\"addressLocality\" content=\"Gembloux\" \/><meta itemprop=\"addressRegion\" content=\"Namur\" \/><meta itemprop=\"postalCode\" content=\"5030\" \/><\/div><div itemprop=\"geo\" itemscope=\"itemscope\" itemtype=\"http:\/\/schema.org\/GeoCoordinates\"><meta itemprop=\"latitude\" content=\"50.56515\" \/><meta itemprop=\"longitude\" content=\"4.68843\" \/><\/div><\/div><div itemprop=\"organizer\" itemscope=\"itemscope\" itemtype=\"http:\/\/schema.org\/Organization\"><meta itemprop=\"name\" content=\"Mich\u00e8le De Moor\"><meta itemprop=\"email\" content=\"&#100;&#x65;&#109;&#x6f;o&#x72;m&#105;&#x63;&#104;&#x65;l&#x65;&#64;&#121;&#x61;&#104;&#x6f;o&#x2e;f&#114;\"><\/div><\/div><div itemscope=\"itemscope\" itemtype=\"http:\/\/schema.org\/Event\"><meta itemprop=\"name\" content=\"Mariella start op 7 okt 2026\"><meta itemprop=\"url\" content=\"https:\/\/biodanza.be\/nl\/activite\/mariella-start-op-7-okt-2026\/\"><meta itemprop=\"startDate\" content=\"2026-09-09T20:00:00\"><meta itemprop=\"endDate\" content=\"2026-09-09T21:30:00\"><meta itemprop=\"description\" content=\"Mijn Biodanza lessen starten op 7 oktober 2026\"><div itemprop=\"location\" itemscope=\"itemscope\" itemtype=\"http:\/\/schema.org\/Place\"><meta itemprop=\"name\" content=\"Studio Carwash (Borgerhout)\" \/><meta itemprop=\"hasMap\" content=\"http:\/\/maps.google.com\/?q=Sergeyselsstraat+42%2C+2140+Antwerpen\" \/><div itemprop=\"address\" itemscope=\"itemscope\" itemtype=\"http:\/\/schema.org\/PostalAddress\"><meta itemprop=\"streetAddress\" content=\"Sergeyselsstraat 42\" \/><meta itemprop=\"addressLocality\" content=\"Borgerhout\" \/><meta itemprop=\"addressRegion\" content=\"Antwerpen\" \/><meta itemprop=\"postalCode\" content=\"2140\" \/><\/div><div itemprop=\"geo\" itemscope=\"itemscope\" itemtype=\"http:\/\/schema.org\/GeoCoordinates\"><meta itemprop=\"latitude\" content=\"51.21229626797979\" \/><meta itemprop=\"longitude\" content=\"4.433117897054685\" \/><\/div><\/div><div itemprop=\"organizer\" itemscope=\"itemscope\" itemtype=\"http:\/\/schema.org\/Organization\"><meta itemprop=\"name\" content=\"Mariella Hobin\"><meta itemprop=\"telephone\" content=\"0476424105\"><meta itemprop=\"email\" content=\"ho&#98;&#105;&#110;&#46;&#x6d;&#x61;&#x72;&#x69;&#x65;ll&#97;&#64;&#103;&#109;&#x61;&#x69;&#x6c;&#x2e;&#x63;om\"><\/div><\/div><div itemscope=\"itemscope\" itemtype=\"http:\/\/schema.org\/Event\"><meta itemprop=\"name\" content=\"\u2794 &lt;center&gt;&lt;b&gt;Namur &#8211; Naninne&lt;\/b&gt;&lt;br \/&gt;Biodanza mercredis&lt;br \/&gt;Pascal Cambier&lt;\/center&gt;\"><meta itemprop=\"url\" content=\"https:\/\/biodanza.be\/nl\/activite\/%e2%9e%94-naninnebiodanza-mercredispascal-cambier-2\/\"><meta itemprop=\"startDate\" content=\"2026-09-09T20:15:00\"><meta itemprop=\"endDate\" content=\"2026-09-09T22:15:00\"><meta itemprop=\"description\" content=\"\u00a0 Biodanza du mercredi \u00e0 Namur (Naninne ) Cours donn\u00e9 par Pascal Cambier Un groupe de niveau interm\u00e9diaire pour les personnes ayant d\u00e9j\u00e0 une pratique de la Biodanza. Engagement r\u00e9gulier sur base d&#8217;un abonnement de 4 s\u00e9ances minimum. Possibilit\u00e9 d&#8217;int\u00e9grer le groupe durant cet \u00e9t\u00e9. Plus d\u2019infos www.danseravecpascal.eu ou\u00a0\u00a0 0484 72 75 35 P\u00e9riode toute [&hellip;]\"><div itemprop=\"location\" itemscope=\"itemscope\" itemtype=\"http:\/\/schema.org\/Place\"><meta itemprop=\"name\" content=\"La Rose des Vents (Naninne)\" \/><meta itemprop=\"telephone\" content=\"+32484727535\" \/><meta itemprop=\"hasMap\" content=\"http:\/\/maps.google.com\/?q=Rue+de+la+Gare+de+Naninne+13%2C+5100+Namur%2C+Belgique\" \/><div itemprop=\"address\" itemscope=\"itemscope\" itemtype=\"http:\/\/schema.org\/PostalAddress\"><meta itemprop=\"streetAddress\" content=\"Rue de la Gare de Naninne 13\" \/><meta itemprop=\"addressLocality\" content=\"Namur (Naninne)\" \/><meta itemprop=\"addressRegion\" content=\"Namur\" \/><meta itemprop=\"postalCode\" content=\"5100\" \/><\/div><div itemprop=\"geo\" itemscope=\"itemscope\" itemtype=\"http:\/\/schema.org\/GeoCoordinates\"><meta itemprop=\"latitude\" content=\"50.4183736\" \/><meta itemprop=\"longitude\" content=\"4.9207018\" \/><\/div><\/div><div itemprop=\"organizer\" itemscope=\"itemscope\" itemtype=\"http:\/\/schema.org\/Organization\"><meta itemprop=\"name\" content=\"Pascal Cambier\"><meta itemprop=\"url\" content=\"http:\/\/www.pascalcambier.com\/\"><meta itemprop=\"telephone\" content=\"+32484727535\"><meta itemprop=\"email\" content=\"&#x70;c&#x61;m&#x62;&#105;&#x65;&#114;&#64;&#x67;m&#x61;&#105;&#x6c;&#46;&#x63;&#111;m\"><\/div><\/div><div itemscope=\"itemscope\" itemtype=\"http:\/\/schema.org\/Event\"><meta itemprop=\"name\" content=\"\u2794 &lt;center&gt;&lt;b&gt;Uccle&lt;\/b&gt;&lt;br \/&gt;Biodanza le mercredi&lt;br \/&gt;Liora&lt;\/center&gt;\"><meta itemprop=\"url\" content=\"https:\/\/biodanza.be\/nl\/activite\/biodanza-liora-uccle\/\"><meta itemprop=\"startDate\" content=\"2026-09-09T20:30:00\"><meta itemprop=\"endDate\" content=\"2026-09-09T22:30:00\"><meta itemprop=\"description\" content=\"\u00a0 Biodanza le mercredi soir \u00e0 Uccle Cours donn\u00e9 par Liora Gancarski Bonjour, P\u00e9dagogue de formation, mon chemin m\u2019a conduite \u00e0 devenir Sophrologue et Ma\u00eetre praticien en P.N.L.\u00a0 Cela fait maintenant plus de 20 ans que j\u2019ai d\u00e9couvert la Biodanza et que cela illumine ma vie, me soutient dans les moments difficiles, me permet d\u2019\u00eatre [&hellip;]\"><div itemprop=\"location\" itemscope=\"itemscope\" itemtype=\"http:\/\/schema.org\/Place\"><meta itemprop=\"name\" content=\"Liora Biodanza\" \/><meta itemprop=\"hasMap\" content=\"http:\/\/maps.google.com\/?q=1180+Uccle\" \/><div itemprop=\"address\" itemscope=\"itemscope\" itemtype=\"http:\/\/schema.org\/PostalAddress\"><meta itemprop=\"streetAddress\" content=\"Place Saint-Job\" \/><meta itemprop=\"addressLocality\" content=\"Uccle\" \/><meta itemprop=\"postalCode\" content=\"1180\" \/><\/div><\/div><div itemprop=\"organizer\" itemscope=\"itemscope\" itemtype=\"http:\/\/schema.org\/Organization\"><meta itemprop=\"name\" content=\"Liora Gancarski\"><meta itemprop=\"email\" content=\"&#x6c;&#x69;&#111;&#114;&#97;&#46;&#x67;&#x61;&#x6e;&#99;&#97;rs&#x6b;&#x69;&#x40;&#103;&#109;a&#x69;&#x6c;&#x2e;&#99;&#111;&#109;\"><\/div><\/div><div itemscope=\"itemscope\" itemtype=\"http:\/\/schema.org\/Event\"><meta itemprop=\"name\" content=\"\u2794 &lt;center&gt;&lt;b&gt;Chastre&lt;\/b&gt;&lt;br \/&gt;Biodanza hebdomadaire&lt;br \/&gt;Biodanza des Possibles&lt;\/center&gt;\"><meta itemprop=\"url\" content=\"https:\/\/biodanza.be\/nl\/activite\/%e2%9e%94-chastrebiodanza-hebdomadairebiodanza-des-possibles\/\"><meta itemprop=\"startDate\" content=\"2026-09-10T20:00:00\"><meta itemprop=\"endDate\" content=\"2026-09-10T22:00:00\"><meta itemprop=\"description\" content=\"Biodanza hebdomadaire \u00e0 Chastre Cours donn\u00e9 par Cl\u00e9mence et Bernard Viens sentir ta vitalit\u00e9, ta joie, te connecter \u00e0 toi, \u00e0 ton corps, \u00e0 l&#8217;autre et aux musiques P\u00e9riode A partir du 10 septembre 2026 Horaire Les jeudis de 20h \u00e0 22h &#8211; accueil \u00e0 19h45 Rel\u00e2che Pendant les cong\u00e9s scolaires Lieu Domaine des possibles [&hellip;]\"><div itemprop=\"location\" itemscope=\"itemscope\" itemtype=\"http:\/\/schema.org\/Place\"><meta itemprop=\"name\" content=\"Domaine des possibles\" \/><div itemprop=\"address\" itemscope=\"itemscope\" itemtype=\"http:\/\/schema.org\/PostalAddress\"><meta itemprop=\"streetAddress\" content=\"\" \/><\/div><\/div><div itemprop=\"organizer\" itemscope=\"itemscope\" itemtype=\"http:\/\/schema.org\/Organization\"><meta itemprop=\"name\" content=\"Cl\u00e9mence et Bernard\"><meta itemprop=\"email\" content=\"&#98;i&#x6f;d&#x61;&#110;&#x7a;&#97;&#x64;&#101;s&#x70;o&#x73;&#115;&#x69;&#98;&#x6c;&#101;&#x73;&#64;g&#x6d;a&#x69;&#108;&#x2e;&#99;&#x6f;&#109;\"><\/div><\/div><div itemscope=\"itemscope\" itemtype=\"http:\/\/schema.org\/Event\"><meta itemprop=\"name\" content=\"10h30-12h Biodanza Famille \u00e0 Chaumont-Gistoux avec Sylvie-Le\u00efla (enfants d\u00e8s 3 ans)\"><meta itemprop=\"url\" content=\"https:\/\/biodanza.be\/nl\/activite\/biodanza-famille-a-chaumont-gistoux-des-3-ans\/\"><meta itemprop=\"startDate\" content=\"2026-09-11T00:00:00\"><meta itemprop=\"endDate\" content=\"2026-09-11T00:00:00\"><div itemprop=\"location\" itemscope=\"itemscope\" itemtype=\"http:\/\/schema.org\/Place\"><meta itemprop=\"name\" content=\"Ecole de danse l&#039;En dehors (Chaumont-Gistoux)\" \/><meta itemprop=\"hasMap\" content=\"http:\/\/maps.google.com\/?q=Rue+de+Corroy%2C+6+Chaumont-Gistoux\" \/><div itemprop=\"address\" itemscope=\"itemscope\" itemtype=\"http:\/\/schema.org\/PostalAddress\"><meta itemprop=\"streetAddress\" content=\"Rue de Corroy, 6\" \/><meta itemprop=\"addressLocality\" content=\"Chaumont-Gistoux\" \/><meta itemprop=\"addressRegion\" content=\"Brabant wallon\" \/><meta itemprop=\"postalCode\" content=\"1325\" \/><\/div><div itemprop=\"geo\" itemscope=\"itemscope\" itemtype=\"http:\/\/schema.org\/GeoCoordinates\"><meta itemprop=\"latitude\" content=\"50.6830018603199\" \/><meta itemprop=\"longitude\" content=\"4.694758571164123\" \/><\/div><\/div><div itemprop=\"organizer\" itemscope=\"itemscope\" itemtype=\"http:\/\/schema.org\/Organization\"><meta itemprop=\"name\" content=\"Sylvie-Le\u00efla\"><meta itemprop=\"telephone\" content=\"0490\/ 42 63 08\"><meta itemprop=\"email\" content=\"&#115;&#121;&#x6c;&#x76;&#105;&#101;&#x6c;&#x65;&#105;&#108;&#x61;&#x37;&#64;&#103;&#x6d;&#x61;&#105;&#108;&#x2e;&#x63;&#111;&#109;\"><\/div><\/div><div itemscope=\"itemscope\" itemtype=\"http:\/\/schema.org\/Event\"><meta itemprop=\"name\" content=\"&lt;center&gt;&lt;b&gt;Schaerbeek&lt;\/b&gt;&lt;br \/&gt;Biodanza matinale&lt;br \/&gt;Elodie Vandenbogaerde&lt;\/center&gt;\"><meta itemprop=\"url\" content=\"https:\/\/biodanza.be\/nl\/activite\/%e2%9e%94-schaerbeekbiodanza-hebdomadaireelodie-vandenbogaerde-2-3\/\"><meta itemprop=\"startDate\" content=\"2026-09-11T09:30:00\"><meta itemprop=\"endDate\" content=\"2026-09-11T11:45:00\"><meta itemprop=\"description\" content=\"Biodanza matinale \u00e0 Schaerbeek (Bruxelles) Cours donn\u00e9 par Elodie Vandenbogaerde. Biodanza au lever du jour : Une mani\u00e8re unique de commencer vos journ\u00e9es. Vous avez des disponibilit\u00e9s en journ\u00e9e et cherchez une activit\u00e9 ressour\u00e7ante ? Et si vous essayiez la Biodanza ? Aussi appel\u00e9e \u201cdanse de la vie\u201d, elle ne demande aucune chor\u00e9graphie : juste [&hellip;]\"><div itemprop=\"location\" itemscope=\"itemscope\" itemtype=\"http:\/\/schema.org\/Place\"><meta itemprop=\"name\" content=\"Novano\u00efs (Schaerbeek)\" \/><meta itemprop=\"hasMap\" content=\"http:\/\/maps.google.com\/?q=Vleugelsstraat+3%2C+1030+Schaarbeek\" \/><div itemprop=\"address\" itemscope=\"itemscope\" itemtype=\"http:\/\/schema.org\/PostalAddress\"><meta itemprop=\"streetAddress\" content=\"3 rue des a\u00eeles\" \/><meta itemprop=\"addressLocality\" content=\"Schaerbeek\" \/><meta itemprop=\"postalCode\" content=\"1030 \" \/><\/div><div itemprop=\"geo\" itemscope=\"itemscope\" itemtype=\"http:\/\/schema.org\/GeoCoordinates\"><meta itemprop=\"latitude\" content=\"50.8676568767482\" \/><meta itemprop=\"longitude\" content=\"4.376535682502339\" \/><\/div><\/div><div itemprop=\"organizer\" itemscope=\"itemscope\" itemtype=\"http:\/\/schema.org\/Organization\"><meta itemprop=\"name\" content=\"Elodie Vandenbogaerde\"><meta itemprop=\"url\" content=\"www.biodanzapolo.com\"><meta itemprop=\"telephone\" content=\"+32 479 511 746\"><meta itemprop=\"email\" content=\"&#99;&#x6f;n&#116;&#x61;c&#116;&#x40;b&#x69;&#x6f;&#100;&#x61;n&#122;&#x61;p&#111;&#x6c;o&#x2e;&#x63;&#111;&#x6d;\"><\/div><\/div><div itemscope=\"itemscope\" itemtype=\"http:\/\/schema.org\/Event\"><meta itemprop=\"name\" content=\"Biodanza met Petra &#038; Frederic\"><meta itemprop=\"url\" content=\"https:\/\/biodanza.be\/nl\/activite\/biodanza-met-petra-frederic\/\"><meta itemprop=\"startDate\" content=\"2026-09-14T19:30:00\"><meta itemprop=\"endDate\" content=\"2026-09-14T21:30:00\"><meta itemprop=\"description\" content=\"\u2794 Lier Biodanza met Petra &amp; Frederic&nbsp; Biodanza in Lier Cursus gegeven door Petra Kerkhofs en Frederic Cohen Biodanza : Een superfijne mix van mensen, muziek en moves. Het plezier van bewegen op muziek om zo minder in je hoofd en meer in je lijf te komen. Meer be-wegen, meer be-leven, meer ont-moeten. Benieuwd? Kom [&hellip;]\"><div itemprop=\"location\" itemscope=\"itemscope\" itemtype=\"http:\/\/schema.org\/Place\"><meta itemprop=\"name\" content=\"Steinerschool (Lier)\" \/><meta itemprop=\"hasMap\" content=\"http:\/\/maps.google.com\/?q=Mallekotstraat+43%2Fb1%2C+2500+Lier%2C+Belgique\" \/><div itemprop=\"address\" itemscope=\"itemscope\" itemtype=\"http:\/\/schema.org\/PostalAddress\"><meta itemprop=\"streetAddress\" content=\"Mallekotstraat 43\/b1\" \/><meta itemprop=\"addressLocality\" content=\"Lier, Belgique\" \/><meta itemprop=\"postalCode\" content=\"2500\" \/><\/div><div itemprop=\"geo\" itemscope=\"itemscope\" itemtype=\"http:\/\/schema.org\/GeoCoordinates\"><meta itemprop=\"latitude\" content=\"51.14608208788463\" \/><meta itemprop=\"longitude\" content=\"4.5658893283868505\" \/><\/div><\/div><div itemprop=\"organizer\" itemscope=\"itemscope\" itemtype=\"http:\/\/schema.org\/Organization\"><meta itemprop=\"name\" content=\"Fr\u00e9d\u00e9ric Cohen\"><meta itemprop=\"email\" content=\"f&#114;&#101;&#x64;&#x65;&#x72;ic&#111;&#104;&#x65;&#x6e;&#x40;y&#97;&#104;&#111;&#x6f;&#x2e;&#x66;r\"><\/div><div itemprop=\"organizer\" itemscope=\"itemscope\" itemtype=\"http:\/\/schema.org\/Organization\"><meta itemprop=\"name\" content=\"Petra Kerkhofs\"><meta itemprop=\"email\" content=\"&#x70;&#x65;&#116;&#114;a&#46;&#x6b;&#x65;&#x72;&#107;ho&#x66;&#x73;&#x40;&#116;&#101;l&#x65;&#x6e;&#x65;&#116;&#46;b&#x65;\"><\/div><\/div><div itemscope=\"itemscope\" itemtype=\"http:\/\/schema.org\/Event\"><meta itemprop=\"name\" content=\"&lt;center&gt;&lt;b&gt;Bruxelles (Boitsfort)&lt;\/b&gt;&lt;br \/&gt;Biodanza hebdo&lt;br \/&gt;Aime Vis Danse Biodanza&lt;\/center&gt;\"><meta itemprop=\"url\" content=\"https:\/\/biodanza.be\/nl\/activite\/%e2%9e%94-bruxelles-biodanza-aime-vis-danse-2025-2027\/\"><meta itemprop=\"startDate\" content=\"2026-09-14T19:30:00\"><meta itemprop=\"endDate\" content=\"2026-09-14T22:15:00\"><meta itemprop=\"description\" content=\"Biodanza Cours mixte \u00e0 Bruxelles (Boitsfort) Cours donn\u00e9 par V\u00e9ronica d&#8217;Aime Vis Danse Biodanza, facilitatrice titulaire de Biodanza Syst\u00e8me Rolando Toro Il s\u2019agit d\u2019un cours pour adultes, donn\u00e9 en fran\u00e7ais. Ik spreek ook Nederlands.\u00a0Nederlandstaligen zijn hartelijk welkom. I also speak English.\u00a0 English speakers are warmly welcome. Sources &amp; ReSources Dans une \u00e9poque o\u00f9 nous sommes [&hellip;]\"><div itemprop=\"location\" itemscope=\"itemscope\" itemtype=\"http:\/\/schema.org\/Place\"><meta itemprop=\"name\" content=\"Les B\u00e9guinettes (Boitsfort)\" \/><meta itemprop=\"image\" content=\"https:\/\/www.google.be\/imgres?imgurl=https%3A%2F%2Flookaside.fbsbx.com%2Flookaside%2Fcrawler%2Fmedia%2F%3Fmedia_id%3D464075939080176&amp;tbnid=1bxtLgzG7FZZAM&amp;vet=12ahUKEwiayq7f9ZuBAxWkof0HHZY0DyEQMygAegQIARBM..i&amp;imgrefurl=https%3A%2F%2Fwww.facebook.com%2Fbeguinettes%2F&amp;docid=6S34_09zPKZjBM&amp;w=1520&amp;h=741&amp;q=LES%20B%C3%89GUINETTES%20BOITSFORT&amp;hl=fr-be&amp;client=safari&amp;ved=2ahUKEwiayq7f9ZuBAxWkof0HHZY0DyEQMygAegQIARBM\" \/><meta itemprop=\"hasMap\" content=\"http:\/\/maps.google.com\/?q=Les+B%C3%A9guinettes%2C+Watermael-Boitsfort+BE%2C+Rue+des+B%C3%A9guinettes+26%2C+1170+Bruxelles%2C+Belgique\" \/><div itemprop=\"address\" itemscope=\"itemscope\" itemtype=\"http:\/\/schema.org\/PostalAddress\"><meta itemprop=\"streetAddress\" content=\"Rue des B\u00e9guinettes 26\" \/><meta itemprop=\"addressLocality\" content=\"Bruxelles\" \/><meta itemprop=\"postalCode\" content=\"1170\" \/><\/div><div itemprop=\"geo\" itemscope=\"itemscope\" itemtype=\"http:\/\/schema.org\/GeoCoordinates\"><meta itemprop=\"latitude\" content=\"50.8003124\" \/><meta itemprop=\"longitude\" content=\"4.4178995\" \/><\/div><\/div><div itemprop=\"organizer\" itemscope=\"itemscope\" itemtype=\"http:\/\/schema.org\/Organization\"><meta itemprop=\"name\" content=\"Aime Vis Danse\"><meta itemprop=\"url\" content=\"https:\/\/aime-vis-danse.be\"><meta itemprop=\"telephone\" content=\"+32475293301\"><meta itemprop=\"image\" content=\"https:\/\/www.aime-vis-danse.be\/wp-content\/uploads\/2020\/05\/Logo-Site-AVD-Header.png\"><meta itemprop=\"email\" content=\"&#97;&#x69;&#109;&#x65;v&#x69;s&#100;&#x61;&#110;&#x73;&#101;&#x40;g&#x6d;a&#105;&#x6c;&#46;&#x63;o&#x6d;\"><\/div><\/div><div itemscope=\"itemscope\" itemtype=\"http:\/\/schema.org\/Event\"><meta itemprop=\"name\" content=\"De vier elementen dansen en je identiteit omtplooien in Bonheiden en Ramillies met Inge Struyf en Suzy Abramski\"><meta itemprop=\"url\" content=\"https:\/\/biodanza.be\/nl\/activite\/de-vier-elementen-dansen-en-je-identiteit-omtplooien-in-bonheiden-en-ramillies-met-inge-struyf-en-suzy-abramski\/\"><meta itemprop=\"startDate\" content=\"2026-09-20T10:30:00\"><meta itemprop=\"endDate\" content=\"2026-09-20T16:00:00\"><meta itemprop=\"description\" content=\"\u2794De De vier elementen dansen en je identiteit ontplooien in Bonheiden en Ramillies met Inge Struyf en Suzy Abramski Cursus gegeven door\u00a0Inge Struyf en Suzy Abramski de vier elementen dansen en je identiteit ontplooien twee vivencias om te ontdekken en te verdiepenop zondag in een landelijke omgeving Op reis naar de kern van ons wezen [&hellip;]\"><div itemprop=\"location\" itemscope=\"itemscope\" itemtype=\"http:\/\/schema.org\/Place\"><meta itemprop=\"name\" content=\"Blommerenbos (Bonheiden)\" \/><meta itemprop=\"hasMap\" content=\"http:\/\/maps.google.com\/?q=Hendrik+Consciencelaan+32%2C+2820+Bonheiden\" \/><div itemprop=\"address\" itemscope=\"itemscope\" itemtype=\"http:\/\/schema.org\/PostalAddress\"><meta itemprop=\"streetAddress\" content=\"Hendrik Consciencelaan 32\" \/><meta itemprop=\"addressLocality\" content=\"Bonheiden\" \/><meta itemprop=\"addressRegion\" content=\"Antwerpen\" \/><meta itemprop=\"postalCode\" content=\"2820 \" \/><\/div><div itemprop=\"geo\" itemscope=\"itemscope\" itemtype=\"http:\/\/schema.org\/GeoCoordinates\"><meta itemprop=\"latitude\" content=\"51.016931888414376\" \/><meta itemprop=\"longitude\" content=\"4.546380873011778\" \/><\/div><\/div><div itemprop=\"location\" itemscope=\"itemscope\" itemtype=\"http:\/\/schema.org\/Place\"><meta itemprop=\"name\" content=\"Rue de la Spinette 8\" \/><div itemprop=\"address\" itemscope=\"itemscope\" itemtype=\"http:\/\/schema.org\/PostalAddress\"><meta itemprop=\"streetAddress\" content=\"\" \/><\/div><\/div><div itemprop=\"organizer\" itemscope=\"itemscope\" itemtype=\"http:\/\/schema.org\/Organization\"><meta itemprop=\"name\" content=\"Inge Struyf\"><meta itemprop=\"email\" content=\"&#x63;&#111;&#x6e;&#x74;a&#x63;&#116;&#64;&#x69;&#109;i&#x2d;&#98;&#x69;&#x6f;d&#x61;&#110;z&#x61;&#46;c&#x6f;&#109;\"><\/div><div itemprop=\"organizer\" itemscope=\"itemscope\" itemtype=\"http:\/\/schema.org\/Organization\"><meta itemprop=\"name\" content=\"Suzy Abramski\"><meta itemprop=\"email\" content=\"&#115;&#x61;b&#114;&#x61;&#109;&#x73;k&#105;&#x40;g&#x6d;&#x61;&#105;&#x6c;&#46;&#99;&#x6f;m\"><\/div><\/div><div itemscope=\"itemscope\" itemtype=\"http:\/\/schema.org\/Event\"><meta itemprop=\"name\" content=\"\u2794 &lt;center&gt;&lt;b&gt;Bruxelles Watermael-Boitsfort&lt;\/b&gt;&lt;br \/&gt;Biodanza au f\u00e9minin, ateliers mensuels&lt;br \/&gt;Blandine Pillet&lt;\/center&gt;\"><meta itemprop=\"url\" content=\"https:\/\/biodanza.be\/nl\/activite\/%e2%9e%94-bruxelles-watermael-boitsfortbiodanza-au-feminin-ateliers-mensuelsblandine-pillet\/\"><meta itemprop=\"startDate\" content=\"2026-09-24T13:00:00\"><meta itemprop=\"endDate\" content=\"2026-09-24T16:00:00\"><meta itemprop=\"description\" content=\"Biodanza, ateliers mensuels \u00e0 Watermael-Boitsfort, Bruxelles Cours donn\u00e9s par Blandine Pillet, facilitatrice didacte, directrice d&#8217;Ecole de Biodanza La danse est l\u2019expression de notre joie le\u0301gitime de vivre (Rolando Toro). Entrez et bienvenue dans les mouvements du vivant et de notre humanit\u00e9 (celle qui va bien) ! Bienvenue dans une mani\u00e8re po\u00e9tique d&#8217;aborder la vie : [&hellip;]\"><div itemprop=\"location\" itemscope=\"itemscope\" itemtype=\"http:\/\/schema.org\/Place\"><meta itemprop=\"name\" content=\"La V\u00e9nerie- Centre culturel de Watermael Boitsfort\" \/><meta itemprop=\"url\" content=\"https:\/\/www.ecolebiodanza-bourgogne.com\" \/><meta itemprop=\"telephone\" content=\"0495266592\" \/><meta itemprop=\"hasMap\" content=\"http:\/\/maps.google.com\/?q=Place+Gilson+3%2C+1170+bruxelles+\" \/><div itemprop=\"address\" itemscope=\"itemscope\" itemtype=\"http:\/\/schema.org\/PostalAddress\"><meta itemprop=\"streetAddress\" content=\"place gilson 3\" \/><meta itemprop=\"addressLocality\" content=\"Bruxelles \" \/><meta itemprop=\"addressRegion\" content=\"Wallonie\" \/><meta itemprop=\"postalCode\" content=\"1170\" \/><\/div><\/div><div itemprop=\"organizer\" itemscope=\"itemscope\" itemtype=\"http:\/\/schema.org\/Organization\"><meta itemprop=\"name\" content=\"Blandine Pillet\"><meta itemprop=\"email\" content=\"&#x62;&#108;a&#x6e;&#x64;&#105;n&#x65;&#x2e;&#112;i&#x6c;&#x6c;&#101;t&#x40;&#x66;&#114;e&#x65;&#46;&#102;r\"><\/div><\/div><div itemscope=\"itemscope\" itemtype=\"http:\/\/schema.org\/Event\"><meta itemprop=\"name\" content=\"Stage r\u00e9sidentiel &#8211; Le plaisir des sens &#8211; Carine Jacmart\"><meta itemprop=\"url\" content=\"https:\/\/biodanza.be\/nl\/activite\/le-plaisir-des-sens\/\"><meta itemprop=\"startDate\" content=\"2026-10-02T18:00:00\"><meta itemprop=\"endDate\" content=\"2026-10-04T18:00:00\"><meta itemprop=\"description\" content=\"\u2794Ferri\u00e8res Stage de Biodanza Carine Jacmart Stage \u00e0 Ferri\u00e8res &#8211; Le plaisir des sens &#8211; Carine Jacmart Stage donn\u00e9 par Carine Jacmart, facilitatrice didacte Lors de ce stage r\u00e9sidentiel, nous partirons pour un voyage intime \u00e0 la red\u00e9couverte de soi : &#8220;la satisfaction physique ou psychologique procur\u00e9e par la stimulation des sens am\u00e9liorent le bien [&hellip;]\"><div itemprop=\"location\" itemscope=\"itemscope\" itemtype=\"http:\/\/schema.org\/Place\"><meta itemprop=\"name\" content=\"Ferri\u00e8res Source de Harre\" \/><div itemprop=\"address\" itemscope=\"itemscope\" itemtype=\"http:\/\/schema.org\/PostalAddress\"><meta itemprop=\"streetAddress\" content=\"\" \/><\/div><\/div><div itemprop=\"organizer\" itemscope=\"itemscope\" itemtype=\"http:\/\/schema.org\/Organization\"><meta itemprop=\"name\" content=\"Carine Jacmart\"><meta itemprop=\"url\" content=\"https:\/\/www.facebook.com\/carinebiodanza\"><meta itemprop=\"telephone\" content=\"+32476481620\"><meta itemprop=\"email\" content=\"c&#97;&#x72;&#x69;n&#101;&#x2e;&#x62;i&#111;&#100;&#x61;&#x6e;z&#97;&#x40;&#x67;m&#97;&#x69;&#x6c;&#46;&#99;&#111;&#x6d;\"><\/div><\/div><div itemscope=\"itemscope\" itemtype=\"http:\/\/schema.org\/Event\"><meta itemprop=\"name\" content=\"\u2794 Genk &#8211; Intitatie Biodanza &#8211; Laura Breugelmans\"><meta itemprop=\"url\" content=\"https:\/\/biodanza.be\/nl\/activite\/%e2%9e%94-genk-intitatie-biodanza-laura-breugelmans\/\"><meta itemprop=\"startDate\" content=\"2026-10-06T10:00:00\"><meta itemprop=\"endDate\" content=\"2026-10-06T11:30:00\"><meta itemprop=\"description\" content=\"Biodanza initiatie in het sportcentrum van Genk Cursus gegeven door Laura Breugelmans Biodanza is een laagdrempelige, expressieve dansvorm die verbinding cre\u00ebert tussen de deelnemers. Je hebt geen goede conditie of ervaring nodig om deel te nemen. Bij Biodanza breng je in beweging wat je voelt. Tijdens deze initiatie word je zorgvuldig begeleid en volg je [&hellip;]\"><div itemprop=\"location\" itemscope=\"itemscope\" itemtype=\"http:\/\/schema.org\/Place\"><meta itemprop=\"name\" content=\"SportinGenk Park - Genk\" \/><div itemprop=\"address\" itemscope=\"itemscope\" itemtype=\"http:\/\/schema.org\/PostalAddress\"><meta itemprop=\"streetAddress\" content=\"\" \/><\/div><\/div><div itemprop=\"organizer\" itemscope=\"itemscope\" itemtype=\"http:\/\/schema.org\/Organization\"><meta itemprop=\"name\" content=\"Laura Breugelmans\"><meta itemprop=\"email\" content=\"&#97;&#x72;&#117;&#x61;l&#x2e;b&#114;&#x65;&#117;&#x67;&#101;&#x6c;m&#x61;n&#115;&#x40;&#103;&#x6d;a&#x69;l&#x2e;&#x63;&#111;&#x6d;\"><\/div><\/div><div itemscope=\"itemscope\" itemtype=\"http:\/\/schema.org\/Event\"><meta itemprop=\"name\" content=\"\u2794&lt;center&gt;&lt;b&gt;Antwerpen&lt;\/b&gt;&lt;br\/&gt;Wekelijkse Biodanza&lt;br\/&gt;Mariella Hobin&lt;\/center&gt;\"><meta itemprop=\"url\" content=\"https:\/\/biodanza.be\/nl\/activite\/%e2%9e%94antwerpenwekelijkse-biodanzamariella-hobin\/\"><meta itemprop=\"startDate\" content=\"2026-10-07T20:00:00\"><meta itemprop=\"endDate\" content=\"2026-10-07T21:30:00\"><meta itemprop=\"description\" content=\"\u2794Antwerpen Wekelijkse B0iodanza Mariella Hobin Wekelijkse Biodanza in Antwerpen Cursus gegeven door Mariella Hobin [Je inleiding tot deze activiteit is hier mogelijk Schrijf hier de beschrijving van je Biodanza activiteit over deze tekst tussen vierkante haken] Periode vanaf 7 oktober 2026 Tijdstip Elke woensdag van 20:00u tot 21:30u Uitgezonderd Locatie Studio Carwash, Sergeyselsstraat 42, Borgerhout [&hellip;]\"><div itemprop=\"location\" itemscope=\"itemscope\" itemtype=\"http:\/\/schema.org\/Place\"><meta itemprop=\"name\" content=\"Studio Carwash (Borgerhout)\" \/><meta itemprop=\"hasMap\" content=\"http:\/\/maps.google.com\/?q=Sergeyselsstraat+42%2C+2140+Antwerpen\" \/><div itemprop=\"address\" itemscope=\"itemscope\" itemtype=\"http:\/\/schema.org\/PostalAddress\"><meta itemprop=\"streetAddress\" content=\"Sergeyselsstraat 42\" \/><meta itemprop=\"addressLocality\" content=\"Borgerhout\" \/><meta itemprop=\"addressRegion\" content=\"Antwerpen\" \/><meta itemprop=\"postalCode\" content=\"2140\" \/><\/div><div itemprop=\"geo\" itemscope=\"itemscope\" itemtype=\"http:\/\/schema.org\/GeoCoordinates\"><meta itemprop=\"latitude\" content=\"51.21229626797979\" \/><meta itemprop=\"longitude\" content=\"4.433117897054685\" \/><\/div><\/div><div itemprop=\"organizer\" itemscope=\"itemscope\" itemtype=\"http:\/\/schema.org\/Organization\"><meta itemprop=\"name\" content=\"Mariella Hobin\"><meta itemprop=\"telephone\" content=\"0476424105\"><meta itemprop=\"email\" content=\"&#x68;o&#x62;&#105;n&#x2e;&#109;&#x61;&#114;i&#x65;&#108;&#x6c;&#97;&#64;&#x67;&#109;&#x61;&#x69;l&#x2e;&#99;o&#x6d;\"><\/div><\/div><div itemscope=\"itemscope\" itemtype=\"http:\/\/schema.org\/Event\"><meta itemprop=\"name\" content=\"\u2794 Genk &#8211; Beginnerscursus Biodanza &#8211; Laura Breugelmans\"><meta itemprop=\"url\" content=\"https:\/\/biodanza.be\/nl\/activite\/%e2%9e%94-genk-beginnerscursus-biodanza-laura-breugelmans\/\"><meta itemprop=\"startDate\" content=\"2026-10-09T10:00:00\"><meta itemprop=\"endDate\" content=\"2026-10-09T11:30:00\"><meta itemprop=\"description\" content=\"Beginnerscursus Biodanza in Genk Cursus gegeven door Laura Breugelmans Biodanza is een verbindende dansvorm die je helpt om\u00a0krachtig te luisteren naar je lichaam en gevoelens zoals vreugde te ontdekken via beweging en contact. Deze sessies geven niet alleen een boost aan je fysieke gezondheid, maar versterken ook je emotionele en sociale welzijn. Het is een [&hellip;]\"><div itemprop=\"location\" itemscope=\"itemscope\" itemtype=\"http:\/\/schema.org\/Place\"><meta itemprop=\"name\" content=\"SportinGenk centrum - Genk\" \/><div itemprop=\"address\" itemscope=\"itemscope\" itemtype=\"http:\/\/schema.org\/PostalAddress\"><meta itemprop=\"streetAddress\" content=\"\" \/><\/div><\/div><div itemprop=\"organizer\" itemscope=\"itemscope\" itemtype=\"http:\/\/schema.org\/Organization\"><meta itemprop=\"name\" content=\"Laura Breugelmans\"><meta itemprop=\"email\" content=\"ar&#117;&#97;&#108;&#x2e;&#x62;&#x72;&#x65;ug&#101;&#108;&#109;&#x61;&#x6e;&#x73;&#x40;gm&#97;&#105;&#108;&#x2e;&#x63;&#x6f;&#x6d;\"><\/div><\/div><div itemscope=\"itemscope\" itemtype=\"http:\/\/schema.org\/Event\"><meta itemprop=\"name\" content=\"Origine, stage vivenciel &#8211; Oorsprong, vivenci\u00eble workshop met Inge Struyf\"><meta itemprop=\"url\" content=\"https:\/\/biodanza.be\/nl\/activite\/origine-stage-vivenciel-oorsprong-vivenciele-workshop-met-inge-struyf\/\"><meta itemprop=\"startDate\" content=\"2026-10-30T00:00:00\"><meta itemprop=\"endDate\" content=\"2026-11-01T00:00:00\"><meta itemprop=\"description\" content=\"\u2794Je_stad Je_activiteitstitel Je_naam Origine, stage vivenciel &#8211; Oorsprong, vivenci\u00eble workshop Cursus gegeven door\u00a0Inge Struyf [ \u00c0 propos d\u2019 Origine, rena\u00eetre en Biodanza \u00a0 Rena\u00eetre\u00a0est une \u00e9laboration plus large et plus profond de la proposition de transe en Biodanza, qui s\u2019adresse directement aux processus de vie qui ont laiss\u00e9 leur empreinte dans le monde \u00e9motionnel de [&hellip;]\"><div itemprop=\"organizer\" itemscope=\"itemscope\" itemtype=\"http:\/\/schema.org\/Organization\"><meta itemprop=\"name\" content=\"Inge Struyf\"><meta itemprop=\"email\" content=\"&#99;&#x6f;n&#116;&#x61;c&#116;&#x40;i&#109;&#x69;-&#98;&#x69;o&#100;&#x61;n&#122;&#x61;&#46;&#99;&#x6f;m\"><\/div><\/div><div itemscope=\"itemscope\" itemtype=\"http:\/\/schema.org\/Event\"><meta itemprop=\"name\" content=\"Lichtaart Weekend Kunst van Genieten Nanja\"><meta itemprop=\"url\" content=\"https:\/\/biodanza.be\/nl\/activite\/lichtaart-weekend-kunst-van-genieten-nanja\/\"><meta itemprop=\"startDate\" content=\"2026-11-07T10:00:00\"><meta itemprop=\"endDate\" content=\"2026-11-08T17:00:00\"><meta itemprop=\"description\" content=\"\u2794 Biodanzaweekend De Kunst van Genieten in Lichtaart Cursus gegeven door Nanja De Kunst van Genieten!\u00a0 \u00a0\u00a0Carpe diem.\u00a0 Hakuna matata. Klinkt zo eenvoudig en eigenlijk is het dat ook.\u00a0 Alleen verliezen we dat soms gedurende de dag, toch?\u00a0 Ik wel alleszins.\u00a0 Gelukkig kunnen we telkens de geniet-draad weer oppakken.\u00a0 \ud83d\ude42 Genieten kan immers altijd en [&hellip;]\"><\/div><div itemscope=\"itemscope\" itemtype=\"http:\/\/schema.org\/Event\"><meta itemprop=\"name\" content=\"\u2794Koppelbiodanza met Laura en Branco &#8211; Hasselt\"><meta itemprop=\"url\" content=\"https:\/\/biodanza.be\/nl\/activite\/%e2%9e%94-je_hasselt_koppelbiodanza-laura-en-branco\/\"><meta itemprop=\"startDate\" content=\"2026-11-11T14:00:00\"><meta itemprop=\"endDate\" content=\"2026-11-11T16:00:00\"><meta itemprop=\"description\" content=\"Koppelbiodanza: De mythe van de Liefde Cursus gegeven door Biodanza docent Laura en haar partner Branco Koppelbiodanza is een uitnodiging om samen met je partner op ontdekkingsreis te gaan. Niet via woorden, maar via muziek, beweging en aanraking. In een wereld waar relaties vaak worden besproken, biedt deze vorm van dans een taal zonder woorden. [&hellip;]\"><div itemprop=\"organizer\" itemscope=\"itemscope\" itemtype=\"http:\/\/schema.org\/Organization\"><meta itemprop=\"name\" content=\"Laura Breugelmans\"><meta itemprop=\"email\" content=\"arua&#108;&#46;&#98;&#114;&#101;&#x75;&#x67;&#x65;&#x6c;&#x6d;&#x61;&#x6e;s&#64;gm&#97;&#105;&#108;&#46;&#99;&#x6f;&#x6d;\"><\/div><\/div><div itemscope=\"itemscope\" itemtype=\"http:\/\/schema.org\/Event\"><meta itemprop=\"name\" content=\"Stage r\u00e9sidentiel &#8211; Je suis unique, Tu es unique, Nous sommes Un &#8211; Carine Jacmart\"><meta itemprop=\"url\" content=\"https:\/\/biodanza.be\/nl\/activite\/stage-residentiel-je-suis-unique-tu-es-unique-nous-sommes-un-carine-jacmart\/\"><meta itemprop=\"startDate\" content=\"2026-12-11T18:00:00\"><meta itemprop=\"endDate\" content=\"2026-12-13T18:00:00\"><meta itemprop=\"description\" content=\"\u2794 &lt;center&gt;&lt;b&gt;Ferri\u00e8res&lt;\/b&gt;&lt;br \/&gt;Stage de biodanza&lt;br \/&gt;Carine Jacmart&lt;\/center&gt; Stage \u00e0 Ferri\u00e8res &#8211; Je suis unique, Tu es unique, Nous sommes Un &#8211; Carine Jacmart Stage donn\u00e9 par Carine Jacmart\u00a0 facilitatrice didacte Identit\u00e9 et transcendance&#8230; Ce stage r\u00e9sidentiel nous donnera la possibilit\u00e9 de c\u00e9l\u00e9brer l\u2019individualit\u00e9 tout en reconnaissant une unit\u00e9 fondamentale. Elle souligne la valeur propre de [&hellip;]\"><div itemprop=\"location\" itemscope=\"itemscope\" itemtype=\"http:\/\/schema.org\/Place\"><meta itemprop=\"name\" content=\"Ferri\u00e8res Source de Harre\" \/><div itemprop=\"address\" itemscope=\"itemscope\" itemtype=\"http:\/\/schema.org\/PostalAddress\"><meta itemprop=\"streetAddress\" content=\"\" \/><\/div><\/div><div itemprop=\"organizer\" itemscope=\"itemscope\" itemtype=\"http:\/\/schema.org\/Organization\"><meta itemprop=\"name\" content=\"Carine Jacmart\"><meta itemprop=\"url\" content=\"https:\/\/www.facebook.com\/carinebiodanza\"><meta itemprop=\"telephone\" content=\"+32476481620\"><meta itemprop=\"email\" content=\"&#x63;&#x61;&#x72;&#x69;&#x6e;&#x65;&#x2e;&#x62;&#x69;&#x6f;&#x64;&#x61;&#x6e;&#x7a;&#x61;&#x40;&#x67;&#x6d;&#x61;&#x69;&#x6c;&#x2e;&#x63;&#x6f;&#x6d;\"><\/div><\/div><div itemscope=\"itemscope\" itemtype=\"http:\/\/schema.org\/Event\"><meta itemprop=\"name\" content=\"Winterzonnewende dansdag door Greet &#038; Willi\"><meta itemprop=\"url\" content=\"https:\/\/biodanza.be\/nl\/activite\/zomerzonnewende-dansdag-door-greet-willi\/\"><meta itemprop=\"startDate\" content=\"2026-12-20T10:30:00\"><meta itemprop=\"endDate\" content=\"2026-12-20T17:00:00\"><meta itemprop=\"description\" content=\"\u2794Zemst Biodanza facilitator Greet Selderslaghs Biodanza Winterzonnewende dansdag \u00a0in Zemst Cursus gegeven door Greet Selderslaghs Periode Zondag 20 december 2026 Tijdstip 10.30 tot 17.00 Uitgezonderd Geen Schoolstraat 23, 1980 Zemst Prijs 75 \u20ac Na de gouden gloed van de herfst, bereiden we ons voor om de winter in te stappen. We herinneren ons de warmte [&hellip;]\"><div itemprop=\"location\" itemscope=\"itemscope\" itemtype=\"http:\/\/schema.org\/Place\"><meta itemprop=\"name\" content=\"Bibliotheek Zemst\" \/><div itemprop=\"address\" itemscope=\"itemscope\" itemtype=\"http:\/\/schema.org\/PostalAddress\"><meta itemprop=\"streetAddress\" content=\"\" \/><\/div><\/div><div itemprop=\"organizer\" itemscope=\"itemscope\" itemtype=\"http:\/\/schema.org\/Organization\"><meta itemprop=\"name\" content=\"Greet Selderslaghs\"><meta itemprop=\"email\" content=\"&#103;&#x72;e&#x65;&#x74;&#46;&#x73;e&#x6c;&#x64;&#101;&#x72;s&#x6c;&#x61;&#103;&#x68;s&#x40;&#x73;&#107;&#x79;n&#x65;&#x74;&#46;&#x62;e\"><\/div><\/div><div itemscope=\"itemscope\" itemtype=\"http:\/\/schema.org\/Event\"><meta itemprop=\"name\" content=\"En juillet, vivencias ouvertes \u00e0 tous \u00e0 Waterloo\"><meta itemprop=\"url\" content=\"https:\/\/biodanza.be\/nl\/activite\/en-juillet-vivencias-ouvertes-a-tous-a-waterloo\/\"><meta itemprop=\"startDate\" content=\"2027-07-05T19:45:00\"><meta itemprop=\"endDate\" content=\"2027-07-05T22:00:00\"><meta itemprop=\"description\" content=\"Cet \u00e9t\u00e9, notre groupe hebdomadaire de Biodanza de Waterloo est ouvert \u00e0 tous les Biodanseurs et \u00e0 tous ceux qui veulent venir d\u00e9couvrir la Biodanza ! Bienvenue \u00e0 tous ! Accueil d\u00e8s 19h45 Adresse : Centre Vytalis &#8211; Dr\u00e8ve de l&#8217;Infante, 7 \u00e0 1410 Waterloo Inscription par mail \u00e0 &#118;&#x61;&#x6c;e&#114;&#x69;&#x61;n&#101;&#x62;o&#117;&#x72;&#x6e;o&#110;&#x76;i&#108;&#x6c;&#x65;&#064;&#103;&#x6d;&#x61;&#105;&#x6c;&#x2e;c&#111;&#x6d; 20 \u20ac\"><div itemprop=\"location\" itemscope=\"itemscope\" itemtype=\"http:\/\/schema.org\/Place\"><meta itemprop=\"name\" content=\"Centre Vytalis\" \/><meta itemprop=\"telephone\" content=\"+ 32 496 80 66 11\" \/><meta itemprop=\"hasMap\" content=\"http:\/\/maps.google.com\/?q=Rue+de+la+Bassette\" \/><div itemprop=\"address\" itemscope=\"itemscope\" itemtype=\"http:\/\/schema.org\/PostalAddress\"><meta itemprop=\"streetAddress\" content=\" Dr\u00e8ve de l&#039;Infante, 7\" \/><meta itemprop=\"addressLocality\" content=\"Waterloo\" \/><meta itemprop=\"addressRegion\" content=\"Brabant Wallon\" \/><meta itemprop=\"postalCode\" content=\"1410\" \/><\/div><\/div><div itemprop=\"organizer\" itemscope=\"itemscope\" itemtype=\"http:\/\/schema.org\/Organization\"><meta itemprop=\"name\" content=\"Val\u00e9riane Bournonville\"><meta itemprop=\"url\" content=\"www.abondanse.be\"><meta itemprop=\"telephone\" content=\"+ 32 496 80 66 11\"><meta itemprop=\"email\" content=\"v&#97;&#108;&#x65;&#x72;&#x69;an&#101;&#98;&#x6f;&#x75;&#x72;n&#111;&#110;&#118;&#x69;&#x6c;&#x6c;e&#64;&#103;&#x6d;&#x61;&#x69;l&#46;&#99;&#111;&#x6d;\"><\/div><\/div><\/div><div id=\"fct-item-template\" style=\"display:none;\" class=\"fct-tooltip\">\n\t<div class=\"fct-arrow-holder\">\n\t\t<div class=\"fct-arrow\"><\/div>\n\t\t<div class=\"fct-arrow-border\"><\/div>\t\t\n\t<\/div>\n\t<div class=\"fct-main\">\n\t\t<div class=\"fct-header\">\n\t\t\t<div class=\"fc-close-tooltip\"><a title=\"Close\" href=\"javascript:void(0);\"><\/a><\/div>\n\t\t\t<div class=\"fc-title\"><\/div>\n\t\t<\/div>\n\t\t<div class=\"fct-body\">\n\t\t\t<div class=\"fct-dbox\">\n\t\t\t\t<div class=\"fc-term-venue-gaddress fc-term-venue-gaddress\"><label>Address<\/label><\/div>\n\t\t\t\t<div class=\"fc-start\"><label class=\"tooltip-fc-start\">Start<\/label><\/div>\n\t\t\t\t<div class=\"fc-end\"><label class=\"tooltip-fc-end\">End<\/label><\/div>\n\t\t\t\t<div class=\"fc-hide fc-tax-venue\"><label class=\"tax-label\"><\/label><\/div>\t\t\t\n\t\t\t<\/div>\n\t\t\t<div class=\"fc-description\"><\/div>\n\t\t<\/div>\n\t\t<div class=\"fct-footer\">\n\t\t\t<div class=\"fc-social\"><\/div>\n           <div class=\"fc-image\"><\/div>\n\t\t<\/div>\t\n\t<\/div>\n<\/div>\n<div style=\"display:none;\" class=\"event_list_template\"><div class=\"fc-event-list-container\">\n\t<!-- you can replace with custom content to be displayed before the items -->\n\t<div class=\"fc-event-list-holder\">\n\t\t<div class=\"fc-event-list-no-events fc-remove\"><div class=\"fc-no-list-events-message\"><\/div><\/div>\n\t\t<div class=\"fc-event-list-date fc-remove\"><h3 class=\"fc-event-list-date-header\"><\/h3><\/div>\n\t\t<div class=\"fc-event-list-item fc-remove\">\n\t\t\t<div class=\"fc-event-list-content\">\n\t\t\t\t<h4><a class=\"fc-event-link fc-event-list-title\" href=\"{link}\" target=\"_BLANK\">{title}<\/a><\/h4>\n\n\t\t\t\t<div class=\"rhc fe-extrainfo-container elist-dbox fe-have-image-1\" >\n\t\t\t\t\t<div class=\"fe-extrainfo-container2 row-fluid\">\n\t\t\t\t\t\t<div class=\"fe-extrainfo-holder fe-extrainfo-col2 span8\">\n\t\t\t\t\t\t\t<div class=\"row-fluid\">\n\t\t\t\t\t\t\t\t<div class=\"span12 fe-cell-label dbox-title rhc-info-cell fe-cell-label\">\n\t\t\t\t\t\t\t\t\t<label class=\"fe-extrainfo-label\">Event details<\/label>\n\t\t\t\t\t\t\t\t<\/div>\n\t\t\t\t\t\t\t<\/div>\n\t\t\t\t\t\t\t\n\t\t\t\t\t\t\t<div class=\"row-fluid\">\n\t\t\t\t\t\t\t\t<div class=\"span6 fe-maincol fe-maincol-0\">\n\t\t\t\t\t\t\t\t\t<div class=\"rhc-info-cell\">\n\t\t\t\t\t\t\t\t\t\t<label class=\"fe-extrainfo-label\">Start<\/label>\n\t\t\t\t\t\t\t\t\t\t<span class=\"fe-extrainfo-value fc-start\">{fc-start}<\/span>&nbsp;\n\t\t\t\t\t\t\t\t\t\t<span class=\"fe-extrainfo-value fc-time\"><\/span>\n\t\t\t\t\t\t\t\t\t<\/div>\t\n\t\t\t\t\t\t\t\t\t\n\t\t\t\t\t\t\t\t\t<div class=\"rhc-info-cell\">\n\t\t\t\t\t\t\t\t\t\t<label class=\"fe-extrainfo-label\">End<\/label>\n\t\t\t\t\t\t\t\t\t\t<span class=\"fe-extrainfo-value fc-end\">{fc-end}<\/span>&nbsp;\n\t\t\t\t\t\t\t\t\t\t<span class=\"fe-extrainfo-value fc-end-time\"><\/span>\n\t\t\t\t\t\t\t\t\t<\/div>\t\n\t\t\t\t\t\t\t\t\t\n\t\t\t\t\t\t\t\t\t<div class=\"rhc-info-cell\">\n\t\t\t\t\t\t\t\t\t\t<label class=\"fe-extrainfo-label\">Address<\/label>\n\t\t\t\t\t\t\t\t\t\t<span class=\"fe-extrainfo-value fc-event-term taxonomy-venue-gaddress\"><\/span>\n\t\t\t\t\t\t\t\t\t<\/div>\t\n\t\t\t\t\t\t\t\t<\/div>\n\t\t\t\t\t\t\t\t<div class=\"span6 fe-maincol fe-maincol-1\">\t\t\t\t\t\t\n\t\t\t\t\t\t\t\t\t<div class=\"rhc-info-cell\">\n\t\t\t\t\t\t\t\t\t\t<label class=\"fe-extrainfo-label\">Venue<\/label>\n\t\t\t\t\t\t\t\t\t\t<span class=\"fe-extrainfo-value fc-event-term taxonomy-venue\">{venue}<\/span>\n\t\t\t\t\t\t\t\t\t<\/div>\t\n\t\t\t\t\t\t\t\t\t<div class=\"rhc-info-cell\">\n\t\t\t\t\t\t\t\t\t\t<label class=\"fe-extrainfo-label\">Organizer<\/label>\n\t\t\t\t\t\t\t\t\t\t<span class=\"fe-extrainfo-value fc-event-term taxonomy-organizer\">{organizer}<\/span>\n\t\t\t\t\t\t\t\t\t<\/div>\t\n\t\t\t\t\t\t\t\t<\/div>\n\t\t\t\t\t\t\t<\/div>\n\t\t\t\n\t\t\t\t\t\t\t<div class=\"fc-event-list-description dbox-description\">{description}<\/div>\n\t\t\t\t\t\t\t\t\n\t\t\t\t\t\t<\/div>\n\t\t\t\t\t\t<div class=\"fe-image-holder span4\">\n\t\t\t\t\t\t\t<div class=\"fc-event-list-featured-image\">\n\t\t\t\t\t\t\t\t<a class=\"fc-event-link\" href=\"{link}\" target=\"_BLANK\"><img decoding=\"async\" class=\"fc-event-list-image\" src=\"\" \/><\/a>\n\t\t\t\t\t\t\t<\/div>\n\t\t\t\t\t\t<\/div>\n\t\t\t\t\t<\/div>\n\t\t\t\t<\/div>\t\t\t\t\n\n\t\t\t<\/div>\n\t\t\t<div class=\"fc-event-list-clear\"><\/div>\n\t\t\t\n\t\t<\/div>\n\t<\/div>\n<\/div><\/div>\n<div class=\"modal-window\" id=\"modal-window-13\" role=\"dialog\" aria-modal=\"true\"  aria-live=\"off\"><div class=\"modal-window__wrapper\"><div class=\"modal-window__content\"><div class=\"modal-window__content-wrapper\"><div class=\"modal-window__content-main\"><div class=\"modal-wtext\">\r\n<p>\u2022 Klik op 'FULLSCREEN' om filtermogelikheden <br \/>te krijgen<\/p>\r\n<p>\u2022 Klik op <strong>'ALL THE EVENTS'<\/strong> aan de rechterkant van het scherme om een lijst van alle evenementen te zien.<\/p>\r\n<p>\u2022 Je kan de volledig scherm modus verlaten door op 'EXIT FULLSCREEN' te klikken en terug te keren naar het hoofdmenu.<\/p><\/div><\/div><\/div><div class=\"modal-window__close\" tabindex=\"0\" role=\"button\" aria-label=\"X\">X<\/div><\/div><\/div><div class=\"modal-float-button is-inactive is-top wow-modal-id-13\">Meer uitleg &gt;&gt;<\/div><\/div>\n","protected":false},"excerpt":{"rendered":"","protected":false},"author":96,"featured_media":0,"parent":0,"menu_order":0,"comment_status":"closed","ping_status":"closed","template":"","meta":{"ocean_front_end_style_editor":"no","ocean_post_layout":"","ocean_both_sidebars_style":"","ocean_both_sidebars_content_width":0,"ocean_both_sidebars_sidebars_width":0,"ocean_sidebar":"","ocean_second_sidebar":"","ocean_disable_margins":"enable","ocean_add_body_class":"","ocean_shortcode_before_top_bar":"","ocean_shortcode_after_top_bar":"","ocean_shortcode_before_header":"","ocean_shortcode_after_header":"","ocean_has_shortcode":"","ocean_shortcode_after_title":"","ocean_shortcode_before_footer_widgets":"","ocean_shortcode_after_footer_widgets":"","ocean_shortcode_before_footer_bottom":"","ocean_shortcode_after_footer_bottom":"","ocean_display_top_bar":"default","ocean_display_header":"default","ocean_header_style":"","ocean_center_header_left_menu":"","ocean_custom_header_template":"","ocean_custom_logo":0,"ocean_custom_retina_logo":0,"ocean_custom_logo_max_width":0,"ocean_custom_logo_tablet_max_width":0,"ocean_custom_logo_mobile_max_width":0,"ocean_custom_logo_max_height":0,"ocean_custom_logo_tablet_max_height":0,"ocean_custom_logo_mobile_max_height":0,"ocean_header_custom_menu":"","ocean_menu_typo_font_family":"","ocean_menu_typo_font_subset":"","ocean_menu_typo_font_size":0,"ocean_menu_typo_font_size_tablet":0,"ocean_menu_typo_font_size_mobile":0,"ocean_menu_typo_font_size_unit":"px","ocean_menu_typo_font_weight":"","ocean_menu_typo_font_weight_tablet":"","ocean_menu_typo_font_weight_mobile":"","ocean_menu_typo_transform":"","ocean_menu_typo_transform_tablet":"","ocean_menu_typo_transform_mobile":"","ocean_menu_typo_line_height":0,"ocean_menu_typo_line_height_tablet":0,"ocean_menu_typo_line_height_mobile":0,"ocean_menu_typo_line_height_unit":"","ocean_menu_typo_spacing":0,"ocean_menu_typo_spacing_tablet":0,"ocean_menu_typo_spacing_mobile":0,"ocean_menu_typo_spacing_unit":"","ocean_menu_link_color":"","ocean_menu_link_color_hover":"","ocean_menu_link_color_active":"","ocean_menu_link_background":"","ocean_menu_link_hover_background":"","ocean_menu_link_active_background":"","ocean_menu_social_links_bg":"","ocean_menu_social_hover_links_bg":"","ocean_menu_social_links_color":"","ocean_menu_social_hover_links_color":"","ocean_disable_title":"default","ocean_disable_heading":"default","ocean_post_title":"","ocean_post_subheading":"","ocean_post_title_style":"","ocean_post_title_background_color":"","ocean_post_title_background":0,"ocean_post_title_bg_image_position":"","ocean_post_title_bg_image_attachment":"","ocean_post_title_bg_image_repeat":"","ocean_post_title_bg_image_size":"","ocean_post_title_height":0,"ocean_post_title_bg_overlay":0.5,"ocean_post_title_bg_overlay_color":"","ocean_disable_breadcrumbs":"default","ocean_breadcrumbs_color":"","ocean_breadcrumbs_separator_color":"","ocean_breadcrumbs_links_color":"","ocean_breadcrumbs_links_hover_color":"","ocean_display_footer_widgets":"default","ocean_display_footer_bottom":"default","ocean_custom_footer_template":"","footnotes":""},"imc_layers":[],"imc_icons":[],"class_list":["post-35991","page","type-page","status-publish","hentry","entry"],"translation":{"provider":"WPGlobus","version":"3.0.5","language":"nl","enabled_languages":["fr","nl"],"languages":{"fr":{"title":true,"content":true,"excerpt":false},"nl":{"title":true,"content":true,"excerpt":false}}},"imc_loc":"","imc_img_tag":null,"_links":{"self":[{"href":"https:\/\/biodanza.be\/nl\/wp-json\/wp\/v2\/pages\/35991","targetHints":{"allow":["GET"]}}],"collection":[{"href":"https:\/\/biodanza.be\/nl\/wp-json\/wp\/v2\/pages"}],"about":[{"href":"https:\/\/biodanza.be\/nl\/wp-json\/wp\/v2\/types\/page"}],"author":[{"embeddable":true,"href":"https:\/\/biodanza.be\/nl\/wp-json\/wp\/v2\/users\/96"}],"replies":[{"embeddable":true,"href":"https:\/\/biodanza.be\/nl\/wp-json\/wp\/v2\/comments?post=35991"}],"version-history":[{"count":51,"href":"https:\/\/biodanza.be\/nl\/wp-json\/wp\/v2\/pages\/35991\/revisions"}],"predecessor-version":[{"id":49747,"href":"https:\/\/biodanza.be\/nl\/wp-json\/wp\/v2\/pages\/35991\/revisions\/49747"}],"wp:attachment":[{"href":"https:\/\/biodanza.be\/nl\/wp-json\/wp\/v2\/media?parent=35991"}],"wp:term":[{"taxonomy":"imc-layer","embeddable":true,"href":"https:\/\/biodanza.be\/nl\/wp-json\/wp\/v2\/imc_layers?post=35991"},{"taxonomy":"imc-icon","embeddable":true,"href":"https:\/\/biodanza.be\/nl\/wp-json\/wp\/v2\/imc_icons?post=35991"}],"curies":[{"name":"wp","href":"https:\/\/api.w.org\/{rel}","templated":true}]}}